{"id":10581,"date":"2024-07-09T13:44:18","date_gmt":"2024-07-09T12:44:18","guid":{"rendered":"https:\/\/ewb.lu\/?post_type=event&#038;p=10581"},"modified":"2024-11-21T10:51:00","modified_gmt":"2024-11-21T09:51:00","slug":"dem-kleeschen-saein-iesel-um-bauerenhaff","status":"publish","type":"event","link":"https:\/\/ewb.lu\/en\/event\/dem-kleeschen-saein-iesel-um-bauerenhaff\/","title":{"rendered":"Ausgebucht! Dem Kleeschen s\u00e4in Iesel um Bauerenhaff (1)"},"content":{"rendered":"<section class=\"wpb-content-wrapper\"><p>[vc_row][vc_column][vc_column_text]<\/p>\n<h3><span style=\"color: #f47f57;\"><b>Eng Liesung mat an iwwert dem Kleeschen s\u00e4in Iesel fir Familljen<\/b><\/span><\/h3>\n<div>\n<div>\n<p><span lang=\"DE-CH\">De Kleeserchersdag kennt \u00ebmmer m\u00e9i no. D\u2019Kaddoe gi verpak an de Schlitt prett gemaach. Do d\u00e4erf dat wichtegst D\u00e9ier vun allen natierlech net feelen: Den Iesel!<\/span><\/p>\n<\/div>\n<div>\n<p><span lang=\"DE-CH\"><a href=\"https:\/\/www.facebook.com\/100070399027103\/photos\/?_rdr\">Beim Paco am Haff<\/a> treffe mir awer net n\u00ebmmen op dem Kleeschen s\u00e4in Iesel mee nach op sou munch aner D\u00e9ieren, d\u00e9i w\u00e4rend der Liesung fr\u00e4i \u00ebm eis ronder\u00ebm lafen.<\/span><\/p>\n<\/div>\n<div>\n<p><span lang=\"DE-CH\">Zwou Geschichte mat interaktiven Elementer ginn erzielt. A fir dass et net ze kal g\u00ebtt, g\u00ebtt sech duerno mat engem Schocki gewiermt. Een Event fir d\u00e9i ganz Famille, bei dem ee vill W\u00ebssensw\u00e4ertes iwwert den Iesel a Co gewuer g\u00ebtt.\u00a0<\/span><\/p>\n<\/div>\n<div>\n<p><span lang=\"DE-CH\">Loscht kritt?\u00a0Da kommt a schnuckeleger Kleedung an d\u2019Scheier a loosst iech vun der\u00a0Niklosst\u00ebmmung\u00a0matrappen.<\/span><\/p>\n<\/div>\n<p>&nbsp;<\/p>\n<\/div>\n<p>[\/vc_column_text][\/vc_column][\/vc_row][vc_row][vc_column][vc_separator][\/vc_column][\/vc_row][vc_row][vc_column][vc_column_text]<span style=\"color: #72005f;\">D\u00ebs Aktivit\u00e9it f\u00ebnnt de selweschten Dag nach eng K\u00e9ier vu 15.15 bis 16.15 Auer statt. <a href=\"https:\/\/ewb.lu\/event\/dem-kleeschen-saein-iesel-um-bauerenhaff-2\/\">M\u00e9i dozou &#8230;<\/a><\/span>[\/vc_column_text][\/vc_column][\/vc_row][vc_row][vc_column][vc_separator][\/vc_column][\/vc_row][vc_row][vc_column][vc_column_text]<\/p>\n<p style=\"text-align: right;\"><em>Foto \u00a9 Martine Canniv\u00e9<\/em><\/p>\n<p>[\/vc_column_text][\/vc_column][\/vc_row][vc_row][vc_column][vc_message message_box_color=&#8221;purple&#8221;]D\u00ebs Veranstaltung ass ausgebucht[\/vc_message][\/vc_column][\/vc_row]<\/p>\n<\/section>","protected":false},"excerpt":{"rendered":"<p>Eng Liesung mat an iwwert dem Kleeschen s\u00e4in Iesel fir Familljen<\/p>\n","protected":false},"featured_media":10582,"template":"","program":[36,79,72,39],"class_list":["post-10581","event","type-event","status-publish","has-post-thumbnail","hentry","program-growing-together","program-immaterielles-kulturerbe","program-literatur-und-film","program-religioeses-erbe"],"acf":[],"yoast_head":"<!-- This site is optimized with the Yoast SEO plugin v27.1.1 - https:\/\/yoast.com\/product\/yoast-seo-wordpress\/ -->\n<title>Ausgebucht! Dem Kleeschen s\u00e4in Iesel um Bauerenhaff (1) - EWB<\/title>\n<meta name=\"robots\" content=\"index, follow, max-snippet:-1, max-image-preview:large, max-video-preview:-1\" \/>\n<link rel=\"canonical\" href=\"https:\/\/ewb.lu\/en\/event\/dem-kleeschen-saein-iesel-um-bauerenhaff\/\" \/>\n<meta property=\"og:locale\" content=\"en_US\" \/>\n<meta property=\"og:type\" content=\"article\" \/>\n<meta property=\"og:title\" content=\"Ausgebucht! Dem Kleeschen s\u00e4in Iesel um Bauerenhaff (1) - EWB\" \/>\n<meta property=\"og:description\" content=\"Eng Liesung mat an iwwert dem Kleeschen s\u00e4in Iesel fir Familljen\" \/>\n<meta property=\"og:url\" content=\"https:\/\/ewb.lu\/en\/event\/dem-kleeschen-saein-iesel-um-bauerenhaff\/\" \/>\n<meta property=\"og:site_name\" content=\"EWB\" \/>\n<meta property=\"article:publisher\" content=\"https:\/\/www.facebook.com\/ErwuesseBild\/\" \/>\n<meta property=\"article:modified_time\" content=\"2024-11-21T09:51:00+00:00\" \/>\n<meta property=\"og:image\" content=\"https:\/\/ewb.lu\/wp-content\/uploads\/2024\/07\/Unknown.jpeg\" \/>\n\t<meta property=\"og:image:width\" content=\"931\" \/>\n\t<meta property=\"og:image:height\" content=\"923\" \/>\n\t<meta property=\"og:image:type\" content=\"image\/jpeg\" \/>\n<meta name=\"twitter:card\" content=\"summary_large_image\" \/>\n<meta name=\"twitter:label1\" content=\"Est. reading time\" \/>\n\t<meta name=\"twitter:data1\" content=\"2 minutes\" \/>\n<script type=\"application\/ld+json\" class=\"yoast-schema-graph\">{\"@context\":\"https:\/\/schema.org\",\"@graph\":[{\"@type\":\"WebPage\",\"@id\":\"https:\/\/ewb.lu\/en\/event\/dem-kleeschen-saein-iesel-um-bauerenhaff\/\",\"url\":\"https:\/\/ewb.lu\/en\/event\/dem-kleeschen-saein-iesel-um-bauerenhaff\/\",\"name\":\"Ausgebucht! Dem Kleeschen s\u00e4in Iesel um Bauerenhaff (1) - EWB\",\"isPartOf\":{\"@id\":\"https:\/\/ewb.lu\/en\/#website\"},\"primaryImageOfPage\":{\"@id\":\"https:\/\/ewb.lu\/en\/event\/dem-kleeschen-saein-iesel-um-bauerenhaff\/#primaryimage\"},\"image\":{\"@id\":\"https:\/\/ewb.lu\/en\/event\/dem-kleeschen-saein-iesel-um-bauerenhaff\/#primaryimage\"},\"thumbnailUrl\":\"https:\/\/ewb.lu\/wp-content\/uploads\/2024\/07\/Unknown.jpeg\",\"datePublished\":\"2024-07-09T12:44:18+00:00\",\"dateModified\":\"2024-11-21T09:51:00+00:00\",\"breadcrumb\":{\"@id\":\"https:\/\/ewb.lu\/en\/event\/dem-kleeschen-saein-iesel-um-bauerenhaff\/#breadcrumb\"},\"inLanguage\":\"en-US\",\"potentialAction\":[{\"@type\":\"ReadAction\",\"target\":[\"https:\/\/ewb.lu\/en\/event\/dem-kleeschen-saein-iesel-um-bauerenhaff\/\"]}]},{\"@type\":\"ImageObject\",\"inLanguage\":\"en-US\",\"@id\":\"https:\/\/ewb.lu\/en\/event\/dem-kleeschen-saein-iesel-um-bauerenhaff\/#primaryimage\",\"url\":\"https:\/\/ewb.lu\/wp-content\/uploads\/2024\/07\/Unknown.jpeg\",\"contentUrl\":\"https:\/\/ewb.lu\/wp-content\/uploads\/2024\/07\/Unknown.jpeg\",\"width\":931,\"height\":923},{\"@type\":\"BreadcrumbList\",\"@id\":\"https:\/\/ewb.lu\/en\/event\/dem-kleeschen-saein-iesel-um-bauerenhaff\/#breadcrumb\",\"itemListElement\":[{\"@type\":\"ListItem\",\"position\":1,\"name\":\"Startseite\",\"item\":\"https:\/\/ewb.lu\/en\/\"},{\"@type\":\"ListItem\",\"position\":2,\"name\":\"Ausgebucht! Dem Kleeschen s\u00e4in Iesel um Bauerenhaff (1)\"}]},{\"@type\":\"WebSite\",\"@id\":\"https:\/\/ewb.lu\/en\/#website\",\"url\":\"https:\/\/ewb.lu\/en\/\",\"name\":\"EwB ErwuesseBildung\",\"description\":\"ErwuesseBildung\",\"publisher\":{\"@id\":\"https:\/\/ewb.lu\/en\/#organization\"},\"alternateName\":\"EWB\",\"potentialAction\":[{\"@type\":\"SearchAction\",\"target\":{\"@type\":\"EntryPoint\",\"urlTemplate\":\"https:\/\/ewb.lu\/en\/?s={search_term_string}\"},\"query-input\":{\"@type\":\"PropertyValueSpecification\",\"valueRequired\":true,\"valueName\":\"search_term_string\"}}],\"inLanguage\":\"en-US\"},{\"@type\":\"Organization\",\"@id\":\"https:\/\/ewb.lu\/en\/#organization\",\"name\":\"ErwuesseBildung Asbl\",\"alternateName\":\"EWB\",\"url\":\"https:\/\/ewb.lu\/en\/\",\"logo\":{\"@type\":\"ImageObject\",\"inLanguage\":\"en-US\",\"@id\":\"https:\/\/ewb.lu\/en\/#\/schema\/logo\/image\/\",\"url\":\"https:\/\/ewb.lu\/wp-content\/uploads\/2022\/11\/ewb-logo-header.svg\",\"contentUrl\":\"https:\/\/ewb.lu\/wp-content\/uploads\/2022\/11\/ewb-logo-header.svg\",\"width\":301,\"height\":38,\"caption\":\"ErwuesseBildung Asbl\"},\"image\":{\"@id\":\"https:\/\/ewb.lu\/en\/#\/schema\/logo\/image\/\"},\"sameAs\":[\"https:\/\/www.facebook.com\/ErwuesseBild\/\",\"https:\/\/lu.linkedin.com\/company\/erwuessebildung---formation-dadultes\",\"https:\/\/www.instagram.com\/erwuessebildung_asbl\/\"]}]}<\/script>\n<!-- \/ Yoast SEO plugin. -->","yoast_head_json":{"title":"Ausgebucht! Dem Kleeschen s\u00e4in Iesel um Bauerenhaff (1) - EWB","robots":{"index":"index","follow":"follow","max-snippet":"max-snippet:-1","max-image-preview":"max-image-preview:large","max-video-preview":"max-video-preview:-1"},"canonical":"https:\/\/ewb.lu\/en\/event\/dem-kleeschen-saein-iesel-um-bauerenhaff\/","og_locale":"en_US","og_type":"article","og_title":"Ausgebucht! Dem Kleeschen s\u00e4in Iesel um Bauerenhaff (1) - EWB","og_description":"Eng Liesung mat an iwwert dem Kleeschen s\u00e4in Iesel fir Familljen","og_url":"https:\/\/ewb.lu\/en\/event\/dem-kleeschen-saein-iesel-um-bauerenhaff\/","og_site_name":"EWB","article_publisher":"https:\/\/www.facebook.com\/ErwuesseBild\/","article_modified_time":"2024-11-21T09:51:00+00:00","og_image":[{"width":931,"height":923,"url":"https:\/\/ewb.lu\/wp-content\/uploads\/2024\/07\/Unknown.jpeg","type":"image\/jpeg"}],"twitter_card":"summary_large_image","twitter_misc":{"Est. reading time":"2 minutes"},"schema":{"@context":"https:\/\/schema.org","@graph":[{"@type":"WebPage","@id":"https:\/\/ewb.lu\/en\/event\/dem-kleeschen-saein-iesel-um-bauerenhaff\/","url":"https:\/\/ewb.lu\/en\/event\/dem-kleeschen-saein-iesel-um-bauerenhaff\/","name":"Ausgebucht! Dem Kleeschen s\u00e4in Iesel um Bauerenhaff (1) - EWB","isPartOf":{"@id":"https:\/\/ewb.lu\/en\/#website"},"primaryImageOfPage":{"@id":"https:\/\/ewb.lu\/en\/event\/dem-kleeschen-saein-iesel-um-bauerenhaff\/#primaryimage"},"image":{"@id":"https:\/\/ewb.lu\/en\/event\/dem-kleeschen-saein-iesel-um-bauerenhaff\/#primaryimage"},"thumbnailUrl":"https:\/\/ewb.lu\/wp-content\/uploads\/2024\/07\/Unknown.jpeg","datePublished":"2024-07-09T12:44:18+00:00","dateModified":"2024-11-21T09:51:00+00:00","breadcrumb":{"@id":"https:\/\/ewb.lu\/en\/event\/dem-kleeschen-saein-iesel-um-bauerenhaff\/#breadcrumb"},"inLanguage":"en-US","potentialAction":[{"@type":"ReadAction","target":["https:\/\/ewb.lu\/en\/event\/dem-kleeschen-saein-iesel-um-bauerenhaff\/"]}]},{"@type":"ImageObject","inLanguage":"en-US","@id":"https:\/\/ewb.lu\/en\/event\/dem-kleeschen-saein-iesel-um-bauerenhaff\/#primaryimage","url":"https:\/\/ewb.lu\/wp-content\/uploads\/2024\/07\/Unknown.jpeg","contentUrl":"https:\/\/ewb.lu\/wp-content\/uploads\/2024\/07\/Unknown.jpeg","width":931,"height":923},{"@type":"BreadcrumbList","@id":"https:\/\/ewb.lu\/en\/event\/dem-kleeschen-saein-iesel-um-bauerenhaff\/#breadcrumb","itemListElement":[{"@type":"ListItem","position":1,"name":"Startseite","item":"https:\/\/ewb.lu\/en\/"},{"@type":"ListItem","position":2,"name":"Ausgebucht! Dem Kleeschen s\u00e4in Iesel um Bauerenhaff (1)"}]},{"@type":"WebSite","@id":"https:\/\/ewb.lu\/en\/#website","url":"https:\/\/ewb.lu\/en\/","name":"EwB ErwuesseBildung","description":"ErwuesseBildung","publisher":{"@id":"https:\/\/ewb.lu\/en\/#organization"},"alternateName":"EWB","potentialAction":[{"@type":"SearchAction","target":{"@type":"EntryPoint","urlTemplate":"https:\/\/ewb.lu\/en\/?s={search_term_string}"},"query-input":{"@type":"PropertyValueSpecification","valueRequired":true,"valueName":"search_term_string"}}],"inLanguage":"en-US"},{"@type":"Organization","@id":"https:\/\/ewb.lu\/en\/#organization","name":"ErwuesseBildung Asbl","alternateName":"EWB","url":"https:\/\/ewb.lu\/en\/","logo":{"@type":"ImageObject","inLanguage":"en-US","@id":"https:\/\/ewb.lu\/en\/#\/schema\/logo\/image\/","url":"https:\/\/ewb.lu\/wp-content\/uploads\/2022\/11\/ewb-logo-header.svg","contentUrl":"https:\/\/ewb.lu\/wp-content\/uploads\/2022\/11\/ewb-logo-header.svg","width":301,"height":38,"caption":"ErwuesseBildung Asbl"},"image":{"@id":"https:\/\/ewb.lu\/en\/#\/schema\/logo\/image\/"},"sameAs":["https:\/\/www.facebook.com\/ErwuesseBild\/","https:\/\/lu.linkedin.com\/company\/erwuessebildung---formation-dadultes","https:\/\/www.instagram.com\/erwuessebildung_asbl\/"]}]}},"_links":{"self":[{"href":"https:\/\/ewb.lu\/en\/wp-json\/wp\/v2\/event\/10581","targetHints":{"allow":["GET"]}}],"collection":[{"href":"https:\/\/ewb.lu\/en\/wp-json\/wp\/v2\/event"}],"about":[{"href":"https:\/\/ewb.lu\/en\/wp-json\/wp\/v2\/types\/event"}],"version-history":[{"count":7,"href":"https:\/\/ewb.lu\/en\/wp-json\/wp\/v2\/event\/10581\/revisions"}],"predecessor-version":[{"id":13000,"href":"https:\/\/ewb.lu\/en\/wp-json\/wp\/v2\/event\/10581\/revisions\/13000"}],"wp:featuredmedia":[{"embeddable":true,"href":"https:\/\/ewb.lu\/en\/wp-json\/wp\/v2\/media\/10582"}],"wp:attachment":[{"href":"https:\/\/ewb.lu\/en\/wp-json\/wp\/v2\/media?parent=10581"}],"wp:term":[{"taxonomy":"program","embeddable":true,"href":"https:\/\/ewb.lu\/en\/wp-json\/wp\/v2\/program?post=10581"}],"curies":[{"name":"wp","href":"https:\/\/api.w.org\/{rel}","templated":true}]}}