{"id":11099,"date":"2024-08-01T08:05:13","date_gmt":"2024-08-01T07:05:13","guid":{"rendered":"https:\/\/ewb.lu\/?post_type=event&#038;p=11099"},"modified":"2025-12-04T17:28:36","modified_gmt":"2025-12-04T16:28:36","slug":"wessen-prophet-ist-die-kuenstliche-intelligenz","status":"publish","type":"event","link":"https:\/\/ewb.lu\/en\/event\/wessen-prophet-ist-die-kuenstliche-intelligenz\/","title":{"rendered":"Wessen Prophet ist die K\u00fcnstliche Intelligenz?"},"content":{"rendered":"<section class=\"wpb-content-wrapper\"><p>[vc_row][vc_column][vc_column_text]<\/p>\n<h3 style=\"font-weight: 400;\"><span style=\"color: #f47f57;\"><strong>Ein Gespr\u00e4chsabend mit Dr. Erny Gillen, Dr. Robert Koenig und Dr. Nora Schleich<\/strong><\/span><\/h3>\n<p style=\"font-weight: 400;\">Ein Prophet ist jemand, der sich von Gott berufen f\u00fchlt, Wahrheit und Weisheit, Mahnung und Zukunft zu verk\u00fcnden, und von anderen als religi\u00f6se Autorit\u00e4t anerkannt wird. Wenn es sich bei den Propheten aus den Heiligen Schriften noch um Personen handelt, die Stimmen des Himmels weitersagen, so scheinen sie sich im Zeitalter der K.I. aus den unsichtbaren Sph\u00e4ren des G\u00f6ttlichen in jene des Rechnens bewegt zu haben: <strong>Um die K\u00fcnstliche Intelligenz spinnen sich nahezu mythologisch angehauchte Narrative, die den Menschen auf vielleicht noch nie dagewesene Weise zur Reflexion seiner Selbst und seinen Welten bringen.<\/strong> Sind K.I. Modelle unsere neuen Propheten? Wessen Interessen und M\u00e4chten dienen die Modelle, deren Priester und Gemeinden? Wie ver\u00e4ndert der KI-Kult unser Verstehen und Handeln, unsere Naturen, Intelligenzen sowie unsere sogenannte Vernunft?<\/p>\n<p style=\"font-weight: 400;\"><strong>K.I. Modelle k\u00f6nnen tats\u00e4chlich ganz andere Sph\u00e4ren des Weltverst\u00e4ndnisses er\u00f6ffnen.<\/strong> Es gibt Prozesse, die biologische Vorg\u00e4nge detailliert analysieren und beobachtbar machen k\u00f6nnen\u2013 und in einem n\u00e4chsten Schritt vielleicht gestaltbarer? <strong>In diesem Licht bekommt \u00abSch\u00f6pferisch Sein\u00bb eine ganz andere Perspektive.<\/strong> Mit G\u00fcnther Anders, dem deutsch-\u00f6sterreichischen Philosophen, gesprochen, schwanken wir Menschen angesichts der Performanz dieser Systeme und ihrer Einbindung in unsere allt\u00e4gliche Lebenswelt zwischen prometheischem Stolz und prometheischer Scham.<\/p>\n<p style=\"font-weight: 400;\">Gemeinsam diskutieren wir am 15.11. zun\u00e4chst die Grundlagen: Was sind \u00fcberhaupt KI und Intelligenz? Die Reflexion f\u00fchrt uns weiter: Was sagen die prophetischen Stimmen zwischen Weltuntergangsszenarien und neuen Sch\u00f6pfungsmythen \u00fcber sich, uns und die Zukunft?\u00a0 Welche ethischen Implikationen hat dies f\u00fcr die Menschen, unseren Umgang mit uns selbst und der Natur? M\u00fcssen wir vielleicht noch einmal dar\u00fcber nachdenken, wie wir die Freiheit der Gedanken und Interpretationen, der Handlungen verstehen?<\/p>\n<p>[\/vc_column_text][vc_text_separator title=&#8221;Es diskutieren zusammen:&#8221; color=&#8221;orange&#8221;][vc_column_text]<\/p>\n<p style=\"font-weight: 400;\">Dr. Erny Gillen (Ethiker und Theologe), Dr. Robert Koenig (Wien, Philosoph und Theologe) und Dr. Nora Schleich (Philosophin und Programmkoordinatorin der EwB).<\/p>\n<p style=\"font-weight: 400;\">Nach der Diskussion ist Zeit f\u00fcr Reflexionen und Fragen aus dem Publikum vorgesehen.<\/p>\n<p>[\/vc_column_text][vc_separator][\/vc_column][\/vc_row][vc_row][vc_column width=&#8221;2\/3&#8243;][vc_column_text]In Kooperation mit dem <a href=\"https:\/\/www.cfd.lu\">Centre de Formation Dioc\u00e9sain Jean XXIII<\/a>.[\/vc_column_text][\/vc_column][vc_column width=&#8221;1\/3&#8243;][vc_single_image image=&#8221;2242&#8243; img_size=&#8221;full&#8221;][\/vc_column][\/vc_row]<\/p>\n<\/section>","protected":false},"excerpt":{"rendered":"<p>Ein Gespr\u00e4chsabend mit Dr. Erny Gillen, Dr. Robert Koenig und Dr. Nora Schleich<\/p>\n","protected":false},"featured_media":11100,"template":"","program":[112,82,70,39],"class_list":["post-11099","event","type-event","status-publish","has-post-thumbnail","hentry","program-gesellschaft-heute-2","program-interreligioes","program-philosophie-soziologie","program-religioeses-erbe"],"acf":[],"yoast_head":"<!-- This site is optimized with the Yoast SEO plugin v27.1.1 - https:\/\/yoast.com\/product\/yoast-seo-wordpress\/ -->\n<title>Wessen Prophet ist die K\u00fcnstliche Intelligenz? - EWB<\/title>\n<meta name=\"robots\" content=\"index, follow, max-snippet:-1, max-image-preview:large, max-video-preview:-1\" \/>\n<link rel=\"canonical\" href=\"https:\/\/ewb.lu\/en\/event\/wessen-prophet-ist-die-kuenstliche-intelligenz\/\" \/>\n<meta property=\"og:locale\" content=\"en_US\" \/>\n<meta property=\"og:type\" content=\"article\" \/>\n<meta property=\"og:title\" content=\"Wessen Prophet ist die K\u00fcnstliche Intelligenz? - EWB\" \/>\n<meta property=\"og:description\" content=\"Ein Gespr\u00e4chsabend mit Dr. Erny Gillen, Dr. Robert Koenig und Dr. Nora Schleich\" \/>\n<meta property=\"og:url\" content=\"https:\/\/ewb.lu\/en\/event\/wessen-prophet-ist-die-kuenstliche-intelligenz\/\" \/>\n<meta property=\"og:site_name\" content=\"EWB\" \/>\n<meta property=\"article:publisher\" content=\"https:\/\/www.facebook.com\/ErwuesseBild\/\" \/>\n<meta property=\"article:modified_time\" content=\"2025-12-04T16:28:36+00:00\" \/>\n<meta property=\"og:image\" content=\"https:\/\/ewb.lu\/wp-content\/uploads\/2024\/08\/alex-wong-l5Tzv1alcps-unsplash-scaled.jpg\" \/>\n\t<meta property=\"og:image:width\" content=\"2560\" \/>\n\t<meta property=\"og:image:height\" content=\"1707\" \/>\n\t<meta property=\"og:image:type\" content=\"image\/jpeg\" \/>\n<meta name=\"twitter:card\" content=\"summary_large_image\" \/>\n<meta name=\"twitter:label1\" content=\"Est. reading time\" \/>\n\t<meta name=\"twitter:data1\" content=\"3 minutes\" \/>\n<script type=\"application\/ld+json\" class=\"yoast-schema-graph\">{\"@context\":\"https:\/\/schema.org\",\"@graph\":[{\"@type\":\"WebPage\",\"@id\":\"https:\/\/ewb.lu\/en\/event\/wessen-prophet-ist-die-kuenstliche-intelligenz\/\",\"url\":\"https:\/\/ewb.lu\/en\/event\/wessen-prophet-ist-die-kuenstliche-intelligenz\/\",\"name\":\"Wessen Prophet ist die K\u00fcnstliche Intelligenz? - EWB\",\"isPartOf\":{\"@id\":\"https:\/\/ewb.lu\/en\/#website\"},\"primaryImageOfPage\":{\"@id\":\"https:\/\/ewb.lu\/en\/event\/wessen-prophet-ist-die-kuenstliche-intelligenz\/#primaryimage\"},\"image\":{\"@id\":\"https:\/\/ewb.lu\/en\/event\/wessen-prophet-ist-die-kuenstliche-intelligenz\/#primaryimage\"},\"thumbnailUrl\":\"https:\/\/ewb.lu\/wp-content\/uploads\/2024\/08\/alex-wong-l5Tzv1alcps-unsplash-scaled.jpg\",\"datePublished\":\"2024-08-01T07:05:13+00:00\",\"dateModified\":\"2025-12-04T16:28:36+00:00\",\"breadcrumb\":{\"@id\":\"https:\/\/ewb.lu\/en\/event\/wessen-prophet-ist-die-kuenstliche-intelligenz\/#breadcrumb\"},\"inLanguage\":\"en-US\",\"potentialAction\":[{\"@type\":\"ReadAction\",\"target\":[\"https:\/\/ewb.lu\/en\/event\/wessen-prophet-ist-die-kuenstliche-intelligenz\/\"]}]},{\"@type\":\"ImageObject\",\"inLanguage\":\"en-US\",\"@id\":\"https:\/\/ewb.lu\/en\/event\/wessen-prophet-ist-die-kuenstliche-intelligenz\/#primaryimage\",\"url\":\"https:\/\/ewb.lu\/wp-content\/uploads\/2024\/08\/alex-wong-l5Tzv1alcps-unsplash-scaled.jpg\",\"contentUrl\":\"https:\/\/ewb.lu\/wp-content\/uploads\/2024\/08\/alex-wong-l5Tzv1alcps-unsplash-scaled.jpg\",\"width\":2560,\"height\":1707},{\"@type\":\"BreadcrumbList\",\"@id\":\"https:\/\/ewb.lu\/en\/event\/wessen-prophet-ist-die-kuenstliche-intelligenz\/#breadcrumb\",\"itemListElement\":[{\"@type\":\"ListItem\",\"position\":1,\"name\":\"Startseite\",\"item\":\"https:\/\/ewb.lu\/en\/\"},{\"@type\":\"ListItem\",\"position\":2,\"name\":\"Wessen Prophet ist die K\u00fcnstliche Intelligenz?\"}]},{\"@type\":\"WebSite\",\"@id\":\"https:\/\/ewb.lu\/en\/#website\",\"url\":\"https:\/\/ewb.lu\/en\/\",\"name\":\"EwB ErwuesseBildung\",\"description\":\"ErwuesseBildung\",\"publisher\":{\"@id\":\"https:\/\/ewb.lu\/en\/#organization\"},\"alternateName\":\"EWB\",\"potentialAction\":[{\"@type\":\"SearchAction\",\"target\":{\"@type\":\"EntryPoint\",\"urlTemplate\":\"https:\/\/ewb.lu\/en\/?s={search_term_string}\"},\"query-input\":{\"@type\":\"PropertyValueSpecification\",\"valueRequired\":true,\"valueName\":\"search_term_string\"}}],\"inLanguage\":\"en-US\"},{\"@type\":\"Organization\",\"@id\":\"https:\/\/ewb.lu\/en\/#organization\",\"name\":\"ErwuesseBildung Asbl\",\"alternateName\":\"EWB\",\"url\":\"https:\/\/ewb.lu\/en\/\",\"logo\":{\"@type\":\"ImageObject\",\"inLanguage\":\"en-US\",\"@id\":\"https:\/\/ewb.lu\/en\/#\/schema\/logo\/image\/\",\"url\":\"https:\/\/ewb.lu\/wp-content\/uploads\/2022\/11\/ewb-logo-header.svg\",\"contentUrl\":\"https:\/\/ewb.lu\/wp-content\/uploads\/2022\/11\/ewb-logo-header.svg\",\"width\":301,\"height\":38,\"caption\":\"ErwuesseBildung Asbl\"},\"image\":{\"@id\":\"https:\/\/ewb.lu\/en\/#\/schema\/logo\/image\/\"},\"sameAs\":[\"https:\/\/www.facebook.com\/ErwuesseBild\/\",\"https:\/\/lu.linkedin.com\/company\/erwuessebildung---formation-dadultes\",\"https:\/\/www.instagram.com\/erwuessebildung_asbl\/\"]}]}<\/script>\n<!-- \/ Yoast SEO plugin. -->","yoast_head_json":{"title":"Wessen Prophet ist die K\u00fcnstliche Intelligenz? - EWB","robots":{"index":"index","follow":"follow","max-snippet":"max-snippet:-1","max-image-preview":"max-image-preview:large","max-video-preview":"max-video-preview:-1"},"canonical":"https:\/\/ewb.lu\/en\/event\/wessen-prophet-ist-die-kuenstliche-intelligenz\/","og_locale":"en_US","og_type":"article","og_title":"Wessen Prophet ist die K\u00fcnstliche Intelligenz? - EWB","og_description":"Ein Gespr\u00e4chsabend mit Dr. Erny Gillen, Dr. Robert Koenig und Dr. Nora Schleich","og_url":"https:\/\/ewb.lu\/en\/event\/wessen-prophet-ist-die-kuenstliche-intelligenz\/","og_site_name":"EWB","article_publisher":"https:\/\/www.facebook.com\/ErwuesseBild\/","article_modified_time":"2025-12-04T16:28:36+00:00","og_image":[{"width":2560,"height":1707,"url":"https:\/\/ewb.lu\/wp-content\/uploads\/2024\/08\/alex-wong-l5Tzv1alcps-unsplash-scaled.jpg","type":"image\/jpeg"}],"twitter_card":"summary_large_image","twitter_misc":{"Est. reading time":"3 minutes"},"schema":{"@context":"https:\/\/schema.org","@graph":[{"@type":"WebPage","@id":"https:\/\/ewb.lu\/en\/event\/wessen-prophet-ist-die-kuenstliche-intelligenz\/","url":"https:\/\/ewb.lu\/en\/event\/wessen-prophet-ist-die-kuenstliche-intelligenz\/","name":"Wessen Prophet ist die K\u00fcnstliche Intelligenz? - EWB","isPartOf":{"@id":"https:\/\/ewb.lu\/en\/#website"},"primaryImageOfPage":{"@id":"https:\/\/ewb.lu\/en\/event\/wessen-prophet-ist-die-kuenstliche-intelligenz\/#primaryimage"},"image":{"@id":"https:\/\/ewb.lu\/en\/event\/wessen-prophet-ist-die-kuenstliche-intelligenz\/#primaryimage"},"thumbnailUrl":"https:\/\/ewb.lu\/wp-content\/uploads\/2024\/08\/alex-wong-l5Tzv1alcps-unsplash-scaled.jpg","datePublished":"2024-08-01T07:05:13+00:00","dateModified":"2025-12-04T16:28:36+00:00","breadcrumb":{"@id":"https:\/\/ewb.lu\/en\/event\/wessen-prophet-ist-die-kuenstliche-intelligenz\/#breadcrumb"},"inLanguage":"en-US","potentialAction":[{"@type":"ReadAction","target":["https:\/\/ewb.lu\/en\/event\/wessen-prophet-ist-die-kuenstliche-intelligenz\/"]}]},{"@type":"ImageObject","inLanguage":"en-US","@id":"https:\/\/ewb.lu\/en\/event\/wessen-prophet-ist-die-kuenstliche-intelligenz\/#primaryimage","url":"https:\/\/ewb.lu\/wp-content\/uploads\/2024\/08\/alex-wong-l5Tzv1alcps-unsplash-scaled.jpg","contentUrl":"https:\/\/ewb.lu\/wp-content\/uploads\/2024\/08\/alex-wong-l5Tzv1alcps-unsplash-scaled.jpg","width":2560,"height":1707},{"@type":"BreadcrumbList","@id":"https:\/\/ewb.lu\/en\/event\/wessen-prophet-ist-die-kuenstliche-intelligenz\/#breadcrumb","itemListElement":[{"@type":"ListItem","position":1,"name":"Startseite","item":"https:\/\/ewb.lu\/en\/"},{"@type":"ListItem","position":2,"name":"Wessen Prophet ist die K\u00fcnstliche Intelligenz?"}]},{"@type":"WebSite","@id":"https:\/\/ewb.lu\/en\/#website","url":"https:\/\/ewb.lu\/en\/","name":"EwB ErwuesseBildung","description":"ErwuesseBildung","publisher":{"@id":"https:\/\/ewb.lu\/en\/#organization"},"alternateName":"EWB","potentialAction":[{"@type":"SearchAction","target":{"@type":"EntryPoint","urlTemplate":"https:\/\/ewb.lu\/en\/?s={search_term_string}"},"query-input":{"@type":"PropertyValueSpecification","valueRequired":true,"valueName":"search_term_string"}}],"inLanguage":"en-US"},{"@type":"Organization","@id":"https:\/\/ewb.lu\/en\/#organization","name":"ErwuesseBildung Asbl","alternateName":"EWB","url":"https:\/\/ewb.lu\/en\/","logo":{"@type":"ImageObject","inLanguage":"en-US","@id":"https:\/\/ewb.lu\/en\/#\/schema\/logo\/image\/","url":"https:\/\/ewb.lu\/wp-content\/uploads\/2022\/11\/ewb-logo-header.svg","contentUrl":"https:\/\/ewb.lu\/wp-content\/uploads\/2022\/11\/ewb-logo-header.svg","width":301,"height":38,"caption":"ErwuesseBildung Asbl"},"image":{"@id":"https:\/\/ewb.lu\/en\/#\/schema\/logo\/image\/"},"sameAs":["https:\/\/www.facebook.com\/ErwuesseBild\/","https:\/\/lu.linkedin.com\/company\/erwuessebildung---formation-dadultes","https:\/\/www.instagram.com\/erwuessebildung_asbl\/"]}]}},"_links":{"self":[{"href":"https:\/\/ewb.lu\/en\/wp-json\/wp\/v2\/event\/11099","targetHints":{"allow":["GET"]}}],"collection":[{"href":"https:\/\/ewb.lu\/en\/wp-json\/wp\/v2\/event"}],"about":[{"href":"https:\/\/ewb.lu\/en\/wp-json\/wp\/v2\/types\/event"}],"version-history":[{"count":4,"href":"https:\/\/ewb.lu\/en\/wp-json\/wp\/v2\/event\/11099\/revisions"}],"predecessor-version":[{"id":18645,"href":"https:\/\/ewb.lu\/en\/wp-json\/wp\/v2\/event\/11099\/revisions\/18645"}],"wp:featuredmedia":[{"embeddable":true,"href":"https:\/\/ewb.lu\/en\/wp-json\/wp\/v2\/media\/11100"}],"wp:attachment":[{"href":"https:\/\/ewb.lu\/en\/wp-json\/wp\/v2\/media?parent=11099"}],"wp:term":[{"taxonomy":"program","embeddable":true,"href":"https:\/\/ewb.lu\/en\/wp-json\/wp\/v2\/program?post=11099"}],"curies":[{"name":"wp","href":"https:\/\/api.w.org\/{rel}","templated":true}]}}