{"id":14883,"date":"2025-03-13T14:05:57","date_gmt":"2025-03-13T13:05:57","guid":{"rendered":"https:\/\/ewb.lu\/event\/workshop-fuer-familien-zenart-zeechnen\/"},"modified":"2025-07-21T12:31:15","modified_gmt":"2025-07-21T10:31:15","slug":"workshop-fuer-familien-zenart-zeechnen","status":"publish","type":"event","link":"https:\/\/ewb.lu\/en\/event\/workshop-fuer-familien-zenart-zeechnen\/","title":{"rendered":"ABGESAGT: ZenArt-Zeechnen"},"content":{"rendered":"<section class=\"wpb-content-wrapper\"><p>[vc_row][vc_column][vc_message]<\/p>\n<h4>Dieses Event wurde abgesagt!| This event has been cancelled! | Cet \u00e9v\u00e9nement a \u00e9t\u00e9 annul\u00e9 !<\/h4>\n<p>[\/vc_message][\/vc_column][\/vc_row][vc_row][vc_column][vc_text_separator title=&#8221;DE&#8221; title_align=&#8221;separator_align_left&#8221;][\/vc_column][\/vc_row][vc_row][vc_column][vc_column_text]<\/p>\n<p style=\"font-weight: 400;\">In unserer hektischen Zeit tut es gut, einen Gang zur\u00fcckzuschalten. In diesem <strong>Kreativ-Workshop<\/strong> f\u00fcr die ganze Familie (ab 8 Jahren) k\u00f6nnen Sie zur inneren Ruhe finden. In <strong>meditativer Atmosph\u00e4re<\/strong> werden Ihnen in diesem Zeichen-Workshop<strong> kreativ und ohne Druck entschleunigende Zeichenmethoden<\/strong> gezeigt, die Sie dann in Ihrem eigenen Tempo und Ihrer eigenen Kreativit\u00e4t umsetzen.<\/p>\n<p style=\"font-weight: 400;\">Vorkenntnisse im Zeichnen sind nicht erforderlich. Der Kurs findet in mehreren Sprachen gleichzeitig statt.<\/p>\n<p style=\"font-weight: 400;\">Wir stellen Ihnen das Material zur Verf\u00fcgung.<\/p>\n<p><em>Diese Veranstaltung findet im Rahmen von \u201cGrowing together\u201d statt. F\u00fcr mehr Infos und Veranstaltungen: <a href=\"\/?program=kind-eltern\">https:\/\/ewb.lu\/program\/kind-eltern\/<\/a><\/em>[\/vc_column_text][\/vc_column][\/vc_row][vc_row][vc_column][vc_text_separator title=&#8221;ENG&#8221; title_align=&#8221;separator_align_left&#8221;][\/vc_column][\/vc_row][vc_row][vc_column][vc_column_text]<\/p>\n<p style=\"font-weight: 400;\">In these hectic times, it&#8217;s good to take a step back. This <strong>creative workshop<\/strong> is open to the whole family (8+) and will hopefully give you some peaceful time. In a meditative atmosphere, this doodling workshop will show you <strong>relaxing drawing techniques that you can then apply at your own pace and level of creativity.<\/strong><\/p>\n<p style=\"font-weight: 400;\">No previous drawing experience is required. The course will be held in several languages simultaneously.<\/p>\n<p style=\"font-weight: 400;\">We will provide you with material.<\/p>\n<p><em>This event is part of the &#8220;Growing together&#8221; programme. For more information and events: <a href=\"\/?program=kind-eltern\">https:\/\/ewb.lu\/program\/kind-eltern\/<\/a><\/em>[\/vc_column_text][\/vc_column][\/vc_row][vc_row][vc_column][vc_text_separator title=&#8221;FR&#8221; title_align=&#8221;separator_align_left&#8221;][\/vc_column][\/vc_row][vc_row][vc_column][vc_column_text]<\/p>\n<p style=\"font-weight: 400;\">En ces temps agit\u00e9s, il est bon de prendre un peu de recul. Cet <strong>atelier cr\u00e9atif<\/strong> est ouvert \u00e0 toute la famille (8+) et vous permettra de vous ressourcer. <strong>Dans une atmosph\u00e8re m\u00e9ditative, cet atelier de dessin vous montrera des techniques cr\u00e9atives de dessin que vous pourrez ensuite appliquer \u00e0 votre rythme et \u00e0 votre niveau de cr\u00e9ativit\u00e9.<\/strong><\/p>\n<p style=\"font-weight: 400;\">Aucune exp\u00e9rience pr\u00e9alable en dessin n&#8217;est requise. Le cours se d\u00e9roulera simultan\u00e9ment en plusieurs langues.<\/p>\n<p>Ce<em>t \u00e9v\u00e9nement a lieu dans le cadre de &#8220;Growing together&#8221;. Pour plus d&#8217;informations et d&#8217;\u00e9v\u00e9nements : <a href=\"\/?program=kind-eltern\">https:\/\/ewb.lu\/program\/kind-eltern\/<\/a><\/em>[\/vc_column_text][\/vc_column][\/vc_row]<\/p>\n<\/section>","protected":false},"excerpt":{"rendered":"<p>In meditativer Atmosph\u00e4re erhalten Sie eine kleine Einf\u00fchrung ins Doodlen und Zeichnen und lassen Ihrer Kreativit\u00e4t freien Lauf<\/p>\n","protected":false},"featured_media":14115,"template":"","program":[101,98,99,205,100],"class_list":["post-14883","event","type-event","status-publish","has-post-thumbnail","hentry","program-art-music-and-movement","program-growing-together-en","program-literature-and-film","program-nature","program-new-media"],"acf":[],"yoast_head":"<!-- This site is optimized with the Yoast SEO plugin v27.1.1 - https:\/\/yoast.com\/product\/yoast-seo-wordpress\/ -->\n<title>ABGESAGT: ZenArt-Zeechnen - EWB<\/title>\n<meta name=\"robots\" content=\"index, follow, max-snippet:-1, max-image-preview:large, max-video-preview:-1\" \/>\n<link rel=\"canonical\" href=\"https:\/\/ewb.lu\/en\/event\/workshop-fuer-familien-zenart-zeechnen\/\" \/>\n<meta property=\"og:locale\" content=\"en_US\" \/>\n<meta property=\"og:type\" content=\"article\" \/>\n<meta property=\"og:title\" content=\"ABGESAGT: ZenArt-Zeechnen - EWB\" \/>\n<meta property=\"og:description\" content=\"In meditativer Atmosph\u00e4re erhalten Sie eine kleine Einf\u00fchrung ins Doodlen und Zeichnen und lassen Ihrer Kreativit\u00e4t freien Lauf\" \/>\n<meta property=\"og:url\" content=\"https:\/\/ewb.lu\/en\/event\/workshop-fuer-familien-zenart-zeechnen\/\" \/>\n<meta property=\"og:site_name\" content=\"EWB\" \/>\n<meta property=\"article:publisher\" content=\"https:\/\/www.facebook.com\/ErwuesseBild\/\" \/>\n<meta property=\"article:modified_time\" content=\"2025-07-21T10:31:15+00:00\" \/>\n<meta property=\"og:image\" content=\"https:\/\/ewb.lu\/wp-content\/uploads\/2025\/02\/Zenart-Zeichnen.jpg\" \/>\n\t<meta property=\"og:image:width\" content=\"1024\" \/>\n\t<meta property=\"og:image:height\" content=\"1024\" \/>\n\t<meta property=\"og:image:type\" content=\"image\/jpeg\" \/>\n<meta name=\"twitter:card\" content=\"summary_large_image\" \/>\n<meta name=\"twitter:label1\" content=\"Est. reading time\" \/>\n\t<meta name=\"twitter:data1\" content=\"2 minutes\" \/>\n<script type=\"application\/ld+json\" class=\"yoast-schema-graph\">{\"@context\":\"https:\/\/schema.org\",\"@graph\":[{\"@type\":\"WebPage\",\"@id\":\"https:\/\/ewb.lu\/en\/event\/workshop-fuer-familien-zenart-zeechnen\/\",\"url\":\"https:\/\/ewb.lu\/en\/event\/workshop-fuer-familien-zenart-zeechnen\/\",\"name\":\"ABGESAGT: ZenArt-Zeechnen - EWB\",\"isPartOf\":{\"@id\":\"https:\/\/ewb.lu\/en\/#website\"},\"primaryImageOfPage\":{\"@id\":\"https:\/\/ewb.lu\/en\/event\/workshop-fuer-familien-zenart-zeechnen\/#primaryimage\"},\"image\":{\"@id\":\"https:\/\/ewb.lu\/en\/event\/workshop-fuer-familien-zenart-zeechnen\/#primaryimage\"},\"thumbnailUrl\":\"https:\/\/ewb.lu\/wp-content\/uploads\/2025\/02\/Zenart-Zeichnen.jpg\",\"datePublished\":\"2025-03-13T13:05:57+00:00\",\"dateModified\":\"2025-07-21T10:31:15+00:00\",\"breadcrumb\":{\"@id\":\"https:\/\/ewb.lu\/en\/event\/workshop-fuer-familien-zenart-zeechnen\/#breadcrumb\"},\"inLanguage\":\"en-US\",\"potentialAction\":[{\"@type\":\"ReadAction\",\"target\":[\"https:\/\/ewb.lu\/en\/event\/workshop-fuer-familien-zenart-zeechnen\/\"]}]},{\"@type\":\"ImageObject\",\"inLanguage\":\"en-US\",\"@id\":\"https:\/\/ewb.lu\/en\/event\/workshop-fuer-familien-zenart-zeechnen\/#primaryimage\",\"url\":\"https:\/\/ewb.lu\/wp-content\/uploads\/2025\/02\/Zenart-Zeichnen.jpg\",\"contentUrl\":\"https:\/\/ewb.lu\/wp-content\/uploads\/2025\/02\/Zenart-Zeichnen.jpg\",\"width\":1024,\"height\":1024},{\"@type\":\"BreadcrumbList\",\"@id\":\"https:\/\/ewb.lu\/en\/event\/workshop-fuer-familien-zenart-zeechnen\/#breadcrumb\",\"itemListElement\":[{\"@type\":\"ListItem\",\"position\":1,\"name\":\"Startseite\",\"item\":\"https:\/\/ewb.lu\/en\/\"},{\"@type\":\"ListItem\",\"position\":2,\"name\":\"ABGESAGT: ZenArt-Zeechnen\"}]},{\"@type\":\"WebSite\",\"@id\":\"https:\/\/ewb.lu\/en\/#website\",\"url\":\"https:\/\/ewb.lu\/en\/\",\"name\":\"EwB ErwuesseBildung\",\"description\":\"ErwuesseBildung\",\"publisher\":{\"@id\":\"https:\/\/ewb.lu\/en\/#organization\"},\"alternateName\":\"EWB\",\"potentialAction\":[{\"@type\":\"SearchAction\",\"target\":{\"@type\":\"EntryPoint\",\"urlTemplate\":\"https:\/\/ewb.lu\/en\/?s={search_term_string}\"},\"query-input\":{\"@type\":\"PropertyValueSpecification\",\"valueRequired\":true,\"valueName\":\"search_term_string\"}}],\"inLanguage\":\"en-US\"},{\"@type\":\"Organization\",\"@id\":\"https:\/\/ewb.lu\/en\/#organization\",\"name\":\"ErwuesseBildung Asbl\",\"alternateName\":\"EWB\",\"url\":\"https:\/\/ewb.lu\/en\/\",\"logo\":{\"@type\":\"ImageObject\",\"inLanguage\":\"en-US\",\"@id\":\"https:\/\/ewb.lu\/en\/#\/schema\/logo\/image\/\",\"url\":\"https:\/\/ewb.lu\/wp-content\/uploads\/2022\/11\/ewb-logo-header.svg\",\"contentUrl\":\"https:\/\/ewb.lu\/wp-content\/uploads\/2022\/11\/ewb-logo-header.svg\",\"width\":301,\"height\":38,\"caption\":\"ErwuesseBildung Asbl\"},\"image\":{\"@id\":\"https:\/\/ewb.lu\/en\/#\/schema\/logo\/image\/\"},\"sameAs\":[\"https:\/\/www.facebook.com\/ErwuesseBild\/\",\"https:\/\/lu.linkedin.com\/company\/erwuessebildung---formation-dadultes\",\"https:\/\/www.instagram.com\/erwuessebildung_asbl\/\"]}]}<\/script>\n<!-- \/ Yoast SEO plugin. -->","yoast_head_json":{"title":"ABGESAGT: ZenArt-Zeechnen - EWB","robots":{"index":"index","follow":"follow","max-snippet":"max-snippet:-1","max-image-preview":"max-image-preview:large","max-video-preview":"max-video-preview:-1"},"canonical":"https:\/\/ewb.lu\/en\/event\/workshop-fuer-familien-zenart-zeechnen\/","og_locale":"en_US","og_type":"article","og_title":"ABGESAGT: ZenArt-Zeechnen - EWB","og_description":"In meditativer Atmosph\u00e4re erhalten Sie eine kleine Einf\u00fchrung ins Doodlen und Zeichnen und lassen Ihrer Kreativit\u00e4t freien Lauf","og_url":"https:\/\/ewb.lu\/en\/event\/workshop-fuer-familien-zenart-zeechnen\/","og_site_name":"EWB","article_publisher":"https:\/\/www.facebook.com\/ErwuesseBild\/","article_modified_time":"2025-07-21T10:31:15+00:00","og_image":[{"width":1024,"height":1024,"url":"https:\/\/ewb.lu\/wp-content\/uploads\/2025\/02\/Zenart-Zeichnen.jpg","type":"image\/jpeg"}],"twitter_card":"summary_large_image","twitter_misc":{"Est. reading time":"2 minutes"},"schema":{"@context":"https:\/\/schema.org","@graph":[{"@type":"WebPage","@id":"https:\/\/ewb.lu\/en\/event\/workshop-fuer-familien-zenart-zeechnen\/","url":"https:\/\/ewb.lu\/en\/event\/workshop-fuer-familien-zenart-zeechnen\/","name":"ABGESAGT: ZenArt-Zeechnen - EWB","isPartOf":{"@id":"https:\/\/ewb.lu\/en\/#website"},"primaryImageOfPage":{"@id":"https:\/\/ewb.lu\/en\/event\/workshop-fuer-familien-zenart-zeechnen\/#primaryimage"},"image":{"@id":"https:\/\/ewb.lu\/en\/event\/workshop-fuer-familien-zenart-zeechnen\/#primaryimage"},"thumbnailUrl":"https:\/\/ewb.lu\/wp-content\/uploads\/2025\/02\/Zenart-Zeichnen.jpg","datePublished":"2025-03-13T13:05:57+00:00","dateModified":"2025-07-21T10:31:15+00:00","breadcrumb":{"@id":"https:\/\/ewb.lu\/en\/event\/workshop-fuer-familien-zenart-zeechnen\/#breadcrumb"},"inLanguage":"en-US","potentialAction":[{"@type":"ReadAction","target":["https:\/\/ewb.lu\/en\/event\/workshop-fuer-familien-zenart-zeechnen\/"]}]},{"@type":"ImageObject","inLanguage":"en-US","@id":"https:\/\/ewb.lu\/en\/event\/workshop-fuer-familien-zenart-zeechnen\/#primaryimage","url":"https:\/\/ewb.lu\/wp-content\/uploads\/2025\/02\/Zenart-Zeichnen.jpg","contentUrl":"https:\/\/ewb.lu\/wp-content\/uploads\/2025\/02\/Zenart-Zeichnen.jpg","width":1024,"height":1024},{"@type":"BreadcrumbList","@id":"https:\/\/ewb.lu\/en\/event\/workshop-fuer-familien-zenart-zeechnen\/#breadcrumb","itemListElement":[{"@type":"ListItem","position":1,"name":"Startseite","item":"https:\/\/ewb.lu\/en\/"},{"@type":"ListItem","position":2,"name":"ABGESAGT: ZenArt-Zeechnen"}]},{"@type":"WebSite","@id":"https:\/\/ewb.lu\/en\/#website","url":"https:\/\/ewb.lu\/en\/","name":"EwB ErwuesseBildung","description":"ErwuesseBildung","publisher":{"@id":"https:\/\/ewb.lu\/en\/#organization"},"alternateName":"EWB","potentialAction":[{"@type":"SearchAction","target":{"@type":"EntryPoint","urlTemplate":"https:\/\/ewb.lu\/en\/?s={search_term_string}"},"query-input":{"@type":"PropertyValueSpecification","valueRequired":true,"valueName":"search_term_string"}}],"inLanguage":"en-US"},{"@type":"Organization","@id":"https:\/\/ewb.lu\/en\/#organization","name":"ErwuesseBildung Asbl","alternateName":"EWB","url":"https:\/\/ewb.lu\/en\/","logo":{"@type":"ImageObject","inLanguage":"en-US","@id":"https:\/\/ewb.lu\/en\/#\/schema\/logo\/image\/","url":"https:\/\/ewb.lu\/wp-content\/uploads\/2022\/11\/ewb-logo-header.svg","contentUrl":"https:\/\/ewb.lu\/wp-content\/uploads\/2022\/11\/ewb-logo-header.svg","width":301,"height":38,"caption":"ErwuesseBildung Asbl"},"image":{"@id":"https:\/\/ewb.lu\/en\/#\/schema\/logo\/image\/"},"sameAs":["https:\/\/www.facebook.com\/ErwuesseBild\/","https:\/\/lu.linkedin.com\/company\/erwuessebildung---formation-dadultes","https:\/\/www.instagram.com\/erwuessebildung_asbl\/"]}]}},"_links":{"self":[{"href":"https:\/\/ewb.lu\/en\/wp-json\/wp\/v2\/event\/14883","targetHints":{"allow":["GET"]}}],"collection":[{"href":"https:\/\/ewb.lu\/en\/wp-json\/wp\/v2\/event"}],"about":[{"href":"https:\/\/ewb.lu\/en\/wp-json\/wp\/v2\/types\/event"}],"version-history":[{"count":6,"href":"https:\/\/ewb.lu\/en\/wp-json\/wp\/v2\/event\/14883\/revisions"}],"predecessor-version":[{"id":17058,"href":"https:\/\/ewb.lu\/en\/wp-json\/wp\/v2\/event\/14883\/revisions\/17058"}],"wp:featuredmedia":[{"embeddable":true,"href":"https:\/\/ewb.lu\/en\/wp-json\/wp\/v2\/media\/14115"}],"wp:attachment":[{"href":"https:\/\/ewb.lu\/en\/wp-json\/wp\/v2\/media?parent=14883"}],"wp:term":[{"taxonomy":"program","embeddable":true,"href":"https:\/\/ewb.lu\/en\/wp-json\/wp\/v2\/program?post=14883"}],"curies":[{"name":"wp","href":"https:\/\/api.w.org\/{rel}","templated":true}]}}