{"id":17306,"date":"2025-07-24T15:40:54","date_gmt":"2025-07-24T13:40:54","guid":{"rendered":"https:\/\/ewb.lu\/event\/zenart-zeechnen\/"},"modified":"2025-07-24T15:40:54","modified_gmt":"2025-07-24T13:40:54","slug":"zenart-zeechnen","status":"publish","type":"event","link":"https:\/\/ewb.lu\/en\/event\/zenart-zeechnen\/","title":{"rendered":"ZenArt Zeechnen"},"content":{"rendered":"<section class=\"wpb-content-wrapper\"><p>[vc_row][vc_column][vc_column_text]<\/p>\n<div class=\"vc_row wpb_row vc_row-fluid\">\n<div class=\"wpb_column vc_column_container vc_col-sm-12\">\n<div class=\"vc_column-inner\">\n<div class=\"wpb_wrapper\">\n<div class=\"vc_separator wpb_content_element vc_separator_align_left vc_sep_width_100 vc_sep_pos_align_center vc_sep_color_grey vc_separator-has-text\">\n<h4>DE<\/h4>\n<\/div>\n<\/div>\n<\/div>\n<\/div>\n<\/div>\n<div class=\"vc_row wpb_row vc_row-fluid\">\n<div class=\"wpb_column vc_column_container vc_col-sm-12\">\n<div class=\"vc_column-inner\">\n<div class=\"wpb_wrapper\">\n<div class=\"wpb_text_column wpb_content_element \">\n<div class=\"wpb_wrapper\">\n<p>In unserer hektischen Zeit tut es gut, einen Gang zur\u00fcckzuschalten. In diesem <strong>Kreativ-Workshop<\/strong> f\u00fcr die ganze Familie (ab 8 Jahren) k\u00f6nnen Sie zur inneren Ruhe finden. In <strong>meditativer Atmosph\u00e4re<\/strong> werden Ihnen in diesem Zeichen-Workshop<strong> kreativ und ohne Druck entschleunigende Zeichenmethoden<\/strong> gezeigt, die Sie dann in Ihrem eigenen Tempo und Ihrer eigenen Kreativit\u00e4t umsetzen.<\/p>\n<p>Vorkenntnisse im Zeichnen sind nicht erforderlich. Der Kurs findet in mehreren Sprachen gleichzeitig statt.<\/p>\n<p>Wir stellen Ihnen das Material zur Verf\u00fcgung.<\/p>\n<\/div>\n<\/div>\n<\/div>\n<\/div>\n<\/div>\n<\/div>\n<p>[\/vc_column_text][\/vc_column][\/vc_row][vc_row][vc_column][vc_separator color=&#8221;purple&#8221;][\/vc_column][\/vc_row][vc_row][vc_column][vc_column_text]<strong>ENG<\/strong><\/p>\n<p>In these hectic times, it\u2019s good to take a step back. This <strong>creative workshop<\/strong> is open to the whole family (8+) and will hopefully give you some peaceful time. In a meditative atmosphere, this doodling workshop will show you <strong>relaxing drawing techniques that you can then apply at your own pace and level of creativity.<\/strong><\/p>\n<p>No previous drawing experience is required. The course will be held in several languages simultaneously.<\/p>\n<p>We will provide you with material.[\/vc_column_text][\/vc_column][\/vc_row][vc_row][vc_column][vc_separator color=&#8221;purple&#8221;][\/vc_column][\/vc_row][vc_row][vc_column][vc_column_text]<strong>FR<\/strong><\/p>\n<p>En ces temps agit\u00e9s, il est bon de prendre un peu de recul. Cet <strong>atelier cr\u00e9atif<\/strong> est ouvert \u00e0 toute la famille (8+) et vous permettra de vous ressourcer. <strong>Dans une atmosph\u00e8re m\u00e9ditative, cet atelier de dessin vous montrera des techniques cr\u00e9atives de dessin que vous pourrez ensuite appliquer \u00e0 votre rythme et \u00e0 votre niveau de cr\u00e9ativit\u00e9.<\/strong><\/p>\n<p>Aucune exp\u00e9rience pr\u00e9alable en dessin n\u2019est requise. Le cours se d\u00e9roulera simultan\u00e9ment en plusieurs langues.[\/vc_column_text][\/vc_column][\/vc_row]<\/p>\n<\/section>","protected":false},"excerpt":{"rendered":"<p>Ein Kreativworkshop f\u00fcr Familien mit Kindern ab 8 Jahren<\/p>\n","protected":false},"featured_media":17111,"template":"","program":[101,98],"class_list":["post-17306","event","type-event","status-publish","has-post-thumbnail","hentry","program-art-music-and-movement","program-growing-together-en"],"acf":[],"yoast_head":"<!-- This site is optimized with the Yoast SEO plugin v27.1.1 - https:\/\/yoast.com\/product\/yoast-seo-wordpress\/ -->\n<title>ZenArt Zeechnen - EWB<\/title>\n<meta name=\"robots\" content=\"index, follow, max-snippet:-1, max-image-preview:large, max-video-preview:-1\" \/>\n<link rel=\"canonical\" href=\"https:\/\/ewb.lu\/en\/event\/zenart-zeechnen\/\" \/>\n<meta property=\"og:locale\" content=\"en_US\" \/>\n<meta property=\"og:type\" content=\"article\" \/>\n<meta property=\"og:title\" content=\"ZenArt Zeechnen - EWB\" \/>\n<meta property=\"og:description\" content=\"Ein Kreativworkshop f\u00fcr Familien mit Kindern ab 8 Jahren\" \/>\n<meta property=\"og:url\" content=\"https:\/\/ewb.lu\/en\/event\/zenart-zeechnen\/\" \/>\n<meta property=\"og:site_name\" content=\"EWB\" \/>\n<meta property=\"article:publisher\" content=\"https:\/\/www.facebook.com\/ErwuesseBild\/\" \/>\n<meta property=\"og:image\" content=\"https:\/\/ewb.lu\/wp-content\/uploads\/2022\/09\/logo.png\" \/>\n\t<meta property=\"og:image:width\" content=\"269\" \/>\n\t<meta property=\"og:image:height\" content=\"81\" \/>\n\t<meta property=\"og:image:type\" content=\"image\/png\" \/>\n<meta name=\"twitter:card\" content=\"summary_large_image\" \/>\n<meta name=\"twitter:label1\" content=\"Est. reading time\" \/>\n\t<meta name=\"twitter:data1\" content=\"2 minutes\" \/>\n<script type=\"application\/ld+json\" class=\"yoast-schema-graph\">{\"@context\":\"https:\/\/schema.org\",\"@graph\":[{\"@type\":\"WebPage\",\"@id\":\"https:\/\/ewb.lu\/en\/event\/zenart-zeechnen\/\",\"url\":\"https:\/\/ewb.lu\/en\/event\/zenart-zeechnen\/\",\"name\":\"ZenArt Zeechnen - EWB\",\"isPartOf\":{\"@id\":\"https:\/\/ewb.lu\/en\/#website\"},\"primaryImageOfPage\":{\"@id\":\"https:\/\/ewb.lu\/en\/event\/zenart-zeechnen\/#primaryimage\"},\"image\":{\"@id\":\"https:\/\/ewb.lu\/en\/event\/zenart-zeechnen\/#primaryimage\"},\"thumbnailUrl\":\"https:\/\/ewb.lu\/wp-content\/uploads\/2025\/07\/Zenart-Zeichnen-4.jpg\",\"datePublished\":\"2025-07-24T13:40:54+00:00\",\"breadcrumb\":{\"@id\":\"https:\/\/ewb.lu\/en\/event\/zenart-zeechnen\/#breadcrumb\"},\"inLanguage\":\"en-US\",\"potentialAction\":[{\"@type\":\"ReadAction\",\"target\":[\"https:\/\/ewb.lu\/en\/event\/zenart-zeechnen\/\"]}]},{\"@type\":\"ImageObject\",\"inLanguage\":\"en-US\",\"@id\":\"https:\/\/ewb.lu\/en\/event\/zenart-zeechnen\/#primaryimage\",\"url\":\"https:\/\/ewb.lu\/wp-content\/uploads\/2025\/07\/Zenart-Zeichnen-4.jpg\",\"contentUrl\":\"https:\/\/ewb.lu\/wp-content\/uploads\/2025\/07\/Zenart-Zeichnen-4.jpg\",\"width\":1024,\"height\":1024},{\"@type\":\"BreadcrumbList\",\"@id\":\"https:\/\/ewb.lu\/en\/event\/zenart-zeechnen\/#breadcrumb\",\"itemListElement\":[{\"@type\":\"ListItem\",\"position\":1,\"name\":\"Startseite\",\"item\":\"https:\/\/ewb.lu\/en\/\"},{\"@type\":\"ListItem\",\"position\":2,\"name\":\"ZenArt Zeechnen\"}]},{\"@type\":\"WebSite\",\"@id\":\"https:\/\/ewb.lu\/en\/#website\",\"url\":\"https:\/\/ewb.lu\/en\/\",\"name\":\"EwB ErwuesseBildung\",\"description\":\"ErwuesseBildung\",\"publisher\":{\"@id\":\"https:\/\/ewb.lu\/en\/#organization\"},\"alternateName\":\"EWB\",\"potentialAction\":[{\"@type\":\"SearchAction\",\"target\":{\"@type\":\"EntryPoint\",\"urlTemplate\":\"https:\/\/ewb.lu\/en\/?s={search_term_string}\"},\"query-input\":{\"@type\":\"PropertyValueSpecification\",\"valueRequired\":true,\"valueName\":\"search_term_string\"}}],\"inLanguage\":\"en-US\"},{\"@type\":\"Organization\",\"@id\":\"https:\/\/ewb.lu\/en\/#organization\",\"name\":\"ErwuesseBildung Asbl\",\"alternateName\":\"EWB\",\"url\":\"https:\/\/ewb.lu\/en\/\",\"logo\":{\"@type\":\"ImageObject\",\"inLanguage\":\"en-US\",\"@id\":\"https:\/\/ewb.lu\/en\/#\/schema\/logo\/image\/\",\"url\":\"https:\/\/ewb.lu\/wp-content\/uploads\/2022\/11\/ewb-logo-header.svg\",\"contentUrl\":\"https:\/\/ewb.lu\/wp-content\/uploads\/2022\/11\/ewb-logo-header.svg\",\"width\":301,\"height\":38,\"caption\":\"ErwuesseBildung Asbl\"},\"image\":{\"@id\":\"https:\/\/ewb.lu\/en\/#\/schema\/logo\/image\/\"},\"sameAs\":[\"https:\/\/www.facebook.com\/ErwuesseBild\/\",\"https:\/\/lu.linkedin.com\/company\/erwuessebildung---formation-dadultes\",\"https:\/\/www.instagram.com\/erwuessebildung_asbl\/\"]}]}<\/script>\n<!-- \/ Yoast SEO plugin. -->","yoast_head_json":{"title":"ZenArt Zeechnen - EWB","robots":{"index":"index","follow":"follow","max-snippet":"max-snippet:-1","max-image-preview":"max-image-preview:large","max-video-preview":"max-video-preview:-1"},"canonical":"https:\/\/ewb.lu\/en\/event\/zenart-zeechnen\/","og_locale":"en_US","og_type":"article","og_title":"ZenArt Zeechnen - EWB","og_description":"Ein Kreativworkshop f\u00fcr Familien mit Kindern ab 8 Jahren","og_url":"https:\/\/ewb.lu\/en\/event\/zenart-zeechnen\/","og_site_name":"EWB","article_publisher":"https:\/\/www.facebook.com\/ErwuesseBild\/","og_image":[{"width":269,"height":81,"url":"https:\/\/ewb.lu\/wp-content\/uploads\/2022\/09\/logo.png","type":"image\/png"}],"twitter_card":"summary_large_image","twitter_misc":{"Est. reading time":"2 minutes"},"schema":{"@context":"https:\/\/schema.org","@graph":[{"@type":"WebPage","@id":"https:\/\/ewb.lu\/en\/event\/zenart-zeechnen\/","url":"https:\/\/ewb.lu\/en\/event\/zenart-zeechnen\/","name":"ZenArt Zeechnen - EWB","isPartOf":{"@id":"https:\/\/ewb.lu\/en\/#website"},"primaryImageOfPage":{"@id":"https:\/\/ewb.lu\/en\/event\/zenart-zeechnen\/#primaryimage"},"image":{"@id":"https:\/\/ewb.lu\/en\/event\/zenart-zeechnen\/#primaryimage"},"thumbnailUrl":"https:\/\/ewb.lu\/wp-content\/uploads\/2025\/07\/Zenart-Zeichnen-4.jpg","datePublished":"2025-07-24T13:40:54+00:00","breadcrumb":{"@id":"https:\/\/ewb.lu\/en\/event\/zenart-zeechnen\/#breadcrumb"},"inLanguage":"en-US","potentialAction":[{"@type":"ReadAction","target":["https:\/\/ewb.lu\/en\/event\/zenart-zeechnen\/"]}]},{"@type":"ImageObject","inLanguage":"en-US","@id":"https:\/\/ewb.lu\/en\/event\/zenart-zeechnen\/#primaryimage","url":"https:\/\/ewb.lu\/wp-content\/uploads\/2025\/07\/Zenart-Zeichnen-4.jpg","contentUrl":"https:\/\/ewb.lu\/wp-content\/uploads\/2025\/07\/Zenart-Zeichnen-4.jpg","width":1024,"height":1024},{"@type":"BreadcrumbList","@id":"https:\/\/ewb.lu\/en\/event\/zenart-zeechnen\/#breadcrumb","itemListElement":[{"@type":"ListItem","position":1,"name":"Startseite","item":"https:\/\/ewb.lu\/en\/"},{"@type":"ListItem","position":2,"name":"ZenArt Zeechnen"}]},{"@type":"WebSite","@id":"https:\/\/ewb.lu\/en\/#website","url":"https:\/\/ewb.lu\/en\/","name":"EwB ErwuesseBildung","description":"ErwuesseBildung","publisher":{"@id":"https:\/\/ewb.lu\/en\/#organization"},"alternateName":"EWB","potentialAction":[{"@type":"SearchAction","target":{"@type":"EntryPoint","urlTemplate":"https:\/\/ewb.lu\/en\/?s={search_term_string}"},"query-input":{"@type":"PropertyValueSpecification","valueRequired":true,"valueName":"search_term_string"}}],"inLanguage":"en-US"},{"@type":"Organization","@id":"https:\/\/ewb.lu\/en\/#organization","name":"ErwuesseBildung Asbl","alternateName":"EWB","url":"https:\/\/ewb.lu\/en\/","logo":{"@type":"ImageObject","inLanguage":"en-US","@id":"https:\/\/ewb.lu\/en\/#\/schema\/logo\/image\/","url":"https:\/\/ewb.lu\/wp-content\/uploads\/2022\/11\/ewb-logo-header.svg","contentUrl":"https:\/\/ewb.lu\/wp-content\/uploads\/2022\/11\/ewb-logo-header.svg","width":301,"height":38,"caption":"ErwuesseBildung Asbl"},"image":{"@id":"https:\/\/ewb.lu\/en\/#\/schema\/logo\/image\/"},"sameAs":["https:\/\/www.facebook.com\/ErwuesseBild\/","https:\/\/lu.linkedin.com\/company\/erwuessebildung---formation-dadultes","https:\/\/www.instagram.com\/erwuessebildung_asbl\/"]}]}},"_links":{"self":[{"href":"https:\/\/ewb.lu\/en\/wp-json\/wp\/v2\/event\/17306","targetHints":{"allow":["GET"]}}],"collection":[{"href":"https:\/\/ewb.lu\/en\/wp-json\/wp\/v2\/event"}],"about":[{"href":"https:\/\/ewb.lu\/en\/wp-json\/wp\/v2\/types\/event"}],"version-history":[{"count":0,"href":"https:\/\/ewb.lu\/en\/wp-json\/wp\/v2\/event\/17306\/revisions"}],"wp:featuredmedia":[{"embeddable":true,"href":"https:\/\/ewb.lu\/en\/wp-json\/wp\/v2\/media\/17111"}],"wp:attachment":[{"href":"https:\/\/ewb.lu\/en\/wp-json\/wp\/v2\/media?parent=17306"}],"wp:term":[{"taxonomy":"program","embeddable":true,"href":"https:\/\/ewb.lu\/en\/wp-json\/wp\/v2\/program?post=17306"}],"curies":[{"name":"wp","href":"https:\/\/api.w.org\/{rel}","templated":true}]}}