{"id":7182,"date":"2023-11-16T07:49:16","date_gmt":"2023-11-16T06:49:16","guid":{"rendered":"https:\/\/ewb.lu\/?post_type=event&#038;p=7182"},"modified":"2023-12-06T09:53:53","modified_gmt":"2023-12-06T08:53:53","slug":"ku-ki-li-co-pfannkuchen-fasching","status":"publish","type":"event","link":"https:\/\/ewb.lu\/en\/event\/ku-ki-li-co-pfannkuchen-fasching\/","title":{"rendered":"Ku-Ki-Li-Co: Pfannkuchen-Fasching"},"content":{"rendered":"<section class=\"wpb-content-wrapper\"><p>[vc_row][vc_column][vc_column_text]<\/p>\n<h3 style=\"font-weight: 400;\">Ee Samschdesmoien zum Thema Fuesend!<\/h3>\n<p style=\"font-weight: 400;\">Fuesend ass d\u00e9i sch\u00e9insten Z\u00e4it, do d\u00e4rf een een ganz aaneren sinn. Kommt mat \u00e4rer Verkleedung an lauschtert Geschichten iwwert Paanecher an Danzen. Dono g\u00ebtt sech bewegt an een gudde Paanech gies.<\/p>\n<p style=\"text-align: right;\">Mam Leslie Fischbach<\/p>\n<p>[\/vc_column_text][\/vc_column][\/vc_row][vc_row][vc_column][vc_separator][\/vc_column][\/vc_row][vc_row][vc_column][vc_column_text]<strong>FR<\/strong><\/p>\n<p style=\"font-weight: 400;\"><em>Un samedi matin sur le th\u00e8me : Carnaval<\/em><\/p>\n<p style=\"font-weight: 400;\"><em>Le carnaval est la plus belle p\u00e9riode, on peut \u00eatre quelqu&#8217;un de compl\u00e8tement diff\u00e9rent. Venez avec votre d\u00e9guisement et \u00e9coutez les histoires de cr\u00eapes et de danses. Ensuite, nous partons \u00e0 l&#8217;\u00e9lan et nous mangerons des cr\u00eapes.<\/em><\/p>\n<p style=\"text-align: right;\"><em>Avec Leslie Fischbach<\/em><\/p>\n<p>[\/vc_column_text][\/vc_column][\/vc_row][vc_row][vc_column][vc_separator][\/vc_column][\/vc_row][vc_row][vc_column][vc_column_text]A Cooperatioun mam <a href=\"https:\/\/eltereforum.lu\/fr\/\">Eltereforum<\/a>, mat der \u00cbnnerst\u00ebtzung vum <a href=\"https:\/\/menej.gouvernement.lu\/fr.html\">MENJE<\/a>.[\/vc_column_text][\/vc_column][\/vc_row][vc_row][vc_column][vc_separator][\/vc_column][\/vc_row][vc_row][vc_column][vc_column_text]<strong>Weideren Termin:\u00a0<\/strong><\/p>\n<ul>\n<li>02.03.: <a href=\"https:\/\/ewb.lu\/event\/ku-ki-li-co-spetz-doueren\/\">Sp\u00ebtz d\u2019Oueren<\/a><\/li>\n<\/ul>\n<p>[\/vc_column_text][\/vc_column][\/vc_row]<\/p>\n<\/section>","protected":false},"excerpt":{"rendered":"<p>Ee Samschdesmoien zum Thema Fuesend!<\/p>\n","protected":false},"featured_media":7183,"template":"","program":[36,74],"class_list":["post-7182","event","type-event","status-publish","has-post-thumbnail","hentry","program-growing-together","program-kunst-musik-und-bewegung"],"acf":[],"yoast_head":"<!-- This site is optimized with the Yoast SEO plugin v27.1.1 - https:\/\/yoast.com\/product\/yoast-seo-wordpress\/ -->\n<title>Ku-Ki-Li-Co: Pfannkuchen-Fasching - EWB<\/title>\n<meta name=\"description\" content=\"Kommt mat \u00e4rer Verkleedung an lauschtert Geschichten iwwert Paanecher an Danzen. Dono g\u00ebtt sech bewegt an een gudde Paanech gies.\" \/>\n<meta name=\"robots\" content=\"index, follow, max-snippet:-1, max-image-preview:large, max-video-preview:-1\" \/>\n<link rel=\"canonical\" href=\"https:\/\/ewb.lu\/en\/event\/ku-ki-li-co-pfannkuchen-fasching\/\" \/>\n<meta property=\"og:locale\" content=\"en_US\" \/>\n<meta property=\"og:type\" content=\"article\" \/>\n<meta property=\"og:title\" content=\"Ku-Ki-Li-Co: Pfannkuchen-Fasching - EWB\" \/>\n<meta property=\"og:description\" content=\"Kommt mat \u00e4rer Verkleedung an lauschtert Geschichten iwwert Paanecher an Danzen. Dono g\u00ebtt sech bewegt an een gudde Paanech gies.\" \/>\n<meta property=\"og:url\" content=\"https:\/\/ewb.lu\/en\/event\/ku-ki-li-co-pfannkuchen-fasching\/\" \/>\n<meta property=\"og:site_name\" content=\"EWB\" \/>\n<meta property=\"article:publisher\" content=\"https:\/\/www.facebook.com\/ErwuesseBild\/\" \/>\n<meta property=\"article:modified_time\" content=\"2023-12-06T08:53:53+00:00\" \/>\n<meta property=\"og:image\" content=\"https:\/\/ewb.lu\/wp-content\/uploads\/2023\/11\/pexels-pavel-danilyuk-8421949-scaled.jpg\" \/>\n\t<meta property=\"og:image:width\" content=\"2560\" \/>\n\t<meta property=\"og:image:height\" content=\"1709\" \/>\n\t<meta property=\"og:image:type\" content=\"image\/jpeg\" \/>\n<meta name=\"twitter:card\" content=\"summary_large_image\" \/>\n<meta name=\"twitter:label1\" content=\"Est. reading time\" \/>\n\t<meta name=\"twitter:data1\" content=\"1 minute\" \/>\n<script type=\"application\/ld+json\" class=\"yoast-schema-graph\">{\"@context\":\"https:\/\/schema.org\",\"@graph\":[{\"@type\":\"WebPage\",\"@id\":\"https:\/\/ewb.lu\/en\/event\/ku-ki-li-co-pfannkuchen-fasching\/\",\"url\":\"https:\/\/ewb.lu\/en\/event\/ku-ki-li-co-pfannkuchen-fasching\/\",\"name\":\"Ku-Ki-Li-Co: Pfannkuchen-Fasching - EWB\",\"isPartOf\":{\"@id\":\"https:\/\/ewb.lu\/en\/#website\"},\"primaryImageOfPage\":{\"@id\":\"https:\/\/ewb.lu\/en\/event\/ku-ki-li-co-pfannkuchen-fasching\/#primaryimage\"},\"image\":{\"@id\":\"https:\/\/ewb.lu\/en\/event\/ku-ki-li-co-pfannkuchen-fasching\/#primaryimage\"},\"thumbnailUrl\":\"https:\/\/ewb.lu\/wp-content\/uploads\/2023\/11\/pexels-pavel-danilyuk-8421949-scaled.jpg\",\"datePublished\":\"2023-11-16T06:49:16+00:00\",\"dateModified\":\"2023-12-06T08:53:53+00:00\",\"description\":\"Kommt mat \u00e4rer Verkleedung an lauschtert Geschichten iwwert Paanecher an Danzen. Dono g\u00ebtt sech bewegt an een gudde Paanech gies.\",\"breadcrumb\":{\"@id\":\"https:\/\/ewb.lu\/en\/event\/ku-ki-li-co-pfannkuchen-fasching\/#breadcrumb\"},\"inLanguage\":\"en-US\",\"potentialAction\":[{\"@type\":\"ReadAction\",\"target\":[\"https:\/\/ewb.lu\/en\/event\/ku-ki-li-co-pfannkuchen-fasching\/\"]}]},{\"@type\":\"ImageObject\",\"inLanguage\":\"en-US\",\"@id\":\"https:\/\/ewb.lu\/en\/event\/ku-ki-li-co-pfannkuchen-fasching\/#primaryimage\",\"url\":\"https:\/\/ewb.lu\/wp-content\/uploads\/2023\/11\/pexels-pavel-danilyuk-8421949-scaled.jpg\",\"contentUrl\":\"https:\/\/ewb.lu\/wp-content\/uploads\/2023\/11\/pexels-pavel-danilyuk-8421949-scaled.jpg\",\"width\":2560,\"height\":1709},{\"@type\":\"BreadcrumbList\",\"@id\":\"https:\/\/ewb.lu\/en\/event\/ku-ki-li-co-pfannkuchen-fasching\/#breadcrumb\",\"itemListElement\":[{\"@type\":\"ListItem\",\"position\":1,\"name\":\"Startseite\",\"item\":\"https:\/\/ewb.lu\/en\/\"},{\"@type\":\"ListItem\",\"position\":2,\"name\":\"Ku-Ki-Li-Co: Pfannkuchen-Fasching\"}]},{\"@type\":\"WebSite\",\"@id\":\"https:\/\/ewb.lu\/en\/#website\",\"url\":\"https:\/\/ewb.lu\/en\/\",\"name\":\"EwB ErwuesseBildung\",\"description\":\"ErwuesseBildung\",\"publisher\":{\"@id\":\"https:\/\/ewb.lu\/en\/#organization\"},\"alternateName\":\"EWB\",\"potentialAction\":[{\"@type\":\"SearchAction\",\"target\":{\"@type\":\"EntryPoint\",\"urlTemplate\":\"https:\/\/ewb.lu\/en\/?s={search_term_string}\"},\"query-input\":{\"@type\":\"PropertyValueSpecification\",\"valueRequired\":true,\"valueName\":\"search_term_string\"}}],\"inLanguage\":\"en-US\"},{\"@type\":\"Organization\",\"@id\":\"https:\/\/ewb.lu\/en\/#organization\",\"name\":\"ErwuesseBildung Asbl\",\"alternateName\":\"EWB\",\"url\":\"https:\/\/ewb.lu\/en\/\",\"logo\":{\"@type\":\"ImageObject\",\"inLanguage\":\"en-US\",\"@id\":\"https:\/\/ewb.lu\/en\/#\/schema\/logo\/image\/\",\"url\":\"https:\/\/ewb.lu\/wp-content\/uploads\/2022\/11\/ewb-logo-header.svg\",\"contentUrl\":\"https:\/\/ewb.lu\/wp-content\/uploads\/2022\/11\/ewb-logo-header.svg\",\"width\":301,\"height\":38,\"caption\":\"ErwuesseBildung Asbl\"},\"image\":{\"@id\":\"https:\/\/ewb.lu\/en\/#\/schema\/logo\/image\/\"},\"sameAs\":[\"https:\/\/www.facebook.com\/ErwuesseBild\/\",\"https:\/\/lu.linkedin.com\/company\/erwuessebildung---formation-dadultes\",\"https:\/\/www.instagram.com\/erwuessebildung_asbl\/\"]}]}<\/script>\n<!-- \/ Yoast SEO plugin. -->","yoast_head_json":{"title":"Ku-Ki-Li-Co: Pfannkuchen-Fasching - EWB","description":"Kommt mat \u00e4rer Verkleedung an lauschtert Geschichten iwwert Paanecher an Danzen. Dono g\u00ebtt sech bewegt an een gudde Paanech gies.","robots":{"index":"index","follow":"follow","max-snippet":"max-snippet:-1","max-image-preview":"max-image-preview:large","max-video-preview":"max-video-preview:-1"},"canonical":"https:\/\/ewb.lu\/en\/event\/ku-ki-li-co-pfannkuchen-fasching\/","og_locale":"en_US","og_type":"article","og_title":"Ku-Ki-Li-Co: Pfannkuchen-Fasching - EWB","og_description":"Kommt mat \u00e4rer Verkleedung an lauschtert Geschichten iwwert Paanecher an Danzen. Dono g\u00ebtt sech bewegt an een gudde Paanech gies.","og_url":"https:\/\/ewb.lu\/en\/event\/ku-ki-li-co-pfannkuchen-fasching\/","og_site_name":"EWB","article_publisher":"https:\/\/www.facebook.com\/ErwuesseBild\/","article_modified_time":"2023-12-06T08:53:53+00:00","og_image":[{"width":2560,"height":1709,"url":"https:\/\/ewb.lu\/wp-content\/uploads\/2023\/11\/pexels-pavel-danilyuk-8421949-scaled.jpg","type":"image\/jpeg"}],"twitter_card":"summary_large_image","twitter_misc":{"Est. reading time":"1 minute"},"schema":{"@context":"https:\/\/schema.org","@graph":[{"@type":"WebPage","@id":"https:\/\/ewb.lu\/en\/event\/ku-ki-li-co-pfannkuchen-fasching\/","url":"https:\/\/ewb.lu\/en\/event\/ku-ki-li-co-pfannkuchen-fasching\/","name":"Ku-Ki-Li-Co: Pfannkuchen-Fasching - EWB","isPartOf":{"@id":"https:\/\/ewb.lu\/en\/#website"},"primaryImageOfPage":{"@id":"https:\/\/ewb.lu\/en\/event\/ku-ki-li-co-pfannkuchen-fasching\/#primaryimage"},"image":{"@id":"https:\/\/ewb.lu\/en\/event\/ku-ki-li-co-pfannkuchen-fasching\/#primaryimage"},"thumbnailUrl":"https:\/\/ewb.lu\/wp-content\/uploads\/2023\/11\/pexels-pavel-danilyuk-8421949-scaled.jpg","datePublished":"2023-11-16T06:49:16+00:00","dateModified":"2023-12-06T08:53:53+00:00","description":"Kommt mat \u00e4rer Verkleedung an lauschtert Geschichten iwwert Paanecher an Danzen. Dono g\u00ebtt sech bewegt an een gudde Paanech gies.","breadcrumb":{"@id":"https:\/\/ewb.lu\/en\/event\/ku-ki-li-co-pfannkuchen-fasching\/#breadcrumb"},"inLanguage":"en-US","potentialAction":[{"@type":"ReadAction","target":["https:\/\/ewb.lu\/en\/event\/ku-ki-li-co-pfannkuchen-fasching\/"]}]},{"@type":"ImageObject","inLanguage":"en-US","@id":"https:\/\/ewb.lu\/en\/event\/ku-ki-li-co-pfannkuchen-fasching\/#primaryimage","url":"https:\/\/ewb.lu\/wp-content\/uploads\/2023\/11\/pexels-pavel-danilyuk-8421949-scaled.jpg","contentUrl":"https:\/\/ewb.lu\/wp-content\/uploads\/2023\/11\/pexels-pavel-danilyuk-8421949-scaled.jpg","width":2560,"height":1709},{"@type":"BreadcrumbList","@id":"https:\/\/ewb.lu\/en\/event\/ku-ki-li-co-pfannkuchen-fasching\/#breadcrumb","itemListElement":[{"@type":"ListItem","position":1,"name":"Startseite","item":"https:\/\/ewb.lu\/en\/"},{"@type":"ListItem","position":2,"name":"Ku-Ki-Li-Co: Pfannkuchen-Fasching"}]},{"@type":"WebSite","@id":"https:\/\/ewb.lu\/en\/#website","url":"https:\/\/ewb.lu\/en\/","name":"EwB ErwuesseBildung","description":"ErwuesseBildung","publisher":{"@id":"https:\/\/ewb.lu\/en\/#organization"},"alternateName":"EWB","potentialAction":[{"@type":"SearchAction","target":{"@type":"EntryPoint","urlTemplate":"https:\/\/ewb.lu\/en\/?s={search_term_string}"},"query-input":{"@type":"PropertyValueSpecification","valueRequired":true,"valueName":"search_term_string"}}],"inLanguage":"en-US"},{"@type":"Organization","@id":"https:\/\/ewb.lu\/en\/#organization","name":"ErwuesseBildung Asbl","alternateName":"EWB","url":"https:\/\/ewb.lu\/en\/","logo":{"@type":"ImageObject","inLanguage":"en-US","@id":"https:\/\/ewb.lu\/en\/#\/schema\/logo\/image\/","url":"https:\/\/ewb.lu\/wp-content\/uploads\/2022\/11\/ewb-logo-header.svg","contentUrl":"https:\/\/ewb.lu\/wp-content\/uploads\/2022\/11\/ewb-logo-header.svg","width":301,"height":38,"caption":"ErwuesseBildung Asbl"},"image":{"@id":"https:\/\/ewb.lu\/en\/#\/schema\/logo\/image\/"},"sameAs":["https:\/\/www.facebook.com\/ErwuesseBild\/","https:\/\/lu.linkedin.com\/company\/erwuessebildung---formation-dadultes","https:\/\/www.instagram.com\/erwuessebildung_asbl\/"]}]}},"_links":{"self":[{"href":"https:\/\/ewb.lu\/en\/wp-json\/wp\/v2\/event\/7182","targetHints":{"allow":["GET"]}}],"collection":[{"href":"https:\/\/ewb.lu\/en\/wp-json\/wp\/v2\/event"}],"about":[{"href":"https:\/\/ewb.lu\/en\/wp-json\/wp\/v2\/types\/event"}],"version-history":[{"count":6,"href":"https:\/\/ewb.lu\/en\/wp-json\/wp\/v2\/event\/7182\/revisions"}],"predecessor-version":[{"id":7485,"href":"https:\/\/ewb.lu\/en\/wp-json\/wp\/v2\/event\/7182\/revisions\/7485"}],"wp:featuredmedia":[{"embeddable":true,"href":"https:\/\/ewb.lu\/en\/wp-json\/wp\/v2\/media\/7183"}],"wp:attachment":[{"href":"https:\/\/ewb.lu\/en\/wp-json\/wp\/v2\/media?parent=7182"}],"wp:term":[{"taxonomy":"program","embeddable":true,"href":"https:\/\/ewb.lu\/en\/wp-json\/wp\/v2\/program?post=7182"}],"curies":[{"name":"wp","href":"https:\/\/api.w.org\/{rel}","templated":true}]}}