{"id":9102,"date":"2024-04-23T07:06:11","date_gmt":"2024-04-23T06:06:11","guid":{"rendered":"https:\/\/ewb.lu\/?post_type=tip&#038;p=9102"},"modified":"2024-04-23T07:09:38","modified_gmt":"2024-04-23T06:09:38","slug":"le-juif-amnesique-de-sa-memoire","status":"publish","type":"tip","link":"https:\/\/ewb.lu\/en\/tip\/le-juif-amnesique-de-sa-memoire\/","title":{"rendered":"Le juif amn\u00e9sique de sa M\u00e9moire"},"content":{"rendered":"<p style=\"font-weight: 400;\">On le savait\u00a0: le grand rabbin de Luxembourg est un homme de dialogue.<\/p>\n<p style=\"font-weight: 400;\">A travers \u00e0 ce livre, il partage avec nous ce qui constitue selon lui la vraie sp\u00e9cificit\u00e9 du juda\u00efsme, \u00e0 savoir la tradition orale qui doit venir s\u2019associer \u00e0 la tradition \u00e9crite (les livres bibliques). La tradition orale v\u00e9hicule la M\u00e9moire juive\u00a0: c\u2019est \u00e0 travers ses rites qu\u2019un dialogue constructif qui traverse les \u00e2ges peut avoir lieu. L\u2019auteur explicite pourquoi la M\u00e9moire juive n\u2019est pas \u00e0 confondre avec l\u2019Histoire juive. Il s\u2019insurge contre la tendance \u00e0 r\u00e9duire le juda\u00efsme \u00e0 son histoire, dans le but de plaire \u00e0 la pens\u00e9e dominante de notre \u00e9poque.<\/p>\n<p style=\"font-weight: 400;\">Ce livre soul\u00e8ve des questions essentielles\u00a0et existentielles : que signifie\u00a0croire\u00a0?<\/p>\n<p style=\"font-weight: 400;\">Est-ce que nos traditions religieuses permettent un \u00ab\u00a0renouvellement du sens qui est n\u2019est pas ressassement du pass\u00e9\u00a0\u00bb\u00a0mais qui permet aux personnes de se construire et de trouver LEUR place dans la vie ?<\/p>\n<p style=\"font-weight: 400;\">Un livre sorti d\u2019une plume tr\u00e8s po\u00e9tique et proposant une r\u00e9flexion de fond sur la religion.<\/p>\n<p style=\"text-align: right;\"><em>Christiane Kremer-Hoffmann, th\u00e9ologienne, b\u00e9n\u00e9vole de l&#8217;EwB<\/em><\/p>\n","protected":false},"excerpt":{"rendered":"<p>BICHERZELT 2024 |\u00a0Un livre du grand rabbin de Luxembourg<\/p>\n","protected":false},"featured_media":9103,"template":"","genre":[45,50],"class_list":["post-9102","tip","type-tip","status-publish","has-post-thumbnail","hentry","genre-buch","genre-erwachsene"],"acf":[],"yoast_head":"<!-- This site is optimized with the Yoast SEO plugin v27.1.1 - https:\/\/yoast.com\/product\/yoast-seo-wordpress\/ -->\n<title>Le juif amn\u00e9sique de sa M\u00e9moire - EWB<\/title>\n<meta name=\"robots\" content=\"index, follow, max-snippet:-1, max-image-preview:large, max-video-preview:-1\" \/>\n<link rel=\"canonical\" href=\"https:\/\/ewb.lu\/en\/tip\/le-juif-amnesique-de-sa-memoire\/\" \/>\n<meta property=\"og:locale\" content=\"en_US\" \/>\n<meta property=\"og:type\" content=\"article\" \/>\n<meta property=\"og:title\" content=\"Le juif amn\u00e9sique de sa M\u00e9moire - EWB\" \/>\n<meta property=\"og:description\" content=\"BICHERZELT 2024 |\u00a0Un livre du grand rabbin de Luxembourg\" \/>\n<meta property=\"og:url\" content=\"https:\/\/ewb.lu\/en\/tip\/le-juif-amnesique-de-sa-memoire\/\" \/>\n<meta property=\"og:site_name\" content=\"EWB\" \/>\n<meta property=\"article:publisher\" content=\"https:\/\/www.facebook.com\/ErwuesseBild\/\" \/>\n<meta property=\"article:modified_time\" content=\"2024-04-23T06:09:38+00:00\" \/>\n<meta property=\"og:image\" content=\"https:\/\/ewb.lu\/wp-content\/uploads\/2024\/04\/Le-juif-amnesique-Christiane_Kremer.jpg\" \/>\n\t<meta property=\"og:image:width\" content=\"1222\" \/>\n\t<meta property=\"og:image:height\" content=\"1596\" \/>\n\t<meta property=\"og:image:type\" content=\"image\/jpeg\" \/>\n<meta name=\"twitter:card\" content=\"summary_large_image\" \/>\n<meta name=\"twitter:label1\" content=\"Est. reading time\" \/>\n\t<meta name=\"twitter:data1\" content=\"1 minute\" \/>\n<script type=\"application\/ld+json\" class=\"yoast-schema-graph\">{\"@context\":\"https:\/\/schema.org\",\"@graph\":[{\"@type\":\"WebPage\",\"@id\":\"https:\/\/ewb.lu\/en\/tip\/le-juif-amnesique-de-sa-memoire\/\",\"url\":\"https:\/\/ewb.lu\/en\/tip\/le-juif-amnesique-de-sa-memoire\/\",\"name\":\"Le juif amn\u00e9sique de sa M\u00e9moire - EWB\",\"isPartOf\":{\"@id\":\"https:\/\/ewb.lu\/en\/#website\"},\"primaryImageOfPage\":{\"@id\":\"https:\/\/ewb.lu\/en\/tip\/le-juif-amnesique-de-sa-memoire\/#primaryimage\"},\"image\":{\"@id\":\"https:\/\/ewb.lu\/en\/tip\/le-juif-amnesique-de-sa-memoire\/#primaryimage\"},\"thumbnailUrl\":\"https:\/\/ewb.lu\/wp-content\/uploads\/2024\/04\/Le-juif-amnesique-Christiane_Kremer.jpg\",\"datePublished\":\"2024-04-23T06:06:11+00:00\",\"dateModified\":\"2024-04-23T06:09:38+00:00\",\"breadcrumb\":{\"@id\":\"https:\/\/ewb.lu\/en\/tip\/le-juif-amnesique-de-sa-memoire\/#breadcrumb\"},\"inLanguage\":\"en-US\",\"potentialAction\":[{\"@type\":\"ReadAction\",\"target\":[\"https:\/\/ewb.lu\/en\/tip\/le-juif-amnesique-de-sa-memoire\/\"]}]},{\"@type\":\"ImageObject\",\"inLanguage\":\"en-US\",\"@id\":\"https:\/\/ewb.lu\/en\/tip\/le-juif-amnesique-de-sa-memoire\/#primaryimage\",\"url\":\"https:\/\/ewb.lu\/wp-content\/uploads\/2024\/04\/Le-juif-amnesique-Christiane_Kremer.jpg\",\"contentUrl\":\"https:\/\/ewb.lu\/wp-content\/uploads\/2024\/04\/Le-juif-amnesique-Christiane_Kremer.jpg\",\"width\":1222,\"height\":1596},{\"@type\":\"BreadcrumbList\",\"@id\":\"https:\/\/ewb.lu\/en\/tip\/le-juif-amnesique-de-sa-memoire\/#breadcrumb\",\"itemListElement\":[{\"@type\":\"ListItem\",\"position\":1,\"name\":\"Startseite\",\"item\":\"https:\/\/ewb.lu\/en\/\"},{\"@type\":\"ListItem\",\"position\":2,\"name\":\"Le juif amn\u00e9sique de sa M\u00e9moire\"}]},{\"@type\":\"WebSite\",\"@id\":\"https:\/\/ewb.lu\/en\/#website\",\"url\":\"https:\/\/ewb.lu\/en\/\",\"name\":\"EwB ErwuesseBildung\",\"description\":\"ErwuesseBildung\",\"publisher\":{\"@id\":\"https:\/\/ewb.lu\/en\/#organization\"},\"alternateName\":\"EWB\",\"potentialAction\":[{\"@type\":\"SearchAction\",\"target\":{\"@type\":\"EntryPoint\",\"urlTemplate\":\"https:\/\/ewb.lu\/en\/?s={search_term_string}\"},\"query-input\":{\"@type\":\"PropertyValueSpecification\",\"valueRequired\":true,\"valueName\":\"search_term_string\"}}],\"inLanguage\":\"en-US\"},{\"@type\":\"Organization\",\"@id\":\"https:\/\/ewb.lu\/en\/#organization\",\"name\":\"ErwuesseBildung Asbl\",\"alternateName\":\"EWB\",\"url\":\"https:\/\/ewb.lu\/en\/\",\"logo\":{\"@type\":\"ImageObject\",\"inLanguage\":\"en-US\",\"@id\":\"https:\/\/ewb.lu\/en\/#\/schema\/logo\/image\/\",\"url\":\"https:\/\/ewb.lu\/wp-content\/uploads\/2022\/11\/ewb-logo-header.svg\",\"contentUrl\":\"https:\/\/ewb.lu\/wp-content\/uploads\/2022\/11\/ewb-logo-header.svg\",\"width\":301,\"height\":38,\"caption\":\"ErwuesseBildung Asbl\"},\"image\":{\"@id\":\"https:\/\/ewb.lu\/en\/#\/schema\/logo\/image\/\"},\"sameAs\":[\"https:\/\/www.facebook.com\/ErwuesseBild\/\",\"https:\/\/lu.linkedin.com\/company\/erwuessebildung---formation-dadultes\",\"https:\/\/www.instagram.com\/erwuessebildung_asbl\/\"]}]}<\/script>\n<!-- \/ Yoast SEO plugin. -->","yoast_head_json":{"title":"Le juif amn\u00e9sique de sa M\u00e9moire - EWB","robots":{"index":"index","follow":"follow","max-snippet":"max-snippet:-1","max-image-preview":"max-image-preview:large","max-video-preview":"max-video-preview:-1"},"canonical":"https:\/\/ewb.lu\/en\/tip\/le-juif-amnesique-de-sa-memoire\/","og_locale":"en_US","og_type":"article","og_title":"Le juif amn\u00e9sique de sa M\u00e9moire - EWB","og_description":"BICHERZELT 2024 |\u00a0Un livre du grand rabbin de Luxembourg","og_url":"https:\/\/ewb.lu\/en\/tip\/le-juif-amnesique-de-sa-memoire\/","og_site_name":"EWB","article_publisher":"https:\/\/www.facebook.com\/ErwuesseBild\/","article_modified_time":"2024-04-23T06:09:38+00:00","og_image":[{"width":1222,"height":1596,"url":"https:\/\/ewb.lu\/wp-content\/uploads\/2024\/04\/Le-juif-amnesique-Christiane_Kremer.jpg","type":"image\/jpeg"}],"twitter_card":"summary_large_image","twitter_misc":{"Est. reading time":"1 minute"},"schema":{"@context":"https:\/\/schema.org","@graph":[{"@type":"WebPage","@id":"https:\/\/ewb.lu\/en\/tip\/le-juif-amnesique-de-sa-memoire\/","url":"https:\/\/ewb.lu\/en\/tip\/le-juif-amnesique-de-sa-memoire\/","name":"Le juif amn\u00e9sique de sa M\u00e9moire - EWB","isPartOf":{"@id":"https:\/\/ewb.lu\/en\/#website"},"primaryImageOfPage":{"@id":"https:\/\/ewb.lu\/en\/tip\/le-juif-amnesique-de-sa-memoire\/#primaryimage"},"image":{"@id":"https:\/\/ewb.lu\/en\/tip\/le-juif-amnesique-de-sa-memoire\/#primaryimage"},"thumbnailUrl":"https:\/\/ewb.lu\/wp-content\/uploads\/2024\/04\/Le-juif-amnesique-Christiane_Kremer.jpg","datePublished":"2024-04-23T06:06:11+00:00","dateModified":"2024-04-23T06:09:38+00:00","breadcrumb":{"@id":"https:\/\/ewb.lu\/en\/tip\/le-juif-amnesique-de-sa-memoire\/#breadcrumb"},"inLanguage":"en-US","potentialAction":[{"@type":"ReadAction","target":["https:\/\/ewb.lu\/en\/tip\/le-juif-amnesique-de-sa-memoire\/"]}]},{"@type":"ImageObject","inLanguage":"en-US","@id":"https:\/\/ewb.lu\/en\/tip\/le-juif-amnesique-de-sa-memoire\/#primaryimage","url":"https:\/\/ewb.lu\/wp-content\/uploads\/2024\/04\/Le-juif-amnesique-Christiane_Kremer.jpg","contentUrl":"https:\/\/ewb.lu\/wp-content\/uploads\/2024\/04\/Le-juif-amnesique-Christiane_Kremer.jpg","width":1222,"height":1596},{"@type":"BreadcrumbList","@id":"https:\/\/ewb.lu\/en\/tip\/le-juif-amnesique-de-sa-memoire\/#breadcrumb","itemListElement":[{"@type":"ListItem","position":1,"name":"Startseite","item":"https:\/\/ewb.lu\/en\/"},{"@type":"ListItem","position":2,"name":"Le juif amn\u00e9sique de sa M\u00e9moire"}]},{"@type":"WebSite","@id":"https:\/\/ewb.lu\/en\/#website","url":"https:\/\/ewb.lu\/en\/","name":"EwB ErwuesseBildung","description":"ErwuesseBildung","publisher":{"@id":"https:\/\/ewb.lu\/en\/#organization"},"alternateName":"EWB","potentialAction":[{"@type":"SearchAction","target":{"@type":"EntryPoint","urlTemplate":"https:\/\/ewb.lu\/en\/?s={search_term_string}"},"query-input":{"@type":"PropertyValueSpecification","valueRequired":true,"valueName":"search_term_string"}}],"inLanguage":"en-US"},{"@type":"Organization","@id":"https:\/\/ewb.lu\/en\/#organization","name":"ErwuesseBildung Asbl","alternateName":"EWB","url":"https:\/\/ewb.lu\/en\/","logo":{"@type":"ImageObject","inLanguage":"en-US","@id":"https:\/\/ewb.lu\/en\/#\/schema\/logo\/image\/","url":"https:\/\/ewb.lu\/wp-content\/uploads\/2022\/11\/ewb-logo-header.svg","contentUrl":"https:\/\/ewb.lu\/wp-content\/uploads\/2022\/11\/ewb-logo-header.svg","width":301,"height":38,"caption":"ErwuesseBildung Asbl"},"image":{"@id":"https:\/\/ewb.lu\/en\/#\/schema\/logo\/image\/"},"sameAs":["https:\/\/www.facebook.com\/ErwuesseBild\/","https:\/\/lu.linkedin.com\/company\/erwuessebildung---formation-dadultes","https:\/\/www.instagram.com\/erwuessebildung_asbl\/"]}]}},"_links":{"self":[{"href":"https:\/\/ewb.lu\/en\/wp-json\/wp\/v2\/tip\/9102","targetHints":{"allow":["GET"]}}],"collection":[{"href":"https:\/\/ewb.lu\/en\/wp-json\/wp\/v2\/tip"}],"about":[{"href":"https:\/\/ewb.lu\/en\/wp-json\/wp\/v2\/types\/tip"}],"wp:featuredmedia":[{"embeddable":true,"href":"https:\/\/ewb.lu\/en\/wp-json\/wp\/v2\/media\/9103"}],"wp:attachment":[{"href":"https:\/\/ewb.lu\/en\/wp-json\/wp\/v2\/media?parent=9102"}],"wp:term":[{"taxonomy":"genre","embeddable":true,"href":"https:\/\/ewb.lu\/en\/wp-json\/wp\/v2\/genre?post=9102"}],"curies":[{"name":"wp","href":"https:\/\/api.w.org\/{rel}","templated":true}]}}