{"id":10072,"date":"2024-06-25T12:25:15","date_gmt":"2024-06-25T11:25:15","guid":{"rendered":"https:\/\/ewb.lu\/?post_type=event&#038;p=10072"},"modified":"2024-10-23T11:05:39","modified_gmt":"2024-10-23T10:05:39","slug":"die-katholische-aesthetik-von-der-alten-messe-bis-zum-catholicore","status":"publish","type":"event","link":"https:\/\/ewb.lu\/fr\/event\/die-katholische-aesthetik-von-der-alten-messe-bis-zum-catholicore\/","title":{"rendered":"Die katholische \u00c4sthetik \u2013 von der alten Messe bis zum \u201eCatholicore\u201c"},"content":{"rendered":"<section class=\"wpb-content-wrapper\"><p>[vc_row][vc_column][vc_column_text]<\/p>\n<h3 style=\"font-weight: 400;\"><span style=\"color: #f47f57;\">Gespr\u00e4chsrunde in der Abtei Neim\u00ebnster<\/span><\/h3>\n<p style=\"font-weight: 400;\">Seit einiger Zeit erfreuen sich Elemente katholischer Fr\u00f6mmigkeit wieder gro\u00dfer Beliebtheit. Auf Plattformen wie TikTok entdecken junge Menschen unter dem Stichwort \u201ecatholic core\u201c im 21. Jahrhundert die \u00c4sthetik des Rosenkranzes wieder. Gleichzeitig werden im Streit um die nachkonziliare Liturgie h\u00e4ufig \u00e4sthetische Argumente angef\u00fchrt. Eine Messe nach dem Missale Romanum von 1962 sei sch\u00f6ner. Diese unterschiedlichen Ph\u00e4nomene werfen die Frage auf, ob es eine spezifisch katholische \u00c4sthetik gibt. Wenn das der Fall ist: Was macht sie aus und warum wirkt sie auf verschiedene Menschen so anziehend? Und nicht zuletzt: L\u00e4sst sich dieser \u00c4sthetik etwas Religi\u00f6ses abgewinnen, ohne in einen zeitgen\u00f6ssischen oder reaktion\u00e4ren \u00c4sthetizismus zu verfallen ?<\/p>\n<p>[\/vc_column_text][vc_column_text]<span style=\"font-weight: 400;\"><span style=\"color: #000000;\">Am 22. Oktober\u00a0<\/span>wird <span style=\"color: #72005f;\"><strong>Louis Berger<\/strong><\/span> zu dieser Thematik einen Impulsvortrag halten, woraufhin eine <\/span><span style=\"color: #72005f;\"><span style=\"caret-color: #72005f;\"><b>Gespr\u00e4chsrunde<\/b><\/span><\/span>\u00a0reagieren wird.<\/p>\n<p style=\"font-weight: 400;\">Wir freuen uns dar\u00fcber, dass wir diese Veranstaltung in der <span style=\"color: #72005f;\"><strong>Abtei Neim\u00ebnster<\/strong><\/span> stattfinden lassen k\u00f6nnen.<\/p>\n<p>[\/vc_column_text][vc_text_separator title=\u00a0\u00bbAn der Gespr\u00e4chsrunde nehmen teil:\u00a0\u00bb color=\u00a0\u00bborange\u00a0\u00bb][vc_column_text]<\/p>\n<p style=\"font-weight: 400;\"><strong>Louis\u00a0Berger<\/strong>\u00a0(MA in Philo und Theologie) arbeitet im Erzbistum Freiburg, Stabsstelle Kommunikation und Medien, kommt aus der katholischen Journalistenschule M\u00fcnchen und ist zudem freier Publizist u.a. f\u00fcr die FAZ.<\/p>\n<p style=\"font-weight: 400;\"><strong>Prof. Dr. Dr. Jean Ehret<\/strong> (Professor f\u00fcr Theologie und Spiritualit\u00e4t, Gr\u00fcnder der <a href=\"https:\/\/lsrs.lu\/fr\/accueil\">LSRS<\/a>) hat u.a. als Forschungsschwerpunkt das Verh\u00e4ltnis von \u00c4sthetik und Theologie, wie auch die Morphologie des Denkens.<\/p>\n<p style=\"font-weight: 400;\"><strong>Hans Fellner <\/strong>(freischaffender Kunsthistoriker und Kulturwissenschaftler) war langj\u00e4hrig als Antiquar im Bereich Buch- und Druckgrafik t\u00e4tig, sp\u00e4ter als Galerist f\u00fcr Zeitgen\u00f6ssische Kunst. Aktuell arbeitet er als unabh\u00e4ngiger Kurator und Autor f\u00fcr Kunst und Kultur in Luxemburg.<\/p>\n<p><strong>Elisabeth Koltz<\/strong> (Verantwortliche f\u00fcr religi\u00f6ses Erbe bei der <a href=\"https:\/\/inpa.public.lu\/fr.html\">INPA &#8211; Institut national pour le patrimoine architectural<\/a>)<\/p>\n<p>&#8212;<\/p>\n<p>Moderation: <strong>Dr. Nora Schleich<\/strong> (Programmkoordinatorin der EwB)[\/vc_column_text][vc_separator][\/vc_column][\/vc_row][vc_row][vc_column width=\u00a0\u00bb1\/3&Prime;][vc_single_image image=\u00a0\u00bb2242&Prime; img_size=\u00a0\u00bbmedium\u00a0\u00bb onclick=\u00a0\u00bbcustom_link\u00a0\u00bb link=\u00a0\u00bbhttp:\/\/cfd.lu\u00a0\u00bb][\/vc_column][vc_column width=\u00a0\u00bb1\/3&Prime;][vc_single_image image=\u00a0\u00bb10073&Prime; img_size=\u00a0\u00bbmedium\u00a0\u00bb onclick=\u00a0\u00bbcustom_link\u00a0\u00bb link=\u00a0\u00bbhttps:\/\/lsrs.lu\/fr\/accueil\u00a0\u00bb][\/vc_column][vc_column width=\u00a0\u00bb1\/3&Prime;][\/vc_column][\/vc_row][vc_row][vc_column][\/vc_column][\/vc_row]<\/p>\n<\/section>","protected":false},"excerpt":{"rendered":"<p>Gespr\u00e4chsrunde in der Abtei Neim\u00ebnster<\/p>\n","protected":false},"featured_media":10081,"template":"","program":[82,39],"class_list":["post-10072","event","type-event","status-publish","has-post-thumbnail","hentry","program-interreligioes","program-religioeses-erbe"],"acf":[],"yoast_head":"<!-- This site is optimized with the Yoast SEO plugin v27.1.1 - https:\/\/yoast.com\/product\/yoast-seo-wordpress\/ -->\n<title>Die katholische \u00c4sthetik \u2013 von der alten Messe bis zum \u201eCatholicore\u201c - EWB<\/title>\n<meta name=\"robots\" content=\"index, follow, max-snippet:-1, max-image-preview:large, max-video-preview:-1\" \/>\n<link rel=\"canonical\" href=\"https:\/\/ewb.lu\/fr\/event\/die-katholische-aesthetik-von-der-alten-messe-bis-zum-catholicore\/\" \/>\n<meta property=\"og:locale\" content=\"fr_FR\" \/>\n<meta property=\"og:type\" content=\"article\" \/>\n<meta property=\"og:title\" content=\"Die katholische \u00c4sthetik \u2013 von der alten Messe bis zum \u201eCatholicore\u201c - EWB\" \/>\n<meta property=\"og:description\" content=\"Gespr\u00e4chsrunde in der Abtei Neim\u00ebnster\" \/>\n<meta property=\"og:url\" content=\"https:\/\/ewb.lu\/fr\/event\/die-katholische-aesthetik-von-der-alten-messe-bis-zum-catholicore\/\" \/>\n<meta property=\"og:site_name\" content=\"EWB\" \/>\n<meta property=\"article:publisher\" content=\"https:\/\/www.facebook.com\/ErwuesseBild\/\" \/>\n<meta property=\"article:modified_time\" content=\"2024-10-23T10:05:39+00:00\" \/>\n<meta property=\"og:image\" content=\"https:\/\/ewb.lu\/wp-content\/uploads\/2024\/06\/12_Catholicore_Photo-scaled.jpeg\" \/>\n\t<meta property=\"og:image:width\" content=\"1920\" \/>\n\t<meta property=\"og:image:height\" content=\"2560\" \/>\n\t<meta property=\"og:image:type\" content=\"image\/jpeg\" \/>\n<meta name=\"twitter:card\" content=\"summary_large_image\" \/>\n<meta name=\"twitter:label1\" content=\"Dur\u00e9e de lecture estim\u00e9e\" \/>\n\t<meta name=\"twitter:data1\" content=\"2 minutes\" \/>\n<script type=\"application\/ld+json\" class=\"yoast-schema-graph\">{\"@context\":\"https:\/\/schema.org\",\"@graph\":[{\"@type\":\"WebPage\",\"@id\":\"https:\/\/ewb.lu\/fr\/event\/die-katholische-aesthetik-von-der-alten-messe-bis-zum-catholicore\/\",\"url\":\"https:\/\/ewb.lu\/fr\/event\/die-katholische-aesthetik-von-der-alten-messe-bis-zum-catholicore\/\",\"name\":\"Die katholische \u00c4sthetik \u2013 von der alten Messe bis zum \u201eCatholicore\u201c - EWB\",\"isPartOf\":{\"@id\":\"https:\/\/ewb.lu\/fr\/#website\"},\"primaryImageOfPage\":{\"@id\":\"https:\/\/ewb.lu\/fr\/event\/die-katholische-aesthetik-von-der-alten-messe-bis-zum-catholicore\/#primaryimage\"},\"image\":{\"@id\":\"https:\/\/ewb.lu\/fr\/event\/die-katholische-aesthetik-von-der-alten-messe-bis-zum-catholicore\/#primaryimage\"},\"thumbnailUrl\":\"https:\/\/ewb.lu\/wp-content\/uploads\/2024\/06\/12_Catholicore_Photo-scaled.jpeg\",\"datePublished\":\"2024-06-25T11:25:15+00:00\",\"dateModified\":\"2024-10-23T10:05:39+00:00\",\"breadcrumb\":{\"@id\":\"https:\/\/ewb.lu\/fr\/event\/die-katholische-aesthetik-von-der-alten-messe-bis-zum-catholicore\/#breadcrumb\"},\"inLanguage\":\"fr-FR\",\"potentialAction\":[{\"@type\":\"ReadAction\",\"target\":[\"https:\/\/ewb.lu\/fr\/event\/die-katholische-aesthetik-von-der-alten-messe-bis-zum-catholicore\/\"]}]},{\"@type\":\"ImageObject\",\"inLanguage\":\"fr-FR\",\"@id\":\"https:\/\/ewb.lu\/fr\/event\/die-katholische-aesthetik-von-der-alten-messe-bis-zum-catholicore\/#primaryimage\",\"url\":\"https:\/\/ewb.lu\/wp-content\/uploads\/2024\/06\/12_Catholicore_Photo-scaled.jpeg\",\"contentUrl\":\"https:\/\/ewb.lu\/wp-content\/uploads\/2024\/06\/12_Catholicore_Photo-scaled.jpeg\",\"width\":1920,\"height\":2560},{\"@type\":\"BreadcrumbList\",\"@id\":\"https:\/\/ewb.lu\/fr\/event\/die-katholische-aesthetik-von-der-alten-messe-bis-zum-catholicore\/#breadcrumb\",\"itemListElement\":[{\"@type\":\"ListItem\",\"position\":1,\"name\":\"Startseite\",\"item\":\"https:\/\/ewb.lu\/fr\/\"},{\"@type\":\"ListItem\",\"position\":2,\"name\":\"Die katholische \u00c4sthetik \u2013 von der alten Messe bis zum \u201eCatholicore\u201c\"}]},{\"@type\":\"WebSite\",\"@id\":\"https:\/\/ewb.lu\/fr\/#website\",\"url\":\"https:\/\/ewb.lu\/fr\/\",\"name\":\"EwB ErwuesseBildung\",\"description\":\"ErwuesseBildung\",\"publisher\":{\"@id\":\"https:\/\/ewb.lu\/fr\/#organization\"},\"alternateName\":\"EWB\",\"potentialAction\":[{\"@type\":\"SearchAction\",\"target\":{\"@type\":\"EntryPoint\",\"urlTemplate\":\"https:\/\/ewb.lu\/fr\/?s={search_term_string}\"},\"query-input\":{\"@type\":\"PropertyValueSpecification\",\"valueRequired\":true,\"valueName\":\"search_term_string\"}}],\"inLanguage\":\"fr-FR\"},{\"@type\":\"Organization\",\"@id\":\"https:\/\/ewb.lu\/fr\/#organization\",\"name\":\"ErwuesseBildung Asbl\",\"alternateName\":\"EWB\",\"url\":\"https:\/\/ewb.lu\/fr\/\",\"logo\":{\"@type\":\"ImageObject\",\"inLanguage\":\"fr-FR\",\"@id\":\"https:\/\/ewb.lu\/fr\/#\/schema\/logo\/image\/\",\"url\":\"https:\/\/ewb.lu\/wp-content\/uploads\/2022\/11\/ewb-logo-header.svg\",\"contentUrl\":\"https:\/\/ewb.lu\/wp-content\/uploads\/2022\/11\/ewb-logo-header.svg\",\"width\":301,\"height\":38,\"caption\":\"ErwuesseBildung Asbl\"},\"image\":{\"@id\":\"https:\/\/ewb.lu\/fr\/#\/schema\/logo\/image\/\"},\"sameAs\":[\"https:\/\/www.facebook.com\/ErwuesseBild\/\",\"https:\/\/lu.linkedin.com\/company\/erwuessebildung---formation-dadultes\",\"https:\/\/www.instagram.com\/erwuessebildung_asbl\/\"]}]}<\/script>\n<!-- \/ Yoast SEO plugin. -->","yoast_head_json":{"title":"Die katholische \u00c4sthetik \u2013 von der alten Messe bis zum \u201eCatholicore\u201c - EWB","robots":{"index":"index","follow":"follow","max-snippet":"max-snippet:-1","max-image-preview":"max-image-preview:large","max-video-preview":"max-video-preview:-1"},"canonical":"https:\/\/ewb.lu\/fr\/event\/die-katholische-aesthetik-von-der-alten-messe-bis-zum-catholicore\/","og_locale":"fr_FR","og_type":"article","og_title":"Die katholische \u00c4sthetik \u2013 von der alten Messe bis zum \u201eCatholicore\u201c - EWB","og_description":"Gespr\u00e4chsrunde in der Abtei Neim\u00ebnster","og_url":"https:\/\/ewb.lu\/fr\/event\/die-katholische-aesthetik-von-der-alten-messe-bis-zum-catholicore\/","og_site_name":"EWB","article_publisher":"https:\/\/www.facebook.com\/ErwuesseBild\/","article_modified_time":"2024-10-23T10:05:39+00:00","og_image":[{"width":1920,"height":2560,"url":"https:\/\/ewb.lu\/wp-content\/uploads\/2024\/06\/12_Catholicore_Photo-scaled.jpeg","type":"image\/jpeg"}],"twitter_card":"summary_large_image","twitter_misc":{"Dur\u00e9e de lecture estim\u00e9e":"2 minutes"},"schema":{"@context":"https:\/\/schema.org","@graph":[{"@type":"WebPage","@id":"https:\/\/ewb.lu\/fr\/event\/die-katholische-aesthetik-von-der-alten-messe-bis-zum-catholicore\/","url":"https:\/\/ewb.lu\/fr\/event\/die-katholische-aesthetik-von-der-alten-messe-bis-zum-catholicore\/","name":"Die katholische \u00c4sthetik \u2013 von der alten Messe bis zum \u201eCatholicore\u201c - EWB","isPartOf":{"@id":"https:\/\/ewb.lu\/fr\/#website"},"primaryImageOfPage":{"@id":"https:\/\/ewb.lu\/fr\/event\/die-katholische-aesthetik-von-der-alten-messe-bis-zum-catholicore\/#primaryimage"},"image":{"@id":"https:\/\/ewb.lu\/fr\/event\/die-katholische-aesthetik-von-der-alten-messe-bis-zum-catholicore\/#primaryimage"},"thumbnailUrl":"https:\/\/ewb.lu\/wp-content\/uploads\/2024\/06\/12_Catholicore_Photo-scaled.jpeg","datePublished":"2024-06-25T11:25:15+00:00","dateModified":"2024-10-23T10:05:39+00:00","breadcrumb":{"@id":"https:\/\/ewb.lu\/fr\/event\/die-katholische-aesthetik-von-der-alten-messe-bis-zum-catholicore\/#breadcrumb"},"inLanguage":"fr-FR","potentialAction":[{"@type":"ReadAction","target":["https:\/\/ewb.lu\/fr\/event\/die-katholische-aesthetik-von-der-alten-messe-bis-zum-catholicore\/"]}]},{"@type":"ImageObject","inLanguage":"fr-FR","@id":"https:\/\/ewb.lu\/fr\/event\/die-katholische-aesthetik-von-der-alten-messe-bis-zum-catholicore\/#primaryimage","url":"https:\/\/ewb.lu\/wp-content\/uploads\/2024\/06\/12_Catholicore_Photo-scaled.jpeg","contentUrl":"https:\/\/ewb.lu\/wp-content\/uploads\/2024\/06\/12_Catholicore_Photo-scaled.jpeg","width":1920,"height":2560},{"@type":"BreadcrumbList","@id":"https:\/\/ewb.lu\/fr\/event\/die-katholische-aesthetik-von-der-alten-messe-bis-zum-catholicore\/#breadcrumb","itemListElement":[{"@type":"ListItem","position":1,"name":"Startseite","item":"https:\/\/ewb.lu\/fr\/"},{"@type":"ListItem","position":2,"name":"Die katholische \u00c4sthetik \u2013 von der alten Messe bis zum \u201eCatholicore\u201c"}]},{"@type":"WebSite","@id":"https:\/\/ewb.lu\/fr\/#website","url":"https:\/\/ewb.lu\/fr\/","name":"EwB ErwuesseBildung","description":"ErwuesseBildung","publisher":{"@id":"https:\/\/ewb.lu\/fr\/#organization"},"alternateName":"EWB","potentialAction":[{"@type":"SearchAction","target":{"@type":"EntryPoint","urlTemplate":"https:\/\/ewb.lu\/fr\/?s={search_term_string}"},"query-input":{"@type":"PropertyValueSpecification","valueRequired":true,"valueName":"search_term_string"}}],"inLanguage":"fr-FR"},{"@type":"Organization","@id":"https:\/\/ewb.lu\/fr\/#organization","name":"ErwuesseBildung Asbl","alternateName":"EWB","url":"https:\/\/ewb.lu\/fr\/","logo":{"@type":"ImageObject","inLanguage":"fr-FR","@id":"https:\/\/ewb.lu\/fr\/#\/schema\/logo\/image\/","url":"https:\/\/ewb.lu\/wp-content\/uploads\/2022\/11\/ewb-logo-header.svg","contentUrl":"https:\/\/ewb.lu\/wp-content\/uploads\/2022\/11\/ewb-logo-header.svg","width":301,"height":38,"caption":"ErwuesseBildung Asbl"},"image":{"@id":"https:\/\/ewb.lu\/fr\/#\/schema\/logo\/image\/"},"sameAs":["https:\/\/www.facebook.com\/ErwuesseBild\/","https:\/\/lu.linkedin.com\/company\/erwuessebildung---formation-dadultes","https:\/\/www.instagram.com\/erwuessebildung_asbl\/"]}]}},"_links":{"self":[{"href":"https:\/\/ewb.lu\/fr\/wp-json\/wp\/v2\/event\/10072","targetHints":{"allow":["GET"]}}],"collection":[{"href":"https:\/\/ewb.lu\/fr\/wp-json\/wp\/v2\/event"}],"about":[{"href":"https:\/\/ewb.lu\/fr\/wp-json\/wp\/v2\/types\/event"}],"version-history":[{"count":20,"href":"https:\/\/ewb.lu\/fr\/wp-json\/wp\/v2\/event\/10072\/revisions"}],"predecessor-version":[{"id":12361,"href":"https:\/\/ewb.lu\/fr\/wp-json\/wp\/v2\/event\/10072\/revisions\/12361"}],"wp:featuredmedia":[{"embeddable":true,"href":"https:\/\/ewb.lu\/fr\/wp-json\/wp\/v2\/media\/10081"}],"wp:attachment":[{"href":"https:\/\/ewb.lu\/fr\/wp-json\/wp\/v2\/media?parent=10072"}],"wp:term":[{"taxonomy":"program","embeddable":true,"href":"https:\/\/ewb.lu\/fr\/wp-json\/wp\/v2\/program?post=10072"}],"curies":[{"name":"wp","href":"https:\/\/api.w.org\/{rel}","templated":true}]}}