{"id":10597,"date":"2024-07-10T07:17:53","date_gmt":"2024-07-10T06:17:53","guid":{"rendered":"https:\/\/ewb.lu\/?post_type=event&#038;p=10597"},"modified":"2025-12-05T17:40:10","modified_gmt":"2025-12-05T16:40:10","slug":"philo-workshop-kritisches-denken-skeptizismus","status":"publish","type":"event","link":"https:\/\/ewb.lu\/fr\/event\/philo-workshop-kritisches-denken-skeptizismus\/","title":{"rendered":"Philo Workshop Kritisches Denken \u2013 Skeptizismus"},"content":{"rendered":"<section class=\"wpb-content-wrapper\"><p>[vc_row][vc_column][vc_column_text]<\/p>\n<h3><span style=\"color: #f47f57;\">Erik Eschmann l\u00e4dt zum n\u00e4chsten Philo-Workshop ein!<\/span><\/h3>\n<p>Im Oktober und Dezember hei\u00dft es in der EwB: Kritisches Denken \u2013 was soll das sein? Kann es Gewissheit geben? Und was ist Wissen \u00fcberhaupt?\u00a0 K\u00f6nnen wir Dogmen enttarnen \u2013 oder sind wir auf sie angewiesen?<\/p>\n<p>Schon in der Antike gab es Skeptiker, die mit Pyrrhon begannen, Wissen in Frage zu stellen. Mit ihrer skeptischen Grundhaltung wollten sie Gem\u00fctsruhe erlangen. Ein anderes Interesse hatte der neuzeitliche Denker <strong>Ren\u00e9 Descartes<\/strong>. Mithilfe eines methodischen Zweifels wollte er zu gesichertem Wissen gelangen. Seine Idee: Wenn wir alles ausschlie\u00dfen, was zweifelhaft ist, bleibt nur noch das Gewisse \u00fcbrig.<\/p>\n<p>Doch l\u00e4sst man den Zweifel erst einmal zu, kann man nicht wissen, ob Wissen dann \u00fcberhaupt noch m\u00f6glich ist. <strong>David Hume<\/strong> reduzierte Wissen daher auf blo\u00dfe Gewohnheiten und<strong> Immanuel Kant<\/strong> suchte nach den notwendigen Bedingungen zur Erkenntnis.<\/p>\n<p><strong>Auch heute bereitet uns der Zweifel Unbehagen und l\u00e4sst schwanken \u2013 doch ohne ihn m\u00fcssten wir blind glauben.<\/strong><\/p>\n<p>Der Zweifel hat noch heute einen festen Platz in der Philosophie. <strong>Gemeinsam wollen wir in der EwB der Skepsis auf die Spur kommen: wie wir richtig zweifeln und wie uns der Zweifel helfen kann, uns im Denken zu orientieren.<\/strong><\/p>\n<ul>\n<li>Teil I der Reihe Kritisches Denken \u2013 Skeptizismus findet im November statt,<\/li>\n<li>Teil II folgt im Dezember.<\/li>\n<\/ul>\n<p>Die Workshops k\u00f6nnen auch unabh\u00e4ngig voneinander besucht werden.<\/p>\n<p><span style=\"color: #f47f57;\"><strong>Jeder ist willkommen! Vorkenntnisse sind nicht erforderlich.<\/strong><\/span><\/p>\n<p>Sie haben Interesse? Dann melden Sie sich gerne an.[\/vc_column_text][\/vc_column][\/vc_row][vc_row][vc_column][vc_separator][\/vc_column][\/vc_row][vc_row][vc_column width=\u00a0\u00bb1\/4&Prime;][vc_single_image image=\u00a0\u00bb912&Prime; img_size=\u00a0\u00bbfull\u00a0\u00bb alignment=\u00a0\u00bbcenter\u00a0\u00bb][\/vc_column][vc_column width=\u00a0\u00bb3\/4&Prime;][vc_column_text]<\/p>\n<p style=\"font-weight: 400;\">Erik Eschmann ist promovierter Philosoph und leitet regelm\u00e4\u00dfig Philo-Workshops in der EwB. Zudem l\u00e4dt er zusammen mit Nora Schleich zum monatlichen <a href=\"https:\/\/ewb.lu\/event\/philo-cafe\/\">Philo-Caf\u00e9 im <em>Le Bovary<\/em><\/a>.<\/p>\n<p>[\/vc_column_text][\/vc_column][\/vc_row][vc_row][vc_column][vc_separator][\/vc_column][\/vc_row][vc_row][vc_column][vc_column_text]<\/p>\n<p style=\"font-weight: 400;\"><em>Mit freundlicher Unterst\u00fctzung der <a href=\"https:\/\/www.oeuvre.lu\">\u0152uvre<\/a>.<\/em><\/p>\n<p>[\/vc_column_text][\/vc_column][\/vc_row][vc_row][vc_column width=\u00a0\u00bb1\/4&Prime;][vc_single_image image=\u00a0\u00bb18687&Prime; img_size=\u00a0\u00bbfull\u00a0\u00bb][\/vc_column][vc_column width=\u00a0\u00bb1\/4&Prime;][\/vc_column][vc_column width=\u00a0\u00bb1\/4&Prime;][\/vc_column][vc_column width=\u00a0\u00bb1\/4&Prime;][\/vc_column][\/vc_row]<\/p>\n<\/section>","protected":false},"excerpt":{"rendered":"<p>Mit Erik Eschmann<\/p>\n","protected":false},"featured_media":10598,"template":"","program":[112,70],"class_list":["post-10597","event","type-event","status-publish","has-post-thumbnail","hentry","program-gesellschaft-heute-2","program-philosophie-soziologie"],"acf":[],"yoast_head":"<!-- This site is optimized with the Yoast SEO plugin v27.1.1 - https:\/\/yoast.com\/product\/yoast-seo-wordpress\/ -->\n<title>Philo Workshop Kritisches Denken \u2013 Skeptizismus<\/title>\n<meta name=\"robots\" content=\"index, follow, max-snippet:-1, max-image-preview:large, max-video-preview:-1\" \/>\n<link rel=\"canonical\" href=\"https:\/\/ewb.lu\/fr\/event\/philo-workshop-kritisches-denken-skeptizismus\/\" \/>\n<meta property=\"og:locale\" content=\"fr_FR\" \/>\n<meta property=\"og:type\" content=\"article\" \/>\n<meta property=\"og:title\" content=\"Philo Workshop Kritisches Denken \u2013 Skeptizismus\" \/>\n<meta property=\"og:description\" content=\"Mit Erik Eschmann\" \/>\n<meta property=\"og:url\" content=\"https:\/\/ewb.lu\/fr\/event\/philo-workshop-kritisches-denken-skeptizismus\/\" \/>\n<meta property=\"og:site_name\" content=\"EWB\" \/>\n<meta property=\"article:publisher\" content=\"https:\/\/www.facebook.com\/ErwuesseBild\/\" \/>\n<meta property=\"article:modified_time\" content=\"2025-12-05T16:40:10+00:00\" \/>\n<meta property=\"og:image\" content=\"https:\/\/ewb.lu\/wp-content\/uploads\/2024\/07\/tingey-injury-law-firm-LJhXYHxPfEY-unsplash-scaled.jpg\" \/>\n\t<meta property=\"og:image:width\" content=\"1707\" \/>\n\t<meta property=\"og:image:height\" content=\"2560\" \/>\n\t<meta property=\"og:image:type\" content=\"image\/jpeg\" \/>\n<meta name=\"twitter:card\" content=\"summary_large_image\" \/>\n<meta name=\"twitter:label1\" content=\"Dur\u00e9e de lecture estim\u00e9e\" \/>\n\t<meta name=\"twitter:data1\" content=\"2 minutes\" \/>\n<script type=\"application\/ld+json\" class=\"yoast-schema-graph\">{\"@context\":\"https:\/\/schema.org\",\"@graph\":[{\"@type\":\"WebPage\",\"@id\":\"https:\/\/ewb.lu\/fr\/event\/philo-workshop-kritisches-denken-skeptizismus\/\",\"url\":\"https:\/\/ewb.lu\/fr\/event\/philo-workshop-kritisches-denken-skeptizismus\/\",\"name\":\"Philo Workshop Kritisches Denken \u2013 Skeptizismus\",\"isPartOf\":{\"@id\":\"https:\/\/ewb.lu\/fr\/#website\"},\"primaryImageOfPage\":{\"@id\":\"https:\/\/ewb.lu\/fr\/event\/philo-workshop-kritisches-denken-skeptizismus\/#primaryimage\"},\"image\":{\"@id\":\"https:\/\/ewb.lu\/fr\/event\/philo-workshop-kritisches-denken-skeptizismus\/#primaryimage\"},\"thumbnailUrl\":\"https:\/\/ewb.lu\/wp-content\/uploads\/2024\/07\/tingey-injury-law-firm-LJhXYHxPfEY-unsplash-scaled.jpg\",\"datePublished\":\"2024-07-10T06:17:53+00:00\",\"dateModified\":\"2025-12-05T16:40:10+00:00\",\"breadcrumb\":{\"@id\":\"https:\/\/ewb.lu\/fr\/event\/philo-workshop-kritisches-denken-skeptizismus\/#breadcrumb\"},\"inLanguage\":\"fr-FR\",\"potentialAction\":[{\"@type\":\"ReadAction\",\"target\":[\"https:\/\/ewb.lu\/fr\/event\/philo-workshop-kritisches-denken-skeptizismus\/\"]}]},{\"@type\":\"ImageObject\",\"inLanguage\":\"fr-FR\",\"@id\":\"https:\/\/ewb.lu\/fr\/event\/philo-workshop-kritisches-denken-skeptizismus\/#primaryimage\",\"url\":\"https:\/\/ewb.lu\/wp-content\/uploads\/2024\/07\/tingey-injury-law-firm-LJhXYHxPfEY-unsplash-scaled.jpg\",\"contentUrl\":\"https:\/\/ewb.lu\/wp-content\/uploads\/2024\/07\/tingey-injury-law-firm-LJhXYHxPfEY-unsplash-scaled.jpg\",\"width\":1707,\"height\":2560},{\"@type\":\"BreadcrumbList\",\"@id\":\"https:\/\/ewb.lu\/fr\/event\/philo-workshop-kritisches-denken-skeptizismus\/#breadcrumb\",\"itemListElement\":[{\"@type\":\"ListItem\",\"position\":1,\"name\":\"Startseite\",\"item\":\"https:\/\/ewb.lu\/fr\/\"},{\"@type\":\"ListItem\",\"position\":2,\"name\":\"Philo Workshop Kritisches Denken \u2013 Skeptizismus\"}]},{\"@type\":\"WebSite\",\"@id\":\"https:\/\/ewb.lu\/fr\/#website\",\"url\":\"https:\/\/ewb.lu\/fr\/\",\"name\":\"EwB ErwuesseBildung\",\"description\":\"ErwuesseBildung\",\"publisher\":{\"@id\":\"https:\/\/ewb.lu\/fr\/#organization\"},\"alternateName\":\"EWB\",\"potentialAction\":[{\"@type\":\"SearchAction\",\"target\":{\"@type\":\"EntryPoint\",\"urlTemplate\":\"https:\/\/ewb.lu\/fr\/?s={search_term_string}\"},\"query-input\":{\"@type\":\"PropertyValueSpecification\",\"valueRequired\":true,\"valueName\":\"search_term_string\"}}],\"inLanguage\":\"fr-FR\"},{\"@type\":\"Organization\",\"@id\":\"https:\/\/ewb.lu\/fr\/#organization\",\"name\":\"ErwuesseBildung Asbl\",\"alternateName\":\"EWB\",\"url\":\"https:\/\/ewb.lu\/fr\/\",\"logo\":{\"@type\":\"ImageObject\",\"inLanguage\":\"fr-FR\",\"@id\":\"https:\/\/ewb.lu\/fr\/#\/schema\/logo\/image\/\",\"url\":\"https:\/\/ewb.lu\/wp-content\/uploads\/2022\/11\/ewb-logo-header.svg\",\"contentUrl\":\"https:\/\/ewb.lu\/wp-content\/uploads\/2022\/11\/ewb-logo-header.svg\",\"width\":301,\"height\":38,\"caption\":\"ErwuesseBildung Asbl\"},\"image\":{\"@id\":\"https:\/\/ewb.lu\/fr\/#\/schema\/logo\/image\/\"},\"sameAs\":[\"https:\/\/www.facebook.com\/ErwuesseBild\/\",\"https:\/\/lu.linkedin.com\/company\/erwuessebildung---formation-dadultes\",\"https:\/\/www.instagram.com\/erwuessebildung_asbl\/\"]}]}<\/script>\n<!-- \/ Yoast SEO plugin. -->","yoast_head_json":{"title":"Philo Workshop Kritisches Denken \u2013 Skeptizismus","robots":{"index":"index","follow":"follow","max-snippet":"max-snippet:-1","max-image-preview":"max-image-preview:large","max-video-preview":"max-video-preview:-1"},"canonical":"https:\/\/ewb.lu\/fr\/event\/philo-workshop-kritisches-denken-skeptizismus\/","og_locale":"fr_FR","og_type":"article","og_title":"Philo Workshop Kritisches Denken \u2013 Skeptizismus","og_description":"Mit Erik Eschmann","og_url":"https:\/\/ewb.lu\/fr\/event\/philo-workshop-kritisches-denken-skeptizismus\/","og_site_name":"EWB","article_publisher":"https:\/\/www.facebook.com\/ErwuesseBild\/","article_modified_time":"2025-12-05T16:40:10+00:00","og_image":[{"width":1707,"height":2560,"url":"https:\/\/ewb.lu\/wp-content\/uploads\/2024\/07\/tingey-injury-law-firm-LJhXYHxPfEY-unsplash-scaled.jpg","type":"image\/jpeg"}],"twitter_card":"summary_large_image","twitter_misc":{"Dur\u00e9e de lecture estim\u00e9e":"2 minutes"},"schema":{"@context":"https:\/\/schema.org","@graph":[{"@type":"WebPage","@id":"https:\/\/ewb.lu\/fr\/event\/philo-workshop-kritisches-denken-skeptizismus\/","url":"https:\/\/ewb.lu\/fr\/event\/philo-workshop-kritisches-denken-skeptizismus\/","name":"Philo Workshop Kritisches Denken \u2013 Skeptizismus","isPartOf":{"@id":"https:\/\/ewb.lu\/fr\/#website"},"primaryImageOfPage":{"@id":"https:\/\/ewb.lu\/fr\/event\/philo-workshop-kritisches-denken-skeptizismus\/#primaryimage"},"image":{"@id":"https:\/\/ewb.lu\/fr\/event\/philo-workshop-kritisches-denken-skeptizismus\/#primaryimage"},"thumbnailUrl":"https:\/\/ewb.lu\/wp-content\/uploads\/2024\/07\/tingey-injury-law-firm-LJhXYHxPfEY-unsplash-scaled.jpg","datePublished":"2024-07-10T06:17:53+00:00","dateModified":"2025-12-05T16:40:10+00:00","breadcrumb":{"@id":"https:\/\/ewb.lu\/fr\/event\/philo-workshop-kritisches-denken-skeptizismus\/#breadcrumb"},"inLanguage":"fr-FR","potentialAction":[{"@type":"ReadAction","target":["https:\/\/ewb.lu\/fr\/event\/philo-workshop-kritisches-denken-skeptizismus\/"]}]},{"@type":"ImageObject","inLanguage":"fr-FR","@id":"https:\/\/ewb.lu\/fr\/event\/philo-workshop-kritisches-denken-skeptizismus\/#primaryimage","url":"https:\/\/ewb.lu\/wp-content\/uploads\/2024\/07\/tingey-injury-law-firm-LJhXYHxPfEY-unsplash-scaled.jpg","contentUrl":"https:\/\/ewb.lu\/wp-content\/uploads\/2024\/07\/tingey-injury-law-firm-LJhXYHxPfEY-unsplash-scaled.jpg","width":1707,"height":2560},{"@type":"BreadcrumbList","@id":"https:\/\/ewb.lu\/fr\/event\/philo-workshop-kritisches-denken-skeptizismus\/#breadcrumb","itemListElement":[{"@type":"ListItem","position":1,"name":"Startseite","item":"https:\/\/ewb.lu\/fr\/"},{"@type":"ListItem","position":2,"name":"Philo Workshop Kritisches Denken \u2013 Skeptizismus"}]},{"@type":"WebSite","@id":"https:\/\/ewb.lu\/fr\/#website","url":"https:\/\/ewb.lu\/fr\/","name":"EwB ErwuesseBildung","description":"ErwuesseBildung","publisher":{"@id":"https:\/\/ewb.lu\/fr\/#organization"},"alternateName":"EWB","potentialAction":[{"@type":"SearchAction","target":{"@type":"EntryPoint","urlTemplate":"https:\/\/ewb.lu\/fr\/?s={search_term_string}"},"query-input":{"@type":"PropertyValueSpecification","valueRequired":true,"valueName":"search_term_string"}}],"inLanguage":"fr-FR"},{"@type":"Organization","@id":"https:\/\/ewb.lu\/fr\/#organization","name":"ErwuesseBildung Asbl","alternateName":"EWB","url":"https:\/\/ewb.lu\/fr\/","logo":{"@type":"ImageObject","inLanguage":"fr-FR","@id":"https:\/\/ewb.lu\/fr\/#\/schema\/logo\/image\/","url":"https:\/\/ewb.lu\/wp-content\/uploads\/2022\/11\/ewb-logo-header.svg","contentUrl":"https:\/\/ewb.lu\/wp-content\/uploads\/2022\/11\/ewb-logo-header.svg","width":301,"height":38,"caption":"ErwuesseBildung Asbl"},"image":{"@id":"https:\/\/ewb.lu\/fr\/#\/schema\/logo\/image\/"},"sameAs":["https:\/\/www.facebook.com\/ErwuesseBild\/","https:\/\/lu.linkedin.com\/company\/erwuessebildung---formation-dadultes","https:\/\/www.instagram.com\/erwuessebildung_asbl\/"]}]}},"_links":{"self":[{"href":"https:\/\/ewb.lu\/fr\/wp-json\/wp\/v2\/event\/10597","targetHints":{"allow":["GET"]}}],"collection":[{"href":"https:\/\/ewb.lu\/fr\/wp-json\/wp\/v2\/event"}],"about":[{"href":"https:\/\/ewb.lu\/fr\/wp-json\/wp\/v2\/types\/event"}],"version-history":[{"count":15,"href":"https:\/\/ewb.lu\/fr\/wp-json\/wp\/v2\/event\/10597\/revisions"}],"predecessor-version":[{"id":18729,"href":"https:\/\/ewb.lu\/fr\/wp-json\/wp\/v2\/event\/10597\/revisions\/18729"}],"wp:featuredmedia":[{"embeddable":true,"href":"https:\/\/ewb.lu\/fr\/wp-json\/wp\/v2\/media\/10598"}],"wp:attachment":[{"href":"https:\/\/ewb.lu\/fr\/wp-json\/wp\/v2\/media?parent=10597"}],"wp:term":[{"taxonomy":"program","embeddable":true,"href":"https:\/\/ewb.lu\/fr\/wp-json\/wp\/v2\/program?post=10597"}],"curies":[{"name":"wp","href":"https:\/\/api.w.org\/{rel}","templated":true}]}}