{"id":16294,"date":"2025-05-21T11:40:56","date_gmt":"2025-05-21T09:40:56","guid":{"rendered":"https:\/\/ewb.lu\/?post_type=event&#038;p=16294"},"modified":"2025-12-04T16:30:52","modified_gmt":"2025-12-04T15:30:52","slug":"asbl-labo","status":"publish","type":"event","link":"https:\/\/ewb.lu\/fr\/event\/asbl-labo\/","title":{"rendered":"ASBL Labo"},"content":{"rendered":"<section class=\"wpb-content-wrapper\"><p>[vc_row][vc_column][vc_column_text]<\/p>\n<p style=\"font-weight: 400;\">D\u2019EwB asbl lanc\u00e9iert zesumme mat der <a href=\"https:\/\/www.fedas.lu\/de\">FEDAS<\/a> <strong>eng Table Ronde zur Situatioun vun den Asblen zu L\u00ebtzebuerg<\/strong>. Am Kontext vum Rapport vun der Caritas-Spezialkommissioun ass d\u00ebs Diskussioun besonnesch akut. Et ginn eng s\u00ebllege Froen, d\u00e9i mussen zesummen opgeschafft ginn:<\/p>\n<p style=\"font-weight: 400;\">W\u00e9i eng Organisatiounsformen ginn et am Non-Profit Secteur? Wat sinn d\u00e9i \u00ebnnerschiddlech Ufuerderungen a Selbstverst\u00e4ndnisser am Secteur?<\/p>\n<p style=\"font-weight: 400;\">D\u00ebse Secteur orient\u00e9iert sech oft intrinsesch u W\u00e4erter an Iddien; an e lieft och duerch d\u2019Engagement vum Benevolat, gl\u00e4ichz\u00e4iteg ass en mat \u00ebmmer m\u00e9i grousser Professionalis\u00e9ierung konfront\u00e9iert. W\u00e9i kann een d\u00ebsen Alleinstehungsmerkmal an der Gesellschaft vun haut nach stierken, souwuel an de Kommitee w\u00e9i och an der Organisatioun selwer? W\u00e9i ee Kader brauch et vum Staat fir den Defie vun haut a muer entg\u00e9int ze kucken?<\/p>\n<p style=\"font-weight: 400;\"><strong>Den Owend g\u00ebtt geleet vum Djuna Bernard.<\/strong> Si huet Non-Profit Mangement stud\u00e9iert a sech an hirer Masteraarbecht mat d\u00ebsem Thema besch\u00e4ftegt.<\/p>\n<p style=\"font-weight: 400;\"><strong>Mat um Panel s\u00ebtzen <\/strong>den Thomas Lentz (Secr\u00e9taire G\u00e9n\u00e9rale vun der <a href=\"https:\/\/www.fedas.lu\/de\">FEDAS<\/a>), de Jean-Louis Schlesser (Secr\u00e9taire vum Conseil d&rsquo;Administratioun vun der <a href=\"https:\/\/www.asti.lu\">ASTI<\/a>) an d&rsquo;Julie Bov\u00e9 (Commissaire g\u00e9n\u00e9rale vun der <a href=\"https:\/\/www.fnel.lu\">FNEL<\/a>).<\/p>\n<p style=\"font-weight: 400;\">Kommt zu vill \u2013 mir si gespaant op \u00c4r Meenung !<\/p>\n<p>[\/vc_column_text][\/vc_column][\/vc_row][vc_row][vc_column][vc_separator][\/vc_column][\/vc_row][vc_row][vc_column width=\u00a0\u00bb1\/4&Prime;][vc_single_image image=\u00a0\u00bb16298&Prime; img_size=\u00a0\u00bbfull\u00a0\u00bb onclick=\u00a0\u00bbcustom_link\u00a0\u00bb link=\u00a0\u00bbhttps:\/\/www.fedas.lu\/de\u00a0\u00bb][\/vc_column][vc_column width=\u00a0\u00bb1\/4&Prime;][\/vc_column][vc_column width=\u00a0\u00bb1\/4&Prime;][\/vc_column][vc_column width=\u00a0\u00bb1\/4&Prime;][\/vc_column][\/vc_row]<\/p>\n<\/section>","protected":false},"excerpt":{"rendered":"<p>Eng Table Ronde zur Situatioun vun den Asblen zu L\u00ebtzebuerg<\/p>\n","protected":false},"featured_media":16295,"template":"","program":[112,70],"class_list":["post-16294","event","type-event","status-publish","has-post-thumbnail","hentry","program-gesellschaft-heute-2","program-philosophie-soziologie"],"acf":[],"yoast_head":"<!-- This site is optimized with the Yoast SEO plugin v27.1.1 - https:\/\/yoast.com\/product\/yoast-seo-wordpress\/ -->\n<title>ASBL Labo - EWB<\/title>\n<meta name=\"robots\" content=\"index, follow, max-snippet:-1, max-image-preview:large, max-video-preview:-1\" \/>\n<link rel=\"canonical\" href=\"https:\/\/ewb.lu\/fr\/event\/asbl-labo\/\" \/>\n<meta property=\"og:locale\" content=\"fr_FR\" \/>\n<meta property=\"og:type\" content=\"article\" \/>\n<meta property=\"og:title\" content=\"ASBL Labo - EWB\" \/>\n<meta property=\"og:description\" content=\"Eng Table Ronde zur Situatioun vun den Asblen zu L\u00ebtzebuerg\" \/>\n<meta property=\"og:url\" content=\"https:\/\/ewb.lu\/fr\/event\/asbl-labo\/\" \/>\n<meta property=\"og:site_name\" content=\"EWB\" \/>\n<meta property=\"article:publisher\" content=\"https:\/\/www.facebook.com\/ErwuesseBild\/\" \/>\n<meta property=\"article:modified_time\" content=\"2025-12-04T15:30:52+00:00\" \/>\n<meta property=\"og:image\" content=\"https:\/\/ewb.lu\/wp-content\/uploads\/2025\/05\/Bildschirmfoto-2025-05-21-um-11.43.28.jpg\" \/>\n\t<meta property=\"og:image:width\" content=\"1798\" \/>\n\t<meta property=\"og:image:height\" content=\"1172\" \/>\n\t<meta property=\"og:image:type\" content=\"image\/jpeg\" \/>\n<meta name=\"twitter:card\" content=\"summary_large_image\" \/>\n<meta name=\"twitter:label1\" content=\"Dur\u00e9e de lecture estim\u00e9e\" \/>\n\t<meta name=\"twitter:data1\" content=\"2 minutes\" \/>\n<script type=\"application\/ld+json\" class=\"yoast-schema-graph\">{\"@context\":\"https:\/\/schema.org\",\"@graph\":[{\"@type\":\"WebPage\",\"@id\":\"https:\/\/ewb.lu\/fr\/event\/asbl-labo\/\",\"url\":\"https:\/\/ewb.lu\/fr\/event\/asbl-labo\/\",\"name\":\"ASBL Labo - EWB\",\"isPartOf\":{\"@id\":\"https:\/\/ewb.lu\/fr\/#website\"},\"primaryImageOfPage\":{\"@id\":\"https:\/\/ewb.lu\/fr\/event\/asbl-labo\/#primaryimage\"},\"image\":{\"@id\":\"https:\/\/ewb.lu\/fr\/event\/asbl-labo\/#primaryimage\"},\"thumbnailUrl\":\"https:\/\/ewb.lu\/wp-content\/uploads\/2025\/05\/Bildschirmfoto-2025-05-21-um-11.43.28.jpg\",\"datePublished\":\"2025-05-21T09:40:56+00:00\",\"dateModified\":\"2025-12-04T15:30:52+00:00\",\"breadcrumb\":{\"@id\":\"https:\/\/ewb.lu\/fr\/event\/asbl-labo\/#breadcrumb\"},\"inLanguage\":\"fr-FR\",\"potentialAction\":[{\"@type\":\"ReadAction\",\"target\":[\"https:\/\/ewb.lu\/fr\/event\/asbl-labo\/\"]}]},{\"@type\":\"ImageObject\",\"inLanguage\":\"fr-FR\",\"@id\":\"https:\/\/ewb.lu\/fr\/event\/asbl-labo\/#primaryimage\",\"url\":\"https:\/\/ewb.lu\/wp-content\/uploads\/2025\/05\/Bildschirmfoto-2025-05-21-um-11.43.28.jpg\",\"contentUrl\":\"https:\/\/ewb.lu\/wp-content\/uploads\/2025\/05\/Bildschirmfoto-2025-05-21-um-11.43.28.jpg\",\"width\":1798,\"height\":1172},{\"@type\":\"BreadcrumbList\",\"@id\":\"https:\/\/ewb.lu\/fr\/event\/asbl-labo\/#breadcrumb\",\"itemListElement\":[{\"@type\":\"ListItem\",\"position\":1,\"name\":\"Startseite\",\"item\":\"https:\/\/ewb.lu\/fr\/\"},{\"@type\":\"ListItem\",\"position\":2,\"name\":\"ASBL Labo\"}]},{\"@type\":\"WebSite\",\"@id\":\"https:\/\/ewb.lu\/fr\/#website\",\"url\":\"https:\/\/ewb.lu\/fr\/\",\"name\":\"EwB ErwuesseBildung\",\"description\":\"ErwuesseBildung\",\"publisher\":{\"@id\":\"https:\/\/ewb.lu\/fr\/#organization\"},\"alternateName\":\"EWB\",\"potentialAction\":[{\"@type\":\"SearchAction\",\"target\":{\"@type\":\"EntryPoint\",\"urlTemplate\":\"https:\/\/ewb.lu\/fr\/?s={search_term_string}\"},\"query-input\":{\"@type\":\"PropertyValueSpecification\",\"valueRequired\":true,\"valueName\":\"search_term_string\"}}],\"inLanguage\":\"fr-FR\"},{\"@type\":\"Organization\",\"@id\":\"https:\/\/ewb.lu\/fr\/#organization\",\"name\":\"ErwuesseBildung Asbl\",\"alternateName\":\"EWB\",\"url\":\"https:\/\/ewb.lu\/fr\/\",\"logo\":{\"@type\":\"ImageObject\",\"inLanguage\":\"fr-FR\",\"@id\":\"https:\/\/ewb.lu\/fr\/#\/schema\/logo\/image\/\",\"url\":\"https:\/\/ewb.lu\/wp-content\/uploads\/2022\/11\/ewb-logo-header.svg\",\"contentUrl\":\"https:\/\/ewb.lu\/wp-content\/uploads\/2022\/11\/ewb-logo-header.svg\",\"width\":301,\"height\":38,\"caption\":\"ErwuesseBildung Asbl\"},\"image\":{\"@id\":\"https:\/\/ewb.lu\/fr\/#\/schema\/logo\/image\/\"},\"sameAs\":[\"https:\/\/www.facebook.com\/ErwuesseBild\/\",\"https:\/\/lu.linkedin.com\/company\/erwuessebildung---formation-dadultes\",\"https:\/\/www.instagram.com\/erwuessebildung_asbl\/\"]}]}<\/script>\n<!-- \/ Yoast SEO plugin. -->","yoast_head_json":{"title":"ASBL Labo - EWB","robots":{"index":"index","follow":"follow","max-snippet":"max-snippet:-1","max-image-preview":"max-image-preview:large","max-video-preview":"max-video-preview:-1"},"canonical":"https:\/\/ewb.lu\/fr\/event\/asbl-labo\/","og_locale":"fr_FR","og_type":"article","og_title":"ASBL Labo - EWB","og_description":"Eng Table Ronde zur Situatioun vun den Asblen zu L\u00ebtzebuerg","og_url":"https:\/\/ewb.lu\/fr\/event\/asbl-labo\/","og_site_name":"EWB","article_publisher":"https:\/\/www.facebook.com\/ErwuesseBild\/","article_modified_time":"2025-12-04T15:30:52+00:00","og_image":[{"width":1798,"height":1172,"url":"https:\/\/ewb.lu\/wp-content\/uploads\/2025\/05\/Bildschirmfoto-2025-05-21-um-11.43.28.jpg","type":"image\/jpeg"}],"twitter_card":"summary_large_image","twitter_misc":{"Dur\u00e9e de lecture estim\u00e9e":"2 minutes"},"schema":{"@context":"https:\/\/schema.org","@graph":[{"@type":"WebPage","@id":"https:\/\/ewb.lu\/fr\/event\/asbl-labo\/","url":"https:\/\/ewb.lu\/fr\/event\/asbl-labo\/","name":"ASBL Labo - EWB","isPartOf":{"@id":"https:\/\/ewb.lu\/fr\/#website"},"primaryImageOfPage":{"@id":"https:\/\/ewb.lu\/fr\/event\/asbl-labo\/#primaryimage"},"image":{"@id":"https:\/\/ewb.lu\/fr\/event\/asbl-labo\/#primaryimage"},"thumbnailUrl":"https:\/\/ewb.lu\/wp-content\/uploads\/2025\/05\/Bildschirmfoto-2025-05-21-um-11.43.28.jpg","datePublished":"2025-05-21T09:40:56+00:00","dateModified":"2025-12-04T15:30:52+00:00","breadcrumb":{"@id":"https:\/\/ewb.lu\/fr\/event\/asbl-labo\/#breadcrumb"},"inLanguage":"fr-FR","potentialAction":[{"@type":"ReadAction","target":["https:\/\/ewb.lu\/fr\/event\/asbl-labo\/"]}]},{"@type":"ImageObject","inLanguage":"fr-FR","@id":"https:\/\/ewb.lu\/fr\/event\/asbl-labo\/#primaryimage","url":"https:\/\/ewb.lu\/wp-content\/uploads\/2025\/05\/Bildschirmfoto-2025-05-21-um-11.43.28.jpg","contentUrl":"https:\/\/ewb.lu\/wp-content\/uploads\/2025\/05\/Bildschirmfoto-2025-05-21-um-11.43.28.jpg","width":1798,"height":1172},{"@type":"BreadcrumbList","@id":"https:\/\/ewb.lu\/fr\/event\/asbl-labo\/#breadcrumb","itemListElement":[{"@type":"ListItem","position":1,"name":"Startseite","item":"https:\/\/ewb.lu\/fr\/"},{"@type":"ListItem","position":2,"name":"ASBL Labo"}]},{"@type":"WebSite","@id":"https:\/\/ewb.lu\/fr\/#website","url":"https:\/\/ewb.lu\/fr\/","name":"EwB ErwuesseBildung","description":"ErwuesseBildung","publisher":{"@id":"https:\/\/ewb.lu\/fr\/#organization"},"alternateName":"EWB","potentialAction":[{"@type":"SearchAction","target":{"@type":"EntryPoint","urlTemplate":"https:\/\/ewb.lu\/fr\/?s={search_term_string}"},"query-input":{"@type":"PropertyValueSpecification","valueRequired":true,"valueName":"search_term_string"}}],"inLanguage":"fr-FR"},{"@type":"Organization","@id":"https:\/\/ewb.lu\/fr\/#organization","name":"ErwuesseBildung Asbl","alternateName":"EWB","url":"https:\/\/ewb.lu\/fr\/","logo":{"@type":"ImageObject","inLanguage":"fr-FR","@id":"https:\/\/ewb.lu\/fr\/#\/schema\/logo\/image\/","url":"https:\/\/ewb.lu\/wp-content\/uploads\/2022\/11\/ewb-logo-header.svg","contentUrl":"https:\/\/ewb.lu\/wp-content\/uploads\/2022\/11\/ewb-logo-header.svg","width":301,"height":38,"caption":"ErwuesseBildung Asbl"},"image":{"@id":"https:\/\/ewb.lu\/fr\/#\/schema\/logo\/image\/"},"sameAs":["https:\/\/www.facebook.com\/ErwuesseBild\/","https:\/\/lu.linkedin.com\/company\/erwuessebildung---formation-dadultes","https:\/\/www.instagram.com\/erwuessebildung_asbl\/"]}]}},"_links":{"self":[{"href":"https:\/\/ewb.lu\/fr\/wp-json\/wp\/v2\/event\/16294","targetHints":{"allow":["GET"]}}],"collection":[{"href":"https:\/\/ewb.lu\/fr\/wp-json\/wp\/v2\/event"}],"about":[{"href":"https:\/\/ewb.lu\/fr\/wp-json\/wp\/v2\/types\/event"}],"version-history":[{"count":14,"href":"https:\/\/ewb.lu\/fr\/wp-json\/wp\/v2\/event\/16294\/revisions"}],"predecessor-version":[{"id":18609,"href":"https:\/\/ewb.lu\/fr\/wp-json\/wp\/v2\/event\/16294\/revisions\/18609"}],"wp:featuredmedia":[{"embeddable":true,"href":"https:\/\/ewb.lu\/fr\/wp-json\/wp\/v2\/media\/16295"}],"wp:attachment":[{"href":"https:\/\/ewb.lu\/fr\/wp-json\/wp\/v2\/media?parent=16294"}],"wp:term":[{"taxonomy":"program","embeddable":true,"href":"https:\/\/ewb.lu\/fr\/wp-json\/wp\/v2\/program?post=16294"}],"curies":[{"name":"wp","href":"https:\/\/api.w.org\/{rel}","templated":true}]}}