{"id":3981,"date":"2023-05-03T08:48:04","date_gmt":"2023-05-03T07:48:04","guid":{"rendered":"https:\/\/ewb.lu\/event\/vernissage-exposition-seydina-issa-mbaye\/"},"modified":"2023-05-23T12:33:43","modified_gmt":"2023-05-23T11:33:43","slug":"vernissage-exposition-seydina-issa-mbaye","status":"publish","type":"event","link":"https:\/\/ewb.lu\/fr\/evenement\/vernissage-exposition-seydina-issa-mbaye\/","title":{"rendered":"Vernissage \u00ab Art Africain \u2013 le paysage du S\u00e9n\u00e9gal \u00bb"},"content":{"rendered":"<section class=\"wpb-content-wrapper\"><p>[vc_row][vc_column][vc_column_text]L\u2019<strong>artiste Seydina Issa Mbaye<\/strong> pr\u00e9sentera ses \u0153uvres du 10.6. au 10.7. \u00e0 l\u2019ErwuesseBildung. Son art montre des <strong>paysages et personnages africains<\/strong>, parfois abstraits, parfois concrets, mais avant tout : <strong>en pleine couleur et rempli de vie<\/strong> !<\/p>\n<p>Lors du <strong>vernissage (10.6., 18h00)<\/strong>, l\u2019artiste racontera de son pays (S\u00e9n\u00e9gal) et son art. De plus, il nous emm\u00e8ne des snacks et des boissons s\u00e9n\u00e9galiens \u2013 tous les sens se r\u00e9jouiront ![\/vc_column_text][\/vc_column][\/vc_row][vc_row][vc_column][vc_single_image image=\u00a0\u00bb3959&Prime; img_size=\u00a0\u00bbmedium\u00a0\u00bb add_caption=\u00a0\u00bbyes\u00a0\u00bb][\/vc_column][\/vc_row][vc_row][vc_column][vc_column_text]<\/p>\n<p style=\"font-weight: 400;\">Seydina Issa Mbaye est un artiste peintre autodidacte n\u00e9 au S\u00e9n\u00e9gal. Son style de peinture est contemporain avec une tendance \u00e0 l\u2019abstraction. <strong>Des couleurs vives et chaudes se retrouvent dans ses tableaux.<\/strong> Ses \u0153uvres refl\u00e8tent \u00e0 la fois son caract\u00e8re joyeux et r\u00e9fl\u00e9chi.<\/p>\n<p style=\"font-weight: 400;\">D\u00e8s son plus jeune \u00e2ge, Seydina s\u2019est d\u00e9couvert une passion pour le dessin. Dans son art, il exprime son amour pour l\u2019Afrique. Il est particuli\u00e8rement attir\u00e9 par l\u2019oc\u00e9an et l\u2019eau, des \u00e9l\u00e9ments qui reviennent souvent dans ses \u0153uvres. En outre, on retrouve souvent des motifs de tissus africains dans ses tableaux. Ses tableaux ne sont pas seulement une fen\u00eatre sur la vie rurale s\u00e9n\u00e9galaise. C\u2019est aussi une fa\u00e7on pour le peintre lui-m\u00eame de garder le contact avec son pays natal et son v\u00e9cu personnel. <strong>Cette \u00e9nergie de l\u2019Art Africain l\u2019a souvent aid\u00e9 dans des moments de solitude et de tristesse et lui a permis de revivre son pays natal \u00e0 travers les couleurs pendant le voyage.<\/strong><\/p>\n<p style=\"font-weight: 400;\">M\u00eame si Seydina est tr\u00e8s influenc\u00e9 par son pays d&rsquo;origine, il a choisi l\u2019Europe comme lieu de vie. Il a v\u00e9cu 11 ans \u00e0 Rimini en Italie avant de s\u2019installer au Luxembourg. Au d\u00e9part, il ne voulait faire ici qu\u2019une courte pause &#8211; cette pause s\u2019est transform\u00e9e en un s\u00e9jour de six ans. Il envisage volontiers de retourner un jour au S\u00e9n\u00e9gal pour apprendre encore plus de techniques d\u2019artistes locaux.<\/p>\n<p>&nbsp;<\/p>\n<p style=\"font-weight: 400; text-align: center;\"><span style=\"color: #ff9900;\"><strong>Heures d\u2019ouverture\u00a0: Lu-Ve, 13h00-17h00<\/strong><\/span><\/p>\n<p>&nbsp;<\/p>\n<p>[\/vc_column_text][\/vc_column][\/vc_row]<\/p>\n<\/section>","protected":false},"excerpt":{"rendered":"<p>Exposition de l\u2019artiste Seydina Issa Mbaye<\/p>\n","protected":false},"featured_media":3784,"template":"","program":[136,114],"class_list":["post-3981","event","type-event","status-publish","has-post-thumbnail","hentry","program-art-et-vie","program-societe-aujourdhui"],"acf":[],"yoast_head":"<!-- This site is optimized with the Yoast SEO plugin v27.1.1 - https:\/\/yoast.com\/product\/yoast-seo-wordpress\/ -->\n<title>Vernissage \u00ab Art Africain \u2013 le paysage du S\u00e9n\u00e9gal \u00bb - EWB<\/title>\n<meta name=\"robots\" content=\"index, follow, max-snippet:-1, max-image-preview:large, max-video-preview:-1\" \/>\n<link rel=\"canonical\" href=\"https:\/\/ewb.lu\/fr\/evenement\/vernissage-exposition-seydina-issa-mbaye\/\" \/>\n<meta property=\"og:locale\" content=\"fr_FR\" \/>\n<meta property=\"og:type\" content=\"article\" \/>\n<meta property=\"og:title\" content=\"Vernissage \u00ab Art Africain \u2013 le paysage du S\u00e9n\u00e9gal \u00bb - EWB\" \/>\n<meta property=\"og:description\" content=\"Exposition de l\u2019artiste Seydina Issa Mbaye\" \/>\n<meta property=\"og:url\" content=\"https:\/\/ewb.lu\/fr\/evenement\/vernissage-exposition-seydina-issa-mbaye\/\" \/>\n<meta property=\"og:site_name\" content=\"EWB\" \/>\n<meta property=\"article:publisher\" content=\"https:\/\/www.facebook.com\/ErwuesseBild\/\" \/>\n<meta property=\"article:modified_time\" content=\"2023-05-23T11:33:43+00:00\" \/>\n<meta property=\"og:image\" content=\"https:\/\/ewb.lu\/wp-content\/uploads\/2023\/05\/Bildschirmfoto-2023-04-26-um-15.09.21.jpg\" \/>\n\t<meta property=\"og:image:width\" content=\"1200\" \/>\n\t<meta property=\"og:image:height\" content=\"1203\" \/>\n\t<meta property=\"og:image:type\" content=\"image\/jpeg\" \/>\n<meta name=\"twitter:card\" content=\"summary_large_image\" \/>\n<meta name=\"twitter:label1\" content=\"Dur\u00e9e de lecture estim\u00e9e\" \/>\n\t<meta name=\"twitter:data1\" content=\"2 minutes\" \/>\n<script type=\"application\/ld+json\" class=\"yoast-schema-graph\">{\"@context\":\"https:\/\/schema.org\",\"@graph\":[{\"@type\":\"WebPage\",\"@id\":\"https:\/\/ewb.lu\/fr\/evenement\/vernissage-exposition-seydina-issa-mbaye\/\",\"url\":\"https:\/\/ewb.lu\/fr\/evenement\/vernissage-exposition-seydina-issa-mbaye\/\",\"name\":\"Vernissage \u00ab Art Africain \u2013 le paysage du S\u00e9n\u00e9gal \u00bb - EWB\",\"isPartOf\":{\"@id\":\"https:\/\/ewb.lu\/fr\/#website\"},\"primaryImageOfPage\":{\"@id\":\"https:\/\/ewb.lu\/fr\/evenement\/vernissage-exposition-seydina-issa-mbaye\/#primaryimage\"},\"image\":{\"@id\":\"https:\/\/ewb.lu\/fr\/evenement\/vernissage-exposition-seydina-issa-mbaye\/#primaryimage\"},\"thumbnailUrl\":\"https:\/\/ewb.lu\/wp-content\/uploads\/2023\/05\/Bildschirmfoto-2023-04-26-um-15.09.21.jpg\",\"datePublished\":\"2023-05-03T07:48:04+00:00\",\"dateModified\":\"2023-05-23T11:33:43+00:00\",\"breadcrumb\":{\"@id\":\"https:\/\/ewb.lu\/fr\/evenement\/vernissage-exposition-seydina-issa-mbaye\/#breadcrumb\"},\"inLanguage\":\"fr-FR\",\"potentialAction\":[{\"@type\":\"ReadAction\",\"target\":[\"https:\/\/ewb.lu\/fr\/evenement\/vernissage-exposition-seydina-issa-mbaye\/\"]}]},{\"@type\":\"ImageObject\",\"inLanguage\":\"fr-FR\",\"@id\":\"https:\/\/ewb.lu\/fr\/evenement\/vernissage-exposition-seydina-issa-mbaye\/#primaryimage\",\"url\":\"https:\/\/ewb.lu\/wp-content\/uploads\/2023\/05\/Bildschirmfoto-2023-04-26-um-15.09.21.jpg\",\"contentUrl\":\"https:\/\/ewb.lu\/wp-content\/uploads\/2023\/05\/Bildschirmfoto-2023-04-26-um-15.09.21.jpg\",\"width\":1200,\"height\":1203},{\"@type\":\"BreadcrumbList\",\"@id\":\"https:\/\/ewb.lu\/fr\/evenement\/vernissage-exposition-seydina-issa-mbaye\/#breadcrumb\",\"itemListElement\":[{\"@type\":\"ListItem\",\"position\":1,\"name\":\"Startseite\",\"item\":\"https:\/\/ewb.lu\/fr\/\"},{\"@type\":\"ListItem\",\"position\":2,\"name\":\"Vernissage \u00ab Art Africain \u2013 le paysage du S\u00e9n\u00e9gal \u00bb\"}]},{\"@type\":\"WebSite\",\"@id\":\"https:\/\/ewb.lu\/fr\/#website\",\"url\":\"https:\/\/ewb.lu\/fr\/\",\"name\":\"EwB ErwuesseBildung\",\"description\":\"ErwuesseBildung\",\"publisher\":{\"@id\":\"https:\/\/ewb.lu\/fr\/#organization\"},\"alternateName\":\"EWB\",\"potentialAction\":[{\"@type\":\"SearchAction\",\"target\":{\"@type\":\"EntryPoint\",\"urlTemplate\":\"https:\/\/ewb.lu\/fr\/?s={search_term_string}\"},\"query-input\":{\"@type\":\"PropertyValueSpecification\",\"valueRequired\":true,\"valueName\":\"search_term_string\"}}],\"inLanguage\":\"fr-FR\"},{\"@type\":\"Organization\",\"@id\":\"https:\/\/ewb.lu\/fr\/#organization\",\"name\":\"ErwuesseBildung Asbl\",\"alternateName\":\"EWB\",\"url\":\"https:\/\/ewb.lu\/fr\/\",\"logo\":{\"@type\":\"ImageObject\",\"inLanguage\":\"fr-FR\",\"@id\":\"https:\/\/ewb.lu\/fr\/#\/schema\/logo\/image\/\",\"url\":\"https:\/\/ewb.lu\/wp-content\/uploads\/2022\/11\/ewb-logo-header.svg\",\"contentUrl\":\"https:\/\/ewb.lu\/wp-content\/uploads\/2022\/11\/ewb-logo-header.svg\",\"width\":301,\"height\":38,\"caption\":\"ErwuesseBildung Asbl\"},\"image\":{\"@id\":\"https:\/\/ewb.lu\/fr\/#\/schema\/logo\/image\/\"},\"sameAs\":[\"https:\/\/www.facebook.com\/ErwuesseBild\/\",\"https:\/\/lu.linkedin.com\/company\/erwuessebildung---formation-dadultes\",\"https:\/\/www.instagram.com\/erwuessebildung_asbl\/\"]}]}<\/script>\n<!-- \/ Yoast SEO plugin. -->","yoast_head_json":{"title":"Vernissage \u00ab Art Africain \u2013 le paysage du S\u00e9n\u00e9gal \u00bb - EWB","robots":{"index":"index","follow":"follow","max-snippet":"max-snippet:-1","max-image-preview":"max-image-preview:large","max-video-preview":"max-video-preview:-1"},"canonical":"https:\/\/ewb.lu\/fr\/evenement\/vernissage-exposition-seydina-issa-mbaye\/","og_locale":"fr_FR","og_type":"article","og_title":"Vernissage \u00ab Art Africain \u2013 le paysage du S\u00e9n\u00e9gal \u00bb - EWB","og_description":"Exposition de l\u2019artiste Seydina Issa Mbaye","og_url":"https:\/\/ewb.lu\/fr\/evenement\/vernissage-exposition-seydina-issa-mbaye\/","og_site_name":"EWB","article_publisher":"https:\/\/www.facebook.com\/ErwuesseBild\/","article_modified_time":"2023-05-23T11:33:43+00:00","og_image":[{"width":1200,"height":1203,"url":"https:\/\/ewb.lu\/wp-content\/uploads\/2023\/05\/Bildschirmfoto-2023-04-26-um-15.09.21.jpg","type":"image\/jpeg"}],"twitter_card":"summary_large_image","twitter_misc":{"Dur\u00e9e de lecture estim\u00e9e":"2 minutes"},"schema":{"@context":"https:\/\/schema.org","@graph":[{"@type":"WebPage","@id":"https:\/\/ewb.lu\/fr\/evenement\/vernissage-exposition-seydina-issa-mbaye\/","url":"https:\/\/ewb.lu\/fr\/evenement\/vernissage-exposition-seydina-issa-mbaye\/","name":"Vernissage \u00ab Art Africain \u2013 le paysage du S\u00e9n\u00e9gal \u00bb - EWB","isPartOf":{"@id":"https:\/\/ewb.lu\/fr\/#website"},"primaryImageOfPage":{"@id":"https:\/\/ewb.lu\/fr\/evenement\/vernissage-exposition-seydina-issa-mbaye\/#primaryimage"},"image":{"@id":"https:\/\/ewb.lu\/fr\/evenement\/vernissage-exposition-seydina-issa-mbaye\/#primaryimage"},"thumbnailUrl":"https:\/\/ewb.lu\/wp-content\/uploads\/2023\/05\/Bildschirmfoto-2023-04-26-um-15.09.21.jpg","datePublished":"2023-05-03T07:48:04+00:00","dateModified":"2023-05-23T11:33:43+00:00","breadcrumb":{"@id":"https:\/\/ewb.lu\/fr\/evenement\/vernissage-exposition-seydina-issa-mbaye\/#breadcrumb"},"inLanguage":"fr-FR","potentialAction":[{"@type":"ReadAction","target":["https:\/\/ewb.lu\/fr\/evenement\/vernissage-exposition-seydina-issa-mbaye\/"]}]},{"@type":"ImageObject","inLanguage":"fr-FR","@id":"https:\/\/ewb.lu\/fr\/evenement\/vernissage-exposition-seydina-issa-mbaye\/#primaryimage","url":"https:\/\/ewb.lu\/wp-content\/uploads\/2023\/05\/Bildschirmfoto-2023-04-26-um-15.09.21.jpg","contentUrl":"https:\/\/ewb.lu\/wp-content\/uploads\/2023\/05\/Bildschirmfoto-2023-04-26-um-15.09.21.jpg","width":1200,"height":1203},{"@type":"BreadcrumbList","@id":"https:\/\/ewb.lu\/fr\/evenement\/vernissage-exposition-seydina-issa-mbaye\/#breadcrumb","itemListElement":[{"@type":"ListItem","position":1,"name":"Startseite","item":"https:\/\/ewb.lu\/fr\/"},{"@type":"ListItem","position":2,"name":"Vernissage \u00ab Art Africain \u2013 le paysage du S\u00e9n\u00e9gal \u00bb"}]},{"@type":"WebSite","@id":"https:\/\/ewb.lu\/fr\/#website","url":"https:\/\/ewb.lu\/fr\/","name":"EwB ErwuesseBildung","description":"ErwuesseBildung","publisher":{"@id":"https:\/\/ewb.lu\/fr\/#organization"},"alternateName":"EWB","potentialAction":[{"@type":"SearchAction","target":{"@type":"EntryPoint","urlTemplate":"https:\/\/ewb.lu\/fr\/?s={search_term_string}"},"query-input":{"@type":"PropertyValueSpecification","valueRequired":true,"valueName":"search_term_string"}}],"inLanguage":"fr-FR"},{"@type":"Organization","@id":"https:\/\/ewb.lu\/fr\/#organization","name":"ErwuesseBildung Asbl","alternateName":"EWB","url":"https:\/\/ewb.lu\/fr\/","logo":{"@type":"ImageObject","inLanguage":"fr-FR","@id":"https:\/\/ewb.lu\/fr\/#\/schema\/logo\/image\/","url":"https:\/\/ewb.lu\/wp-content\/uploads\/2022\/11\/ewb-logo-header.svg","contentUrl":"https:\/\/ewb.lu\/wp-content\/uploads\/2022\/11\/ewb-logo-header.svg","width":301,"height":38,"caption":"ErwuesseBildung Asbl"},"image":{"@id":"https:\/\/ewb.lu\/fr\/#\/schema\/logo\/image\/"},"sameAs":["https:\/\/www.facebook.com\/ErwuesseBild\/","https:\/\/lu.linkedin.com\/company\/erwuessebildung---formation-dadultes","https:\/\/www.instagram.com\/erwuessebildung_asbl\/"]}]}},"_links":{"self":[{"href":"https:\/\/ewb.lu\/fr\/wp-json\/wp\/v2\/event\/3981","targetHints":{"allow":["GET"]}}],"collection":[{"href":"https:\/\/ewb.lu\/fr\/wp-json\/wp\/v2\/event"}],"about":[{"href":"https:\/\/ewb.lu\/fr\/wp-json\/wp\/v2\/types\/event"}],"version-history":[{"count":6,"href":"https:\/\/ewb.lu\/fr\/wp-json\/wp\/v2\/event\/3981\/revisions"}],"predecessor-version":[{"id":5011,"href":"https:\/\/ewb.lu\/fr\/wp-json\/wp\/v2\/event\/3981\/revisions\/5011"}],"wp:featuredmedia":[{"embeddable":true,"href":"https:\/\/ewb.lu\/fr\/wp-json\/wp\/v2\/media\/3784"}],"wp:attachment":[{"href":"https:\/\/ewb.lu\/fr\/wp-json\/wp\/v2\/media?parent=3981"}],"wp:term":[{"taxonomy":"program","embeddable":true,"href":"https:\/\/ewb.lu\/fr\/wp-json\/wp\/v2\/program?post=3981"}],"curies":[{"name":"wp","href":"https:\/\/api.w.org\/{rel}","templated":true}]}}