{"id":4085,"date":"2023-05-02T11:20:15","date_gmt":"2023-05-02T10:20:15","guid":{"rendered":"https:\/\/ewb.lu\/event\/weekend-vun-den-oppene-kierchen-2023-de-ganze-programm\/"},"modified":"2023-05-04T08:07:09","modified_gmt":"2023-05-04T07:07:09","slug":"weekend-vun-den-oppene-kierchen-2023-de-ganze-programm","status":"publish","type":"event","link":"https:\/\/ewb.lu\/fr\/evenement\/weekend-vun-den-oppene-kierchen-2023-de-ganze-programm\/","title":{"rendered":"Weekend vun den Oppene Kierchen 2023 &#8211; De ganze Programm"},"content":{"rendered":"<section class=\"wpb-content-wrapper\"><p>[vc_row][vc_column][vc_separator][\/vc_column][vc_column][vc_column_text]<\/p>\n<h3><\/h3>\n<h3 style=\"font-weight: 400; text-align: center;\"><strong>Um Weekend vun den oppene Kierchen, den 3. a 4. Juni 2023, erwaarden d&rsquo;Besicher Visite guid\u00e9e\u00ebn, Konferenzen &amp; Concerten, Kanneraktivit\u00e9iten &amp; Fester an 68 oppene Kierchen iwwert ganzt Land.<\/strong><\/h3>\n<p>&nbsp;<\/p>\n<p>&nbsp;<\/p>\n<p style=\"font-weight: 400;\"><em>Coordinatioun: ErwuesseBildung <\/em><em>mat \u00cbnnerst\u00ebtzung vum Service communication et Presse vum \u00c4erzbistum <\/em><em>mat finanzieller \u00cbnnerst\u00ebtzung vum Kulturminist\u00e4r.<\/em><\/p>\n<p>&nbsp;<\/p>\n<h2><\/h2>\n<h2 style=\"text-align: center;\"><strong>P R O G R A M M<\/strong><\/h2>\n<p>&nbsp;<\/p>\n<p style=\"font-weight: 400;\"><strong>Ouverture vum Weekend an der Stad an der M\u00e9chelskierch<\/strong><\/p>\n<p>Samschdeg, den 3. Juni um 18:00 Auer Uergelconcert<\/p>\n<p>mam Maurice Clement zum Thema BACH<\/p>\n<p>mat der \u00cbnnerst\u00ebtzung vun der Stad L\u00ebtzebuerg<\/p>\n<p><strong> <\/strong><\/p>\n<p style=\"font-weight: 400;\"><strong>Aweiung vum E-Bike t&rsquo;Our Looss d&rsquo;Kierch am Duerf an der Gemeng W\u00e4iswampech<\/strong><\/p>\n<p style=\"font-weight: 400;\">Samschdeg, den 3. Juni vu 15 bis 17:30 Auer<\/p>\n<p style=\"font-weight: 400;\">D\u00e9part zu W\u00e4iswampech bei der Kierch um 15 Auer<\/p>\n<p style=\"font-weight: 400;\">Virstellung vun de Kierche vu W\u00e4iswampech, Uren (B) a Beeler, Tour per V\u00eblo oder Mini-Bus, Eierew\u00e4in zu Beeler zum Ofschloss.<br \/>\nUmelle wgl. <a href=\"&#109;&#x61;&#x69;&#108;&#x74;&#x6f;&#58;&#x72;&#x65;&#99;&#x65;&#x70;&#116;&#x69;&#x6f;&#110;&#x40;&#x6e;&#97;&#x74;&#x75;&#114;&#x70;&#x61;&#114;&#x6b;&#x2d;o&#x75;&#x72;&#46;&#x6c;&#x75;\">&#x72;&#x65;&#x63;&#x65;&#112;&#116;&#105;&#111;n&#64;n&#x61;&#x74;&#x75;&#x72;&#x70;&#97;&#114;&#107;-ou&#x72;&#x2e;&#x6c;&#x75;<\/a> oder T: + 352 90 81 881 bis den 30.5.<\/p>\n<p>&nbsp;<\/p>\n<p>&nbsp;<\/p>\n<p style=\"font-weight: 400; text-align: center;\"><strong>Visitt guid\u00e9e\u00ebn:<\/strong><\/p>\n<p style=\"font-weight: 400;\">Biereng: Sonndeg, 15:15<\/p>\n<p style=\"font-weight: 400;\">Duelem\/Garnech: Samschdeg, 15:00 a Sonndeg, 15:00<\/p>\n<p style=\"font-weight: 400;\">F\u00ebschbech\/Miersch: Sonndeg, 15:30*<\/p>\n<p style=\"font-weight: 400;\">Miesdref\/Miersch: Sonndeg, 14:30<\/p>\n<p style=\"font-weight: 400;\">Kathedral an der Stad: Sonndeg t\u00ebschent 14:00 a 17:00 Auer*<\/p>\n<p style=\"font-weight: 400;\">Nidderwampech: Samschdeg a Sonndeg, um 10 an um 14 Auer<\/p>\n<p style=\"font-weight: 400;\">P\u00ebtten: Sonndeg, 13:45<\/p>\n<p style=\"font-weight: 400;\">Recken\/Miersch: Sonndeg, 16:00<\/p>\n<p style=\"font-weight: 400;\">Rued-Sir: Sonndeg, 15:30<\/p>\n<p style=\"font-weight: 400;\">Stolzebuerg: Sonndeg, 16:00*<\/p>\n<p style=\"font-weight: 400;\">Uren (B): Samschdeg, 16:00<\/p>\n<p style=\"font-weight: 400;\">Veianen, Trinitarierkierch: Samschdeg, 16:00*<\/p>\n<p style=\"font-weight: 400;\">W\u00e4iswampech: Samschdeg, 15:00<\/p>\n<p style=\"font-weight: 400;\">W\u00ebntger: Sonndeg, 10:30 an 15:30<\/p>\n<p style=\"font-weight: 400;\"><strong>*thematesch Visite: kleng Detailer, grouss Geschichten<\/strong><\/p>\n<p>&nbsp;<\/p>\n<p style=\"font-weight: 400; text-align: center;\"><strong>Kanneraktivit\u00e9iten<\/strong><\/p>\n<p style=\"font-weight: 400;\">zu Hiefnech: Samschdeg a Sonndeg, Quiz fir Familljen<\/p>\n<p style=\"font-weight: 400;\">zu L\u00ebtzebuerg-Gaasperich, \u00e9glise n\u00e9o-apostolique: Samschdeg, 10:00-15:00, Fest fir Kanner<\/p>\n<p>&nbsp;<\/p>\n<p style=\"font-weight: 400; text-align: center;\"><strong>Feierlech Opnam an de Reseau vun den oppene Kierchen<\/strong><\/p>\n<p style=\"font-weight: 400;\"><strong>zu Rued-Sir<\/strong>: Sonndeg, de 4. Juni vun 15:30-18:00 Auer<\/p>\n<p style=\"font-weight: 400;\">15:30 Konferenz an der aler Kierch<\/p>\n<p style=\"font-weight: 400;\">16:30 Virstellung vun der neier Kierch mat Concert an Eierew\u00e4in zum Ofschloss<\/p>\n<p>&nbsp;<\/p>\n<p style=\"font-weight: 400; text-align: center;\"><strong>Feierlech Opnam an de Reseau vun den oppene Kierchen<\/strong><\/p>\n<p style=\"font-weight: 400;\"><strong>an der Gemeng Miersch<\/strong>: Sonndeg, de 4. Juni<\/p>\n<p style=\"font-weight: 400;\">jeweils Virstellung vun der Kierch<\/p>\n<p style=\"font-weight: 400;\">13:45 P\u00ebtten<\/p>\n<p style=\"font-weight: 400;\">14:30 Miesdref<\/p>\n<p style=\"font-weight: 400;\">15:15 Biereng<\/p>\n<p style=\"font-weight: 400;\">16:00 Recken<\/p>\n<p style=\"font-weight: 400;\">17:00 Miersch, mat Concert dono<\/p>\n<p>&nbsp;<\/p>\n<p style=\"font-weight: 400; text-align: center;\"><strong>Fest<\/strong> <strong>zu W\u00ebntger<\/strong><\/p>\n<p style=\"font-weight: 400;\">Grillfest mat Visitt guid\u00e9e\u00ebn (10:30&amp;15:30)<\/p>\n<p style=\"font-weight: 400;\"> a Concert (11:30&amp;14:30)<\/p>\n<p style=\"font-weight: 400;\"> umelle wgl. fir de Barbecue: T: +352 691 94 90 77 no 18:00 Auer!<\/p>\n<p>&nbsp;<\/p>\n<p>&nbsp;<\/p>\n<p style=\"font-weight: 400; text-align: center;\"><strong>Fest<\/strong> <strong>zu D\u00e9iferdeng, Esch-Uelzecht a Gaasperech<\/strong><\/p>\n<p style=\"font-weight: 400;\"> an den \u00e9glises n\u00e9o-apostoliques, Sonndeg 12:00-16:00<\/p>\n<p>&nbsp;<\/p>\n<p>&nbsp;<\/p>\n<p style=\"font-weight: 400; text-align: center;\"><strong>CONCERTEN<\/strong><\/p>\n<p style=\"font-weight: 400;\">Samschdeg, den 3. Juni<\/p>\n<p style=\"font-weight: 400;\">Kathedral an der Stad, vun 11 bis 11:30: Audition d&rsquo;orgue<\/p>\n<p style=\"font-weight: 400;\">an der M\u00e9chelskierch an der Stad, um 18:00 mam Organist Maurice Clement, BACH<\/p>\n<p style=\"font-weight: 400;\">Sonndeg, de 4. Juni<\/p>\n<p style=\"font-weight: 400;\">Bollenduerf-Br\u00e9ck, um 16 Auer, mam Kannerchouer Sauerquakerten<\/p>\n<p style=\"font-weight: 400;\">Duelem\/Garnech, um 10:45, Concert chorale<\/p>\n<p style=\"font-weight: 400;\">F\u00ebschbech\/Miersch, um 14:30, Uergelconcert mam Robert Depta<\/p>\n<p style=\"font-weight: 400;\">Bouneweg, um 15:30 Uergelconcert mat jonken Organisten<\/p>\n<p style=\"font-weight: 400;\">Miersch, um 17:00, Uergelconcert mam Lucien Steffen<\/p>\n<p style=\"font-weight: 400;\">Monnerech, um 16:00, Audition d&rsquo;orgue vum Escher Conservatoire<\/p>\n<p style=\"font-weight: 400;\">Recken\/Mess, um 15 Auer, Uergelconcert mam Daniel Lang<\/p>\n<p style=\"font-weight: 400;\">Rued-Sir, um 16:45, mat der Chorale Sainte C\u00e9cile an Uergel<\/p>\n<p style=\"font-weight: 400;\">W\u00ebntger, um 11:30 an um 14:30 mat TwoVoisis<\/p>\n<h2><\/h2>\n<h2 style=\"font-weight: 400; text-align: center;\"><strong>L\u00ebscht vun de Kierchen:<\/strong><\/h2>\n<p style=\"font-weight: 400;\"><strong>Kierchen, d\u00e9i just Sonndes, 4.6., op sinn:<\/strong><\/p>\n<p style=\"font-weight: 400;\">D\u00e9iferdeng; F\u00ebschbech\/Miersch;<\/p>\n<p style=\"font-weight: 400;\">L\u00ebtzebuerg-Bouneweg;<\/p>\n<p style=\"font-weight: 400;\">W\u00ebntger.<\/p>\n<p style=\"font-weight: 400;\">neo-apostolesch Kierchen zu Wolz an Esch-Uelzecht.<\/p>\n<p style=\"font-weight: 400;\"><strong>Kierchen, d\u00e9i de ganze Weekend op sinn:<\/strong><\/p>\n<p style=\"font-weight: 400;\">Basbellain, Kierchen*;<\/p>\n<p style=\"font-weight: 400;\">Beiler, Beler*;<\/p>\n<p style=\"font-weight: 400;\">Beringen, Biereng*;<\/p>\n<p style=\"font-weight: 400;\">Binsfeld, B\u00ebnzelt*;<\/p>\n<p style=\"font-weight: 400;\">Biwisch*;<\/p>\n<p style=\"font-weight: 400;\">Bollendorf-Pont, Bollendref Br\u00e9ck;<\/p>\n<p style=\"font-weight: 400;\">Breidfeld, Bredelt*;<\/p>\n<p style=\"font-weight: 400;\">Buschrodt, B\u00ebschrued;<\/p>\n<p style=\"font-weight: 400;\">Clervaux, Klierf*;<\/p>\n<p style=\"font-weight: 400;\">Dahlem, Duelem\/Garnech;<\/p>\n<p style=\"font-weight: 400;\">Drinklange, Dr\u00e9nkelt*;<\/p>\n<p style=\"font-weight: 400;\">Echternach, Iechternach, Basilika*;<\/p>\n<p style=\"font-weight: 400;\">Echternach, Iechternach, Muttergotteskapell*;<\/p>\n<p style=\"font-weight: 400;\">Echternach, Iechternach, Saints Pierre et Paul*;<\/p>\n<p style=\"font-weight: 400;\">Esch-sur-Alzette, Esch-Uelzecht, Saint Joseph*;<\/p>\n<p style=\"font-weight: 400;\">Goedange, G\u00e9idgen*;<\/p>\n<p style=\"font-weight: 400;\">Grevels, Gr\u00e9iwels;<\/p>\n<p style=\"font-weight: 400;\">Grevenmacher, Gr\u00e9iwemaacher*;<\/p>\n<p style=\"font-weight: 400;\">Hautbellain, Beesslek*;<\/p>\n<p style=\"font-weight: 400;\">Heispelt, Heeschpelt;<\/p>\n<p style=\"font-weight: 400;\">Heffingen, Hiefnech;<\/p>\n<p style=\"font-weight: 400;\">Holler*;<\/p>\n<p style=\"font-weight: 400;\">Hosingen, Housen*;<\/p>\n<p style=\"font-weight: 400;\">Huldange, Huldang*;<\/p>\n<p style=\"font-weight: 400;\">Insenborn, \u00cbnsber*;<\/p>\n<p style=\"font-weight: 400;\">Junglinster, Jongl\u00ebnster*;<\/p>\n<p style=\"font-weight: 400;\">Kuborn, K\u00e9iber;<\/p>\n<p style=\"font-weight: 400;\">Leithum, Letem;<\/p>\n<p style=\"font-weight: 400;\">Lieler, L\u00e9iler*;<\/p>\n<p style=\"font-weight: 400;\">Luxembourg-Centre, Kathedral*;<\/p>\n<p style=\"font-weight: 400;\">Luxembourg-Centre, M\u00e9chelskierch*;<\/p>\n<p style=\"font-weight: 400;\">Luxembourg-Gasperich, Gaasperech, neoapostolesch Kierch;<\/p>\n<p style=\"font-weight: 400;\">Luxembourg-Glacis, Glaciskapell;<\/p>\n<p style=\"font-weight: 400;\">Mersch, Miersch*;<\/p>\n<p style=\"font-weight: 400;\">Moesdorf, Miesdref*;<\/p>\n<p style=\"font-weight: 400;\">Mondercange, Monnerech;<\/p>\n<p style=\"font-weight: 400;\">Munshausen, Munzen*;<\/p>\n<p style=\"font-weight: 400;\">Nagem, Noojhem;<\/p>\n<p style=\"font-weight: 400;\">Niederwampach, Nidderwampech;<\/p>\n<p style=\"font-weight: 400;\">Oberwampach, Uewerwampech;<\/p>\n<p style=\"font-weight: 400;\">Ospern, Osper;<\/p>\n<p style=\"font-weight: 400;\">Perl\u00e9, P\u00e4rel;<\/p>\n<p style=\"font-weight: 400;\">Pettingen, P\u00ebtten*;<\/p>\n<p style=\"font-weight: 400;\">Pontpierre, Steebr\u00e9cken;<\/p>\n<p style=\"font-weight: 400;\">Reckange-sur-Mess, Reckeng op der Mess;<\/p>\n<p style=\"font-weight: 400;\">Reckange, Recken\/Miersch*;<\/p>\n<p style=\"font-weight: 400;\">R\u00e9dange, R\u00e9iden op der Atert;<\/p>\n<p style=\"font-weight: 400;\">Rindschleiden, Randscheld*;<\/p>\n<p style=\"font-weight: 400;\">Roodt-Syre, Rued-Sir*;<\/p>\n<p style=\"font-weight: 400;\">Schifflange\/Sch\u00ebffleng;<\/p>\n<p style=\"font-weight: 400;\">Septfontaines, Simmer*;<\/p>\n<p style=\"font-weight: 400;\">Sprinkange, Spr\u00e9nkeng;<\/p>\n<p style=\"font-weight: 400;\">Stolzembourg, Stolzebuerg*;<\/p>\n<p style=\"font-weight: 400;\">Troine, Tratten;<\/p>\n<p style=\"font-weight: 400;\">Troisvierges, \u00cblwen*;<\/p>\n<p style=\"font-weight: 400;\">Troisvierges, \u00cblwen, Urener Kapell*;<\/p>\n<p style=\"font-weight: 400;\">Vianden, Veianen, Trinitarierkierch*;<\/p>\n<p style=\"font-weight: 400;\">Wahl, Wal*;<\/p>\n<p style=\"font-weight: 400;\">Wahlhausen, Wuel\u00ebssen;<\/p>\n<p style=\"font-weight: 400;\">Weiswampach, W\u00e4iswampech*;<\/p>\n<p style=\"font-weight: 400;\">Wilwerdange, Wilwerdang;<\/p>\n<p style=\"font-weight: 400;\">Wincrange, W\u00ebntger;<\/p>\n<p style=\"font-weight: 400;\">Ouren (B-Burg Reuland).<\/p>\n<p style=\"font-weight: 400;\">*D\u00ebs Kierche sinn am Reseau vun den oppene Kierchen an dofir dat ganzt Joer zu festen Z\u00e4iten op. (<a href=\"http:\/\/www.oppekierchen.lu\/\">www.oppekierchen.lu<\/a>)<\/p>\n<p>[\/vc_column_text][\/vc_column][\/vc_row][vc_row][vc_column][\/vc_column][\/vc_row]<\/p>\n<\/section>","protected":false},"excerpt":{"rendered":"<p>3 &amp; 4. Juni 2023<\/p>\n","protected":false},"featured_media":4365,"template":"","program":[134,130],"class_list":["post-4085","event","type-event","status-publish","has-post-thumbnail","hentry","program-eglises-ouvertes","program-patrimoine-religieux-culturel"],"acf":[],"yoast_head":"<!-- This site is optimized with the Yoast SEO plugin v27.1.1 - https:\/\/yoast.com\/product\/yoast-seo-wordpress\/ -->\n<title>Weekend vun den Oppene Kierchen 2023 - De ganze Programm - EWB<\/title>\n<meta name=\"robots\" content=\"index, follow, max-snippet:-1, max-image-preview:large, max-video-preview:-1\" \/>\n<link rel=\"canonical\" href=\"https:\/\/ewb.lu\/fr\/evenement\/weekend-vun-den-oppene-kierchen-2023-de-ganze-programm\/\" \/>\n<meta property=\"og:locale\" content=\"fr_FR\" \/>\n<meta property=\"og:type\" content=\"article\" \/>\n<meta property=\"og:title\" content=\"Weekend vun den Oppene Kierchen 2023 - De ganze Programm - EWB\" \/>\n<meta property=\"og:description\" content=\"3 &amp; 4. Juni 2023\" \/>\n<meta property=\"og:url\" content=\"https:\/\/ewb.lu\/fr\/evenement\/weekend-vun-den-oppene-kierchen-2023-de-ganze-programm\/\" \/>\n<meta property=\"og:site_name\" content=\"EWB\" \/>\n<meta property=\"article:publisher\" content=\"https:\/\/www.facebook.com\/ErwuesseBild\/\" \/>\n<meta property=\"article:modified_time\" content=\"2023-05-04T07:07:09+00:00\" \/>\n<meta property=\"og:image\" content=\"https:\/\/ewb.lu\/wp-content\/uploads\/2023\/05\/Design-ohne-Titel-scaled.jpg\" \/>\n\t<meta property=\"og:image:width\" content=\"2560\" \/>\n\t<meta property=\"og:image:height\" content=\"1442\" \/>\n\t<meta property=\"og:image:type\" content=\"image\/jpeg\" \/>\n<meta name=\"twitter:card\" content=\"summary_large_image\" \/>\n<meta name=\"twitter:label1\" content=\"Dur\u00e9e de lecture estim\u00e9e\" \/>\n\t<meta name=\"twitter:data1\" content=\"3 minutes\" \/>\n<script type=\"application\/ld+json\" class=\"yoast-schema-graph\">{\"@context\":\"https:\/\/schema.org\",\"@graph\":[{\"@type\":\"WebPage\",\"@id\":\"https:\/\/ewb.lu\/fr\/evenement\/weekend-vun-den-oppene-kierchen-2023-de-ganze-programm\/\",\"url\":\"https:\/\/ewb.lu\/fr\/evenement\/weekend-vun-den-oppene-kierchen-2023-de-ganze-programm\/\",\"name\":\"Weekend vun den Oppene Kierchen 2023 - De ganze Programm - EWB\",\"isPartOf\":{\"@id\":\"https:\/\/ewb.lu\/fr\/#website\"},\"primaryImageOfPage\":{\"@id\":\"https:\/\/ewb.lu\/fr\/evenement\/weekend-vun-den-oppene-kierchen-2023-de-ganze-programm\/#primaryimage\"},\"image\":{\"@id\":\"https:\/\/ewb.lu\/fr\/evenement\/weekend-vun-den-oppene-kierchen-2023-de-ganze-programm\/#primaryimage\"},\"thumbnailUrl\":\"https:\/\/ewb.lu\/wp-content\/uploads\/2023\/05\/WOK-23-Banner-Foto3.jpeg\",\"datePublished\":\"2023-05-02T10:20:15+00:00\",\"dateModified\":\"2023-05-04T07:07:09+00:00\",\"breadcrumb\":{\"@id\":\"https:\/\/ewb.lu\/fr\/evenement\/weekend-vun-den-oppene-kierchen-2023-de-ganze-programm\/#breadcrumb\"},\"inLanguage\":\"fr-FR\",\"potentialAction\":[{\"@type\":\"ReadAction\",\"target\":[\"https:\/\/ewb.lu\/fr\/evenement\/weekend-vun-den-oppene-kierchen-2023-de-ganze-programm\/\"]}]},{\"@type\":\"ImageObject\",\"inLanguage\":\"fr-FR\",\"@id\":\"https:\/\/ewb.lu\/fr\/evenement\/weekend-vun-den-oppene-kierchen-2023-de-ganze-programm\/#primaryimage\",\"url\":\"https:\/\/ewb.lu\/wp-content\/uploads\/2023\/05\/WOK-23-Banner-Foto3.jpeg\",\"contentUrl\":\"https:\/\/ewb.lu\/wp-content\/uploads\/2023\/05\/WOK-23-Banner-Foto3.jpeg\",\"width\":522,\"height\":382},{\"@type\":\"BreadcrumbList\",\"@id\":\"https:\/\/ewb.lu\/fr\/evenement\/weekend-vun-den-oppene-kierchen-2023-de-ganze-programm\/#breadcrumb\",\"itemListElement\":[{\"@type\":\"ListItem\",\"position\":1,\"name\":\"Startseite\",\"item\":\"https:\/\/ewb.lu\/fr\/\"},{\"@type\":\"ListItem\",\"position\":2,\"name\":\"Weekend vun den Oppene Kierchen 2023 &#8211; De ganze Programm\"}]},{\"@type\":\"WebSite\",\"@id\":\"https:\/\/ewb.lu\/fr\/#website\",\"url\":\"https:\/\/ewb.lu\/fr\/\",\"name\":\"EwB ErwuesseBildung\",\"description\":\"ErwuesseBildung\",\"publisher\":{\"@id\":\"https:\/\/ewb.lu\/fr\/#organization\"},\"alternateName\":\"EWB\",\"potentialAction\":[{\"@type\":\"SearchAction\",\"target\":{\"@type\":\"EntryPoint\",\"urlTemplate\":\"https:\/\/ewb.lu\/fr\/?s={search_term_string}\"},\"query-input\":{\"@type\":\"PropertyValueSpecification\",\"valueRequired\":true,\"valueName\":\"search_term_string\"}}],\"inLanguage\":\"fr-FR\"},{\"@type\":\"Organization\",\"@id\":\"https:\/\/ewb.lu\/fr\/#organization\",\"name\":\"ErwuesseBildung Asbl\",\"alternateName\":\"EWB\",\"url\":\"https:\/\/ewb.lu\/fr\/\",\"logo\":{\"@type\":\"ImageObject\",\"inLanguage\":\"fr-FR\",\"@id\":\"https:\/\/ewb.lu\/fr\/#\/schema\/logo\/image\/\",\"url\":\"https:\/\/ewb.lu\/wp-content\/uploads\/2022\/11\/ewb-logo-header.svg\",\"contentUrl\":\"https:\/\/ewb.lu\/wp-content\/uploads\/2022\/11\/ewb-logo-header.svg\",\"width\":301,\"height\":38,\"caption\":\"ErwuesseBildung Asbl\"},\"image\":{\"@id\":\"https:\/\/ewb.lu\/fr\/#\/schema\/logo\/image\/\"},\"sameAs\":[\"https:\/\/www.facebook.com\/ErwuesseBild\/\",\"https:\/\/lu.linkedin.com\/company\/erwuessebildung---formation-dadultes\",\"https:\/\/www.instagram.com\/erwuessebildung_asbl\/\"]}]}<\/script>\n<!-- \/ Yoast SEO plugin. -->","yoast_head_json":{"title":"Weekend vun den Oppene Kierchen 2023 - De ganze Programm - EWB","robots":{"index":"index","follow":"follow","max-snippet":"max-snippet:-1","max-image-preview":"max-image-preview:large","max-video-preview":"max-video-preview:-1"},"canonical":"https:\/\/ewb.lu\/fr\/evenement\/weekend-vun-den-oppene-kierchen-2023-de-ganze-programm\/","og_locale":"fr_FR","og_type":"article","og_title":"Weekend vun den Oppene Kierchen 2023 - De ganze Programm - EWB","og_description":"3 &amp; 4. Juni 2023","og_url":"https:\/\/ewb.lu\/fr\/evenement\/weekend-vun-den-oppene-kierchen-2023-de-ganze-programm\/","og_site_name":"EWB","article_publisher":"https:\/\/www.facebook.com\/ErwuesseBild\/","article_modified_time":"2023-05-04T07:07:09+00:00","og_image":[{"width":2560,"height":1442,"url":"https:\/\/ewb.lu\/wp-content\/uploads\/2023\/05\/Design-ohne-Titel-scaled.jpg","type":"image\/jpeg"}],"twitter_card":"summary_large_image","twitter_misc":{"Dur\u00e9e de lecture estim\u00e9e":"3 minutes"},"schema":{"@context":"https:\/\/schema.org","@graph":[{"@type":"WebPage","@id":"https:\/\/ewb.lu\/fr\/evenement\/weekend-vun-den-oppene-kierchen-2023-de-ganze-programm\/","url":"https:\/\/ewb.lu\/fr\/evenement\/weekend-vun-den-oppene-kierchen-2023-de-ganze-programm\/","name":"Weekend vun den Oppene Kierchen 2023 - De ganze Programm - EWB","isPartOf":{"@id":"https:\/\/ewb.lu\/fr\/#website"},"primaryImageOfPage":{"@id":"https:\/\/ewb.lu\/fr\/evenement\/weekend-vun-den-oppene-kierchen-2023-de-ganze-programm\/#primaryimage"},"image":{"@id":"https:\/\/ewb.lu\/fr\/evenement\/weekend-vun-den-oppene-kierchen-2023-de-ganze-programm\/#primaryimage"},"thumbnailUrl":"https:\/\/ewb.lu\/wp-content\/uploads\/2023\/05\/WOK-23-Banner-Foto3.jpeg","datePublished":"2023-05-02T10:20:15+00:00","dateModified":"2023-05-04T07:07:09+00:00","breadcrumb":{"@id":"https:\/\/ewb.lu\/fr\/evenement\/weekend-vun-den-oppene-kierchen-2023-de-ganze-programm\/#breadcrumb"},"inLanguage":"fr-FR","potentialAction":[{"@type":"ReadAction","target":["https:\/\/ewb.lu\/fr\/evenement\/weekend-vun-den-oppene-kierchen-2023-de-ganze-programm\/"]}]},{"@type":"ImageObject","inLanguage":"fr-FR","@id":"https:\/\/ewb.lu\/fr\/evenement\/weekend-vun-den-oppene-kierchen-2023-de-ganze-programm\/#primaryimage","url":"https:\/\/ewb.lu\/wp-content\/uploads\/2023\/05\/WOK-23-Banner-Foto3.jpeg","contentUrl":"https:\/\/ewb.lu\/wp-content\/uploads\/2023\/05\/WOK-23-Banner-Foto3.jpeg","width":522,"height":382},{"@type":"BreadcrumbList","@id":"https:\/\/ewb.lu\/fr\/evenement\/weekend-vun-den-oppene-kierchen-2023-de-ganze-programm\/#breadcrumb","itemListElement":[{"@type":"ListItem","position":1,"name":"Startseite","item":"https:\/\/ewb.lu\/fr\/"},{"@type":"ListItem","position":2,"name":"Weekend vun den Oppene Kierchen 2023 &#8211; De ganze Programm"}]},{"@type":"WebSite","@id":"https:\/\/ewb.lu\/fr\/#website","url":"https:\/\/ewb.lu\/fr\/","name":"EwB ErwuesseBildung","description":"ErwuesseBildung","publisher":{"@id":"https:\/\/ewb.lu\/fr\/#organization"},"alternateName":"EWB","potentialAction":[{"@type":"SearchAction","target":{"@type":"EntryPoint","urlTemplate":"https:\/\/ewb.lu\/fr\/?s={search_term_string}"},"query-input":{"@type":"PropertyValueSpecification","valueRequired":true,"valueName":"search_term_string"}}],"inLanguage":"fr-FR"},{"@type":"Organization","@id":"https:\/\/ewb.lu\/fr\/#organization","name":"ErwuesseBildung Asbl","alternateName":"EWB","url":"https:\/\/ewb.lu\/fr\/","logo":{"@type":"ImageObject","inLanguage":"fr-FR","@id":"https:\/\/ewb.lu\/fr\/#\/schema\/logo\/image\/","url":"https:\/\/ewb.lu\/wp-content\/uploads\/2022\/11\/ewb-logo-header.svg","contentUrl":"https:\/\/ewb.lu\/wp-content\/uploads\/2022\/11\/ewb-logo-header.svg","width":301,"height":38,"caption":"ErwuesseBildung Asbl"},"image":{"@id":"https:\/\/ewb.lu\/fr\/#\/schema\/logo\/image\/"},"sameAs":["https:\/\/www.facebook.com\/ErwuesseBild\/","https:\/\/lu.linkedin.com\/company\/erwuessebildung---formation-dadultes","https:\/\/www.instagram.com\/erwuessebildung_asbl\/"]}]}},"_links":{"self":[{"href":"https:\/\/ewb.lu\/fr\/wp-json\/wp\/v2\/event\/4085","targetHints":{"allow":["GET"]}}],"collection":[{"href":"https:\/\/ewb.lu\/fr\/wp-json\/wp\/v2\/event"}],"about":[{"href":"https:\/\/ewb.lu\/fr\/wp-json\/wp\/v2\/types\/event"}],"version-history":[{"count":9,"href":"https:\/\/ewb.lu\/fr\/wp-json\/wp\/v2\/event\/4085\/revisions"}],"predecessor-version":[{"id":4195,"href":"https:\/\/ewb.lu\/fr\/wp-json\/wp\/v2\/event\/4085\/revisions\/4195"}],"wp:featuredmedia":[{"embeddable":true,"href":"https:\/\/ewb.lu\/fr\/wp-json\/wp\/v2\/media\/4365"}],"wp:attachment":[{"href":"https:\/\/ewb.lu\/fr\/wp-json\/wp\/v2\/media?parent=4085"}],"wp:term":[{"taxonomy":"program","embeddable":true,"href":"https:\/\/ewb.lu\/fr\/wp-json\/wp\/v2\/program?post=4085"}],"curies":[{"name":"wp","href":"https:\/\/api.w.org\/{rel}","templated":true}]}}