{"id":7078,"date":"2023-11-14T09:19:41","date_gmt":"2023-11-14T08:19:41","guid":{"rendered":"https:\/\/ewb.lu\/?post_type=event&#038;p=7078"},"modified":"2024-06-26T14:35:01","modified_gmt":"2024-06-26T13:35:01","slug":"influencer-an-hir-radikal-illusiounen","status":"publish","type":"event","link":"https:\/\/ewb.lu\/fr\/event\/influencer-an-hir-radikal-illusiounen\/","title":{"rendered":"Influencer an hir radikal Illusiounen"},"content":{"rendered":"<section class=\"wpb-content-wrapper\"><p>[vc_row][vc_column][vc_column_text]<\/p>\n<h3 style=\"font-weight: 400;\"><span style=\"color: #f47f57;\">Eng Table Ronde an der Rei \u00ab300 Joer Opkl\u00e4rung \u2013 a wat k\u00ebnnt elo?\u00bb<\/span><\/h3>\n<p style=\"font-weight: 400;\"><strong>Selwer Denken, responsabel fir sech entscheeden, sech net vun engem Dogma ofh\u00e4ngeg maachen, dat waren d\u2019Ziler vun der Opkl\u00e4rungsbewegung, d\u00e9i sech virun 300 Joer konkretis\u00e9iert huet.<\/strong><\/p>\n<p style=\"font-weight: 400;\">Mee net n\u00ebmmen deemools waren d\u00e9i Iddie wichteg, och haut nach sinn se alldeeglech gefuerdert. <strong>D\u2019Phenomener Internet a Sozial Medien hunn d\u2019Verbreede vu Meenungen a pers\u00e9inlechen Usiichten op eng impressionant Man\u00e9ier beschleunegt.<\/strong> Sougenannten <strong>\u00abInfluencer\u00bb, d\u00e9i sech online pr\u00e4sent\u00e9ieren an hir Meenung mat enger Abberzuel u Follower deelen<\/strong>, ginn et \u00ebmmer m\u00e9i a m\u00e9i. Heiansdo sch\u00e9ngt awer do eng Grenz iwwerschratt, n\u00e4mlech wa Contenu reegelrecht \u00abverkaaft\u00bb g\u00ebtt, fir dass sech m\u00e9iglechst vill Leit uschl\u00e9issen. Wat ass, wann awer elo e kommerziellen Zweck dohannert st\u00e9cht, deen net kommuniz\u00e9iert g\u00ebtt? Oder wa ganz extrem Meenunge ganz perfid propag\u00e9iert ginn, fir Leit ze beaflossen, fir se \u00ebnnert sech ze versammelen, fir di \u00abaner Siicht\u00bb ze verd\u00e4iwelen?<\/p>\n<p style=\"font-weight: 400;\"><strong>Ee Katalysator fir Spaltung, fir Verfriemung a virun allem fir d\u2019Instrumentalis\u00e9ierung vun engem Publique, deen de Moment verpasst, dat Gewisent ze hannerfroen.<\/strong> Ass dat wouer? Ass dat realistesch? Wat ass den Zweck vun deem Post? \u2013 st\u00e9cht do vl\u00e4icht een aneren Agenda hannendrun? Dat si Froen, d\u00e9i ustrengen. An awer si mer eis d\u00e9i selwer sch\u00eblleg.<\/p>\n<p style=\"font-weight: 400;\">Den 18. Januar diskut\u00e9iere mer doriwwer: \u00abInfluencer an hir radikal Illusiounen\u00bb, ee Ronnd\u00ebschgespr\u00e9ich organis\u00e9iert a Kooperatioun vun EwB, <em><a href=\"https:\/\/www.forum.lu\">forum<\/a><\/em> a <a href=\"https:\/\/respect.lu\"><em>respect.lu<\/em><\/a>.<\/p>\n<p style=\"font-weight: 400;\"><strong>Um Panel beg\u00e9ine sech: Mira Sorrentino (respect.lu), Charlotte Pull (ZEV), Leslie Schmit (Youtuberin) an Nora Schleich (Programmkoordinatrice EwB).<\/strong><\/p>\n<p>[\/vc_column_text][\/vc_column][\/vc_row][vc_row][vc_column][vc_separator][\/vc_column][\/vc_row][vc_row][vc_column width=\u00a0\u00bb1\/2&Prime;][vc_single_image image=\u00a0\u00bb6938&Prime; img_size=\u00a0\u00bbmedium\u00a0\u00bb onclick=\u00a0\u00bbcustom_link\u00a0\u00bb img_link_target=\u00a0\u00bb_blank\u00a0\u00bb link=\u00a0\u00bbhttps:\/\/www.forum.lu\u00a0\u00bb][\/vc_column][vc_column width=\u00a0\u00bb1\/2&Prime;][vc_single_image image=\u00a0\u00bb7073&Prime; img_size=\u00a0\u00bbmedium\u00a0\u00bb onclick=\u00a0\u00bbcustom_link\u00a0\u00bb img_link_target=\u00a0\u00bb_blank\u00a0\u00bb link=\u00a0\u00bbhttps:\/\/respect.lu\u00a0\u00bb][\/vc_column][\/vc_row][vc_row][vc_column][vc_separator][\/vc_column][\/vc_row]<\/p>\n<\/section>","protected":false},"excerpt":{"rendered":"<p>Eng Table Ronde an der Rei \u00ab300 Joer Opkl\u00e4rung \u2013 a wat k\u00ebnnt elo?\u00bb<\/p>\n","protected":false},"featured_media":7589,"template":"","program":[112,70],"class_list":["post-7078","event","type-event","status-publish","has-post-thumbnail","hentry","program-gesellschaft-heute-2","program-philosophie-soziologie"],"acf":[],"yoast_head":"<!-- This site is optimized with the Yoast SEO plugin v27.1.1 - https:\/\/yoast.com\/product\/yoast-seo-wordpress\/ -->\n<title>Influencer an hir radikal Illusiounen - Eng Table Ronde<\/title>\n<meta name=\"description\" content=\"Sougenannten \u00abInfluencer\u00bb, d\u00e9i sech online pr\u00e4sent\u00e9ieren an hir Meenung mat enger Abberzuel u Follower deelen, ginn et \u00ebmmer m\u00e9i a m\u00e9i.\" \/>\n<meta name=\"robots\" content=\"index, follow, max-snippet:-1, max-image-preview:large, max-video-preview:-1\" \/>\n<link rel=\"canonical\" href=\"https:\/\/ewb.lu\/fr\/event\/influencer-an-hir-radikal-illusiounen\/\" \/>\n<meta property=\"og:locale\" content=\"fr_FR\" \/>\n<meta property=\"og:type\" content=\"article\" \/>\n<meta property=\"og:title\" content=\"Influencer an hir radikal Illusiounen - Eng Table Ronde\" \/>\n<meta property=\"og:description\" content=\"Sougenannten \u00abInfluencer\u00bb, d\u00e9i sech online pr\u00e4sent\u00e9ieren an hir Meenung mat enger Abberzuel u Follower deelen, ginn et \u00ebmmer m\u00e9i a m\u00e9i.\" \/>\n<meta property=\"og:url\" content=\"https:\/\/ewb.lu\/fr\/event\/influencer-an-hir-radikal-illusiounen\/\" \/>\n<meta property=\"og:site_name\" content=\"EWB\" \/>\n<meta property=\"article:publisher\" content=\"https:\/\/www.facebook.com\/ErwuesseBild\/\" \/>\n<meta property=\"article:modified_time\" content=\"2024-06-26T13:35:01+00:00\" \/>\n<meta property=\"og:image\" content=\"https:\/\/ewb.lu\/wp-content\/uploads\/2023\/11\/influencer-scaled.jpg\" \/>\n\t<meta property=\"og:image:width\" content=\"1920\" \/>\n\t<meta property=\"og:image:height\" content=\"2560\" \/>\n\t<meta property=\"og:image:type\" content=\"image\/jpeg\" \/>\n<meta name=\"twitter:card\" content=\"summary_large_image\" \/>\n<meta name=\"twitter:label1\" content=\"Dur\u00e9e de lecture estim\u00e9e\" \/>\n\t<meta name=\"twitter:data1\" content=\"2 minutes\" \/>\n<script type=\"application\/ld+json\" class=\"yoast-schema-graph\">{\"@context\":\"https:\/\/schema.org\",\"@graph\":[{\"@type\":\"WebPage\",\"@id\":\"https:\/\/ewb.lu\/fr\/event\/influencer-an-hir-radikal-illusiounen\/\",\"url\":\"https:\/\/ewb.lu\/fr\/event\/influencer-an-hir-radikal-illusiounen\/\",\"name\":\"Influencer an hir radikal Illusiounen - Eng Table Ronde\",\"isPartOf\":{\"@id\":\"https:\/\/ewb.lu\/fr\/#website\"},\"primaryImageOfPage\":{\"@id\":\"https:\/\/ewb.lu\/fr\/event\/influencer-an-hir-radikal-illusiounen\/#primaryimage\"},\"image\":{\"@id\":\"https:\/\/ewb.lu\/fr\/event\/influencer-an-hir-radikal-illusiounen\/#primaryimage\"},\"thumbnailUrl\":\"https:\/\/ewb.lu\/wp-content\/uploads\/2023\/11\/Insta_Post.jpg\",\"datePublished\":\"2023-11-14T08:19:41+00:00\",\"dateModified\":\"2024-06-26T13:35:01+00:00\",\"description\":\"Sougenannten \u00abInfluencer\u00bb, d\u00e9i sech online pr\u00e4sent\u00e9ieren an hir Meenung mat enger Abberzuel u Follower deelen, ginn et \u00ebmmer m\u00e9i a m\u00e9i.\",\"breadcrumb\":{\"@id\":\"https:\/\/ewb.lu\/fr\/event\/influencer-an-hir-radikal-illusiounen\/#breadcrumb\"},\"inLanguage\":\"fr-FR\",\"potentialAction\":[{\"@type\":\"ReadAction\",\"target\":[\"https:\/\/ewb.lu\/fr\/event\/influencer-an-hir-radikal-illusiounen\/\"]}]},{\"@type\":\"ImageObject\",\"inLanguage\":\"fr-FR\",\"@id\":\"https:\/\/ewb.lu\/fr\/event\/influencer-an-hir-radikal-illusiounen\/#primaryimage\",\"url\":\"https:\/\/ewb.lu\/wp-content\/uploads\/2023\/11\/Insta_Post.jpg\",\"contentUrl\":\"https:\/\/ewb.lu\/wp-content\/uploads\/2023\/11\/Insta_Post.jpg\",\"width\":1080,\"height\":1080},{\"@type\":\"BreadcrumbList\",\"@id\":\"https:\/\/ewb.lu\/fr\/event\/influencer-an-hir-radikal-illusiounen\/#breadcrumb\",\"itemListElement\":[{\"@type\":\"ListItem\",\"position\":1,\"name\":\"Startseite\",\"item\":\"https:\/\/ewb.lu\/fr\/\"},{\"@type\":\"ListItem\",\"position\":2,\"name\":\"Influencer an hir radikal Illusiounen\"}]},{\"@type\":\"WebSite\",\"@id\":\"https:\/\/ewb.lu\/fr\/#website\",\"url\":\"https:\/\/ewb.lu\/fr\/\",\"name\":\"EwB ErwuesseBildung\",\"description\":\"ErwuesseBildung\",\"publisher\":{\"@id\":\"https:\/\/ewb.lu\/fr\/#organization\"},\"alternateName\":\"EWB\",\"potentialAction\":[{\"@type\":\"SearchAction\",\"target\":{\"@type\":\"EntryPoint\",\"urlTemplate\":\"https:\/\/ewb.lu\/fr\/?s={search_term_string}\"},\"query-input\":{\"@type\":\"PropertyValueSpecification\",\"valueRequired\":true,\"valueName\":\"search_term_string\"}}],\"inLanguage\":\"fr-FR\"},{\"@type\":\"Organization\",\"@id\":\"https:\/\/ewb.lu\/fr\/#organization\",\"name\":\"ErwuesseBildung Asbl\",\"alternateName\":\"EWB\",\"url\":\"https:\/\/ewb.lu\/fr\/\",\"logo\":{\"@type\":\"ImageObject\",\"inLanguage\":\"fr-FR\",\"@id\":\"https:\/\/ewb.lu\/fr\/#\/schema\/logo\/image\/\",\"url\":\"https:\/\/ewb.lu\/wp-content\/uploads\/2022\/11\/ewb-logo-header.svg\",\"contentUrl\":\"https:\/\/ewb.lu\/wp-content\/uploads\/2022\/11\/ewb-logo-header.svg\",\"width\":301,\"height\":38,\"caption\":\"ErwuesseBildung Asbl\"},\"image\":{\"@id\":\"https:\/\/ewb.lu\/fr\/#\/schema\/logo\/image\/\"},\"sameAs\":[\"https:\/\/www.facebook.com\/ErwuesseBild\/\",\"https:\/\/lu.linkedin.com\/company\/erwuessebildung---formation-dadultes\",\"https:\/\/www.instagram.com\/erwuessebildung_asbl\/\"]}]}<\/script>\n<!-- \/ Yoast SEO plugin. -->","yoast_head_json":{"title":"Influencer an hir radikal Illusiounen - Eng Table Ronde","description":"Sougenannten \u00abInfluencer\u00bb, d\u00e9i sech online pr\u00e4sent\u00e9ieren an hir Meenung mat enger Abberzuel u Follower deelen, ginn et \u00ebmmer m\u00e9i a m\u00e9i.","robots":{"index":"index","follow":"follow","max-snippet":"max-snippet:-1","max-image-preview":"max-image-preview:large","max-video-preview":"max-video-preview:-1"},"canonical":"https:\/\/ewb.lu\/fr\/event\/influencer-an-hir-radikal-illusiounen\/","og_locale":"fr_FR","og_type":"article","og_title":"Influencer an hir radikal Illusiounen - Eng Table Ronde","og_description":"Sougenannten \u00abInfluencer\u00bb, d\u00e9i sech online pr\u00e4sent\u00e9ieren an hir Meenung mat enger Abberzuel u Follower deelen, ginn et \u00ebmmer m\u00e9i a m\u00e9i.","og_url":"https:\/\/ewb.lu\/fr\/event\/influencer-an-hir-radikal-illusiounen\/","og_site_name":"EWB","article_publisher":"https:\/\/www.facebook.com\/ErwuesseBild\/","article_modified_time":"2024-06-26T13:35:01+00:00","og_image":[{"width":1920,"height":2560,"url":"https:\/\/ewb.lu\/wp-content\/uploads\/2023\/11\/influencer-scaled.jpg","type":"image\/jpeg"}],"twitter_card":"summary_large_image","twitter_misc":{"Dur\u00e9e de lecture estim\u00e9e":"2 minutes"},"schema":{"@context":"https:\/\/schema.org","@graph":[{"@type":"WebPage","@id":"https:\/\/ewb.lu\/fr\/event\/influencer-an-hir-radikal-illusiounen\/","url":"https:\/\/ewb.lu\/fr\/event\/influencer-an-hir-radikal-illusiounen\/","name":"Influencer an hir radikal Illusiounen - Eng Table Ronde","isPartOf":{"@id":"https:\/\/ewb.lu\/fr\/#website"},"primaryImageOfPage":{"@id":"https:\/\/ewb.lu\/fr\/event\/influencer-an-hir-radikal-illusiounen\/#primaryimage"},"image":{"@id":"https:\/\/ewb.lu\/fr\/event\/influencer-an-hir-radikal-illusiounen\/#primaryimage"},"thumbnailUrl":"https:\/\/ewb.lu\/wp-content\/uploads\/2023\/11\/Insta_Post.jpg","datePublished":"2023-11-14T08:19:41+00:00","dateModified":"2024-06-26T13:35:01+00:00","description":"Sougenannten \u00abInfluencer\u00bb, d\u00e9i sech online pr\u00e4sent\u00e9ieren an hir Meenung mat enger Abberzuel u Follower deelen, ginn et \u00ebmmer m\u00e9i a m\u00e9i.","breadcrumb":{"@id":"https:\/\/ewb.lu\/fr\/event\/influencer-an-hir-radikal-illusiounen\/#breadcrumb"},"inLanguage":"fr-FR","potentialAction":[{"@type":"ReadAction","target":["https:\/\/ewb.lu\/fr\/event\/influencer-an-hir-radikal-illusiounen\/"]}]},{"@type":"ImageObject","inLanguage":"fr-FR","@id":"https:\/\/ewb.lu\/fr\/event\/influencer-an-hir-radikal-illusiounen\/#primaryimage","url":"https:\/\/ewb.lu\/wp-content\/uploads\/2023\/11\/Insta_Post.jpg","contentUrl":"https:\/\/ewb.lu\/wp-content\/uploads\/2023\/11\/Insta_Post.jpg","width":1080,"height":1080},{"@type":"BreadcrumbList","@id":"https:\/\/ewb.lu\/fr\/event\/influencer-an-hir-radikal-illusiounen\/#breadcrumb","itemListElement":[{"@type":"ListItem","position":1,"name":"Startseite","item":"https:\/\/ewb.lu\/fr\/"},{"@type":"ListItem","position":2,"name":"Influencer an hir radikal Illusiounen"}]},{"@type":"WebSite","@id":"https:\/\/ewb.lu\/fr\/#website","url":"https:\/\/ewb.lu\/fr\/","name":"EwB ErwuesseBildung","description":"ErwuesseBildung","publisher":{"@id":"https:\/\/ewb.lu\/fr\/#organization"},"alternateName":"EWB","potentialAction":[{"@type":"SearchAction","target":{"@type":"EntryPoint","urlTemplate":"https:\/\/ewb.lu\/fr\/?s={search_term_string}"},"query-input":{"@type":"PropertyValueSpecification","valueRequired":true,"valueName":"search_term_string"}}],"inLanguage":"fr-FR"},{"@type":"Organization","@id":"https:\/\/ewb.lu\/fr\/#organization","name":"ErwuesseBildung Asbl","alternateName":"EWB","url":"https:\/\/ewb.lu\/fr\/","logo":{"@type":"ImageObject","inLanguage":"fr-FR","@id":"https:\/\/ewb.lu\/fr\/#\/schema\/logo\/image\/","url":"https:\/\/ewb.lu\/wp-content\/uploads\/2022\/11\/ewb-logo-header.svg","contentUrl":"https:\/\/ewb.lu\/wp-content\/uploads\/2022\/11\/ewb-logo-header.svg","width":301,"height":38,"caption":"ErwuesseBildung Asbl"},"image":{"@id":"https:\/\/ewb.lu\/fr\/#\/schema\/logo\/image\/"},"sameAs":["https:\/\/www.facebook.com\/ErwuesseBild\/","https:\/\/lu.linkedin.com\/company\/erwuessebildung---formation-dadultes","https:\/\/www.instagram.com\/erwuessebildung_asbl\/"]}]}},"_links":{"self":[{"href":"https:\/\/ewb.lu\/fr\/wp-json\/wp\/v2\/event\/7078","targetHints":{"allow":["GET"]}}],"collection":[{"href":"https:\/\/ewb.lu\/fr\/wp-json\/wp\/v2\/event"}],"about":[{"href":"https:\/\/ewb.lu\/fr\/wp-json\/wp\/v2\/types\/event"}],"version-history":[{"count":11,"href":"https:\/\/ewb.lu\/fr\/wp-json\/wp\/v2\/event\/7078\/revisions"}],"predecessor-version":[{"id":7710,"href":"https:\/\/ewb.lu\/fr\/wp-json\/wp\/v2\/event\/7078\/revisions\/7710"}],"wp:featuredmedia":[{"embeddable":true,"href":"https:\/\/ewb.lu\/fr\/wp-json\/wp\/v2\/media\/7589"}],"wp:attachment":[{"href":"https:\/\/ewb.lu\/fr\/wp-json\/wp\/v2\/media?parent=7078"}],"wp:term":[{"taxonomy":"program","embeddable":true,"href":"https:\/\/ewb.lu\/fr\/wp-json\/wp\/v2\/program?post=7078"}],"curies":[{"name":"wp","href":"https:\/\/api.w.org\/{rel}","templated":true}]}}